{"id":49668,"date":"2020-11-25T12:42:24","date_gmt":"2020-11-25T11:42:24","guid":{"rendered":"https:\/\/www.monaco-tribune.com\/listing\/radek-stepanek\/"},"modified":"2021-01-22T17:20:20","modified_gmt":"2021-01-22T16:20:20","slug":"radek-stepanek","status":"publish","type":"listing","link":"https:\/\/www.monaco-tribune.com\/en\/listing\/radek-stepanek\/","title":{"rendered":"Radek Stepanek"},"content":{"rendered":"\n<p>Radek \u0160t\u011bp\u00e1nek, born November 27, 1978 (age 42) in Karvin\u00e1, is a Czech tennis player, professional from 1996 to 2017.<\/p>\n\n<p>In 2004, he reached the final of the Paris-Bercy Masters. In Grand Slams, he reached the quarter-finals at Wimbledon in 2006. He reached 11th place in the world rankings in 2006. On February 26, 2006, he won the first ATP title of his career by defeating Belgian Christophe Rochus in the final of the Rotterdam Tournament. In July 2007, he defeated the American James Blake in the final of the Los Angeles tournament, winning his second singles title.<\/p>\n\n<p>In November 2008, ranked only 26th in the world, he was invited to the Shanghai Masters to replace Andy Roddick, who had withdrawn after his first match, as the other higher ranked and unqualified players had withdrawn. He was beaten (7-6, 6-4) in his first match by defending champion Roger Federer.<\/p>\n\n<p>In 2012, he won his first Grand Slam title at the Australian Open in doubles with Indian Leander Paes, defeating brothers Bob and Mike Bryan in the final (7-6, 6-2). In 2013, he won his second Grand Slam title in doubles at the US Open, again with Leander Paes.<\/p>\n\n<blockquote class=\"wp-block-quote is-layout-flow wp-block-quote-is-layout-flow\"><p>I think Nick (Kyrgios) has great potential to be the best player in the world.<\/p><\/blockquote>\n\n<p>He won the Davis Cup in 2012 with the Czech Republic, winning the fifth decisive point in the final against Spain, beating Nicol\u00e1s Almagro 6-4, 7-6, 3-6, 6-3. He thus became the first player over 30 years of age to win match point since the Brit James Cecil Parke, who had achieved it on 30 November 1912, 100 years earlier.<\/p>\n\n<p>The following year, he struck victory again and retained the title. Indeed, in the final between the Czech Republic and Serbia, he once again won match point, beating the young Du\u0161an Lajovi\u0107 (6-3, 6-1, 6-1). He thus broke his own record.<\/p>\n\n<p class=\"has-text-align-center\"><strong>Did you know?<\/strong><\/p>\n\n<p>In December 2017, he became coach toNovak Djokovic, notably alongside Andre Agassi, but ended this collaboration in April 2018.<\/p>\n\n<figure class=\"wp-block-gallery aligncenter columns-2 is-cropped wp-block-gallery-1 is-layout-flex wp-block-gallery-is-layout-flex\"><ul class=\"blocks-gallery-grid\"><li class=\"blocks-gallery-item\"><figure><img loading=\"lazy\" decoding=\"async\" width=\"752\" height=\"428\" src=\"https:\/\/www.monaco-tribune.com\/wp-content\/uploads\/2021\/01\/novak-djokovic-and-radek-stepanek-752x428-2.jpg\" alt=\"\" data-id=\"63263\" data-full-url=\"https:\/\/www.monaco-tribune.com\/wp-content\/uploads\/2021\/01\/novak-djokovic-and-radek-stepanek-752x428-2.jpg\" data-link=\"https:\/\/www.monaco-tribune.com\/listing\/radek-stepanek\/novak-djokovic-and-radek-stepanek-752x428-2\/\" class=\"wp-image-63264\" srcset=\"https:\/\/www.monaco-tribune.com\/wp-content\/uploads\/2021\/01\/novak-djokovic-and-radek-stepanek-752x428-2.jpg 752w, https:\/\/www.monaco-tribune.com\/wp-content\/uploads\/2021\/01\/novak-djokovic-and-radek-stepanek-752x428-2-527x300.jpg 527w\" sizes=\"auto, (max-width: 752px) 100vw, 752px\" \/><\/figure><\/li><li class=\"blocks-gallery-item\"><figure><img loading=\"lazy\" decoding=\"async\" width=\"624\" height=\"416\" src=\"https:\/\/www.monaco-tribune.com\/wp-content\/uploads\/2021\/01\/7d857-1.jpg\" alt=\"\" data-id=\"63271\" data-full-url=\"https:\/\/www.monaco-tribune.com\/wp-content\/uploads\/2021\/01\/7d857-1.jpg\" data-link=\"https:\/\/www.monaco-tribune.com\/listing\/radek-stepanek\/7d857-1\/\" class=\"wp-image-63272\" srcset=\"https:\/\/www.monaco-tribune.com\/wp-content\/uploads\/2021\/01\/7d857-1.jpg 624w, https:\/\/www.monaco-tribune.com\/wp-content\/uploads\/2021\/01\/7d857-1-450x300.jpg 450w\" sizes=\"auto, (max-width: 624px) 100vw, 624px\" \/><\/figure><\/li><\/ul><\/figure>","protected":false},"featured_media":47734,"template":"","meta":{"_acf_changed":false},"listing-category":[2127,2131],"class_list":["post-49668","listing","type-listing","status-publish","has-post-thumbnail","hentry","listing-category-celebrities","listing-category-sports-personalities"],"acf":[],"yoast_head":"<!-- This site is optimized with the Yoast SEO Premium plugin v26.8 (Yoast SEO v27.4) - https:\/\/yoast.com\/product\/yoast-seo-premium-wordpress\/ -->\n<title>Radek Stepanek - Monaco Tribune<\/title>\n<meta name=\"robots\" content=\"index, follow, max-snippet:-1, max-image-preview:large, max-video-preview:-1\" \/>\n<link rel=\"canonical\" href=\"https:\/\/www.monaco-tribune.com\/en\/listing\/radek-stepanek\/\" \/>\n<meta property=\"og:locale\" content=\"en_US\" \/>\n<meta property=\"og:type\" content=\"article\" \/>\n<meta property=\"og:title\" content=\"Radek Stepanek\" \/>\n<meta property=\"og:description\" content=\"Radek \u0160t\u011bp\u00e1nek, born November 27, 1978 (age 42) in Karvin\u00e1, is a Czech tennis player, professional from 1996 to 2017. In 2004, he reached the final of the Paris-Bercy Masters. In Grand Slams, he reached the quarter-finals at Wimbledon in [&hellip;]\" \/>\n<meta property=\"og:url\" content=\"https:\/\/www.monaco-tribune.com\/en\/listing\/radek-stepanek\/\" \/>\n<meta property=\"og:site_name\" content=\"Monaco Tribune\" \/>\n<meta property=\"article:publisher\" content=\"https:\/\/www.facebook.com\/MonacoTribune\" \/>\n<meta property=\"article:modified_time\" content=\"2021-01-22T16:20:20+00:00\" \/>\n<meta property=\"og:image\" content=\"https:\/\/www.monaco-tribune.com\/wp-content\/uploads\/2020\/11\/radek-stepanek-min-1.jpg\" \/>\n\t<meta property=\"og:image:width\" content=\"1200\" \/>\n\t<meta property=\"og:image:height\" content=\"675\" \/>\n\t<meta property=\"og:image:type\" content=\"image\/jpeg\" \/>\n<meta name=\"twitter:card\" content=\"summary_large_image\" \/>\n<meta name=\"twitter:site\" content=\"@MonacoTribune\" \/>\n<script type=\"application\/ld+json\" class=\"yoast-schema-graph\">{\"@context\":\"https:\\\/\\\/schema.org\",\"@graph\":[{\"@type\":\"WebPage\",\"@id\":\"https:\\\/\\\/www.monaco-tribune.com\\\/en\\\/listing\\\/radek-stepanek\\\/\",\"url\":\"https:\\\/\\\/www.monaco-tribune.com\\\/en\\\/listing\\\/radek-stepanek\\\/\",\"name\":\"Radek Stepanek - Monaco Tribune\",\"isPartOf\":{\"@id\":\"https:\\\/\\\/www.monaco-tribune.com\\\/en\\\/#website\"},\"primaryImageOfPage\":{\"@id\":\"https:\\\/\\\/www.monaco-tribune.com\\\/en\\\/listing\\\/radek-stepanek\\\/#primaryimage\"},\"image\":{\"@id\":\"https:\\\/\\\/www.monaco-tribune.com\\\/en\\\/listing\\\/radek-stepanek\\\/#primaryimage\"},\"thumbnailUrl\":\"https:\\\/\\\/www.monaco-tribune.com\\\/wp-content\\\/uploads\\\/2020\\\/11\\\/radek-stepanek-min-1.jpg\",\"datePublished\":\"2020-11-25T11:42:24+00:00\",\"dateModified\":\"2021-01-22T16:20:20+00:00\",\"breadcrumb\":{\"@id\":\"https:\\\/\\\/www.monaco-tribune.com\\\/en\\\/listing\\\/radek-stepanek\\\/#breadcrumb\"},\"inLanguage\":\"en-US\",\"potentialAction\":[{\"@type\":\"ReadAction\",\"target\":[\"https:\\\/\\\/www.monaco-tribune.com\\\/en\\\/listing\\\/radek-stepanek\\\/\"]}]},{\"@type\":\"ImageObject\",\"inLanguage\":\"en-US\",\"@id\":\"https:\\\/\\\/www.monaco-tribune.com\\\/en\\\/listing\\\/radek-stepanek\\\/#primaryimage\",\"url\":\"https:\\\/\\\/www.monaco-tribune.com\\\/wp-content\\\/uploads\\\/2020\\\/11\\\/radek-stepanek-min-1.jpg\",\"contentUrl\":\"https:\\\/\\\/www.monaco-tribune.com\\\/wp-content\\\/uploads\\\/2020\\\/11\\\/radek-stepanek-min-1.jpg\",\"width\":1200,\"height\":675,\"caption\":\"Radek \u0160t\u011bp\u00e1nek\"},{\"@type\":\"BreadcrumbList\",\"@id\":\"https:\\\/\\\/www.monaco-tribune.com\\\/en\\\/listing\\\/radek-stepanek\\\/#breadcrumb\",\"itemListElement\":[{\"@type\":\"ListItem\",\"position\":1,\"name\":\"Accueil\",\"item\":\"https:\\\/\\\/www.monaco-tribune.com\\\/en\\\/\"},{\"@type\":\"ListItem\",\"position\":2,\"name\":\"Radek Stepanek\"}]},{\"@type\":\"WebSite\",\"@id\":\"https:\\\/\\\/www.monaco-tribune.com\\\/en\\\/#website\",\"url\":\"https:\\\/\\\/www.monaco-tribune.com\\\/en\\\/\",\"name\":\"Monaco Tribune\",\"description\":\"Monaco : actualit\u00e9s \u00e9conomiques, politiques, culturelles et sportives de Monaco et de la French Riviera.\",\"publisher\":{\"@id\":\"https:\\\/\\\/www.monaco-tribune.com\\\/en\\\/#organization\"},\"potentialAction\":[{\"@type\":\"SearchAction\",\"target\":{\"@type\":\"EntryPoint\",\"urlTemplate\":\"https:\\\/\\\/www.monaco-tribune.com\\\/en\\\/?s={search_term_string}\"},\"query-input\":{\"@type\":\"PropertyValueSpecification\",\"valueRequired\":true,\"valueName\":\"search_term_string\"}}],\"inLanguage\":\"en-US\"},{\"@type\":\"Organization\",\"@id\":\"https:\\\/\\\/www.monaco-tribune.com\\\/en\\\/#organization\",\"name\":\"Monaco Tribune\",\"url\":\"https:\\\/\\\/www.monaco-tribune.com\\\/en\\\/\",\"logo\":{\"@type\":\"ImageObject\",\"inLanguage\":\"en-US\",\"@id\":\"https:\\\/\\\/www.monaco-tribune.com\\\/en\\\/#\\\/schema\\\/logo\\\/image\\\/\",\"url\":\"https:\\\/\\\/www.monaco-tribune.com\\\/wp-content\\\/uploads\\\/2022\\\/11\\\/logo-monaco-tribune.png\",\"contentUrl\":\"https:\\\/\\\/www.monaco-tribune.com\\\/wp-content\\\/uploads\\\/2022\\\/11\\\/logo-monaco-tribune.png\",\"width\":1548,\"height\":600,\"caption\":\"Monaco Tribune\"},\"image\":{\"@id\":\"https:\\\/\\\/www.monaco-tribune.com\\\/en\\\/#\\\/schema\\\/logo\\\/image\\\/\"},\"sameAs\":[\"https:\\\/\\\/www.facebook.com\\\/MonacoTribune\",\"https:\\\/\\\/x.com\\\/MonacoTribune\",\"https:\\\/\\\/www.instagram.com\\\/monacotribune\\\/\",\"https:\\\/\\\/www.linkedin.com\\\/company\\\/monaco-tribune\",\"https:\\\/\\\/www.youtube.com\\\/channel\\\/UCHle1MnG6hw1y4lWKijVbMA\"]}]}<\/script>\n<!-- \/ Yoast SEO Premium plugin. -->","yoast_head_json":{"title":"Radek Stepanek - Monaco Tribune","robots":{"index":"index","follow":"follow","max-snippet":"max-snippet:-1","max-image-preview":"max-image-preview:large","max-video-preview":"max-video-preview:-1"},"canonical":"https:\/\/www.monaco-tribune.com\/en\/listing\/radek-stepanek\/","og_locale":"en_US","og_type":"article","og_title":"Radek Stepanek","og_description":"Radek \u0160t\u011bp\u00e1nek, born November 27, 1978 (age 42) in Karvin\u00e1, is a Czech tennis player, professional from 1996 to 2017. In 2004, he reached the final of the Paris-Bercy Masters. In Grand Slams, he reached the quarter-finals at Wimbledon in [&hellip;]","og_url":"https:\/\/www.monaco-tribune.com\/en\/listing\/radek-stepanek\/","og_site_name":"Monaco Tribune","article_publisher":"https:\/\/www.facebook.com\/MonacoTribune","article_modified_time":"2021-01-22T16:20:20+00:00","og_image":[{"width":1200,"height":675,"url":"https:\/\/www.monaco-tribune.com\/wp-content\/uploads\/2020\/11\/radek-stepanek-min-1.jpg","type":"image\/jpeg"}],"twitter_card":"summary_large_image","twitter_site":"@MonacoTribune","schema":{"@context":"https:\/\/schema.org","@graph":[{"@type":"WebPage","@id":"https:\/\/www.monaco-tribune.com\/en\/listing\/radek-stepanek\/","url":"https:\/\/www.monaco-tribune.com\/en\/listing\/radek-stepanek\/","name":"Radek Stepanek - Monaco Tribune","isPartOf":{"@id":"https:\/\/www.monaco-tribune.com\/en\/#website"},"primaryImageOfPage":{"@id":"https:\/\/www.monaco-tribune.com\/en\/listing\/radek-stepanek\/#primaryimage"},"image":{"@id":"https:\/\/www.monaco-tribune.com\/en\/listing\/radek-stepanek\/#primaryimage"},"thumbnailUrl":"https:\/\/www.monaco-tribune.com\/wp-content\/uploads\/2020\/11\/radek-stepanek-min-1.jpg","datePublished":"2020-11-25T11:42:24+00:00","dateModified":"2021-01-22T16:20:20+00:00","breadcrumb":{"@id":"https:\/\/www.monaco-tribune.com\/en\/listing\/radek-stepanek\/#breadcrumb"},"inLanguage":"en-US","potentialAction":[{"@type":"ReadAction","target":["https:\/\/www.monaco-tribune.com\/en\/listing\/radek-stepanek\/"]}]},{"@type":"ImageObject","inLanguage":"en-US","@id":"https:\/\/www.monaco-tribune.com\/en\/listing\/radek-stepanek\/#primaryimage","url":"https:\/\/www.monaco-tribune.com\/wp-content\/uploads\/2020\/11\/radek-stepanek-min-1.jpg","contentUrl":"https:\/\/www.monaco-tribune.com\/wp-content\/uploads\/2020\/11\/radek-stepanek-min-1.jpg","width":1200,"height":675,"caption":"Radek \u0160t\u011bp\u00e1nek"},{"@type":"BreadcrumbList","@id":"https:\/\/www.monaco-tribune.com\/en\/listing\/radek-stepanek\/#breadcrumb","itemListElement":[{"@type":"ListItem","position":1,"name":"Accueil","item":"https:\/\/www.monaco-tribune.com\/en\/"},{"@type":"ListItem","position":2,"name":"Radek Stepanek"}]},{"@type":"WebSite","@id":"https:\/\/www.monaco-tribune.com\/en\/#website","url":"https:\/\/www.monaco-tribune.com\/en\/","name":"Monaco Tribune","description":"Monaco : actualit\u00e9s \u00e9conomiques, politiques, culturelles et sportives de Monaco et de la French Riviera.","publisher":{"@id":"https:\/\/www.monaco-tribune.com\/en\/#organization"},"potentialAction":[{"@type":"SearchAction","target":{"@type":"EntryPoint","urlTemplate":"https:\/\/www.monaco-tribune.com\/en\/?s={search_term_string}"},"query-input":{"@type":"PropertyValueSpecification","valueRequired":true,"valueName":"search_term_string"}}],"inLanguage":"en-US"},{"@type":"Organization","@id":"https:\/\/www.monaco-tribune.com\/en\/#organization","name":"Monaco Tribune","url":"https:\/\/www.monaco-tribune.com\/en\/","logo":{"@type":"ImageObject","inLanguage":"en-US","@id":"https:\/\/www.monaco-tribune.com\/en\/#\/schema\/logo\/image\/","url":"https:\/\/www.monaco-tribune.com\/wp-content\/uploads\/2022\/11\/logo-monaco-tribune.png","contentUrl":"https:\/\/www.monaco-tribune.com\/wp-content\/uploads\/2022\/11\/logo-monaco-tribune.png","width":1548,"height":600,"caption":"Monaco Tribune"},"image":{"@id":"https:\/\/www.monaco-tribune.com\/en\/#\/schema\/logo\/image\/"},"sameAs":["https:\/\/www.facebook.com\/MonacoTribune","https:\/\/x.com\/MonacoTribune","https:\/\/www.instagram.com\/monacotribune\/","https:\/\/www.linkedin.com\/company\/monaco-tribune","https:\/\/www.youtube.com\/channel\/UCHle1MnG6hw1y4lWKijVbMA"]}]}},"_links":{"self":[{"href":"https:\/\/www.monaco-tribune.com\/en\/wp-json\/wp\/v2\/listing\/49668","targetHints":{"allow":["GET"]}}],"collection":[{"href":"https:\/\/www.monaco-tribune.com\/en\/wp-json\/wp\/v2\/listing"}],"about":[{"href":"https:\/\/www.monaco-tribune.com\/en\/wp-json\/wp\/v2\/types\/listing"}],"wp:featuredmedia":[{"embeddable":true,"href":"https:\/\/www.monaco-tribune.com\/en\/wp-json\/wp\/v2\/media\/47734"}],"wp:attachment":[{"href":"https:\/\/www.monaco-tribune.com\/en\/wp-json\/wp\/v2\/media?parent=49668"}],"wp:term":[{"taxonomy":"listing-category","embeddable":true,"href":"https:\/\/www.monaco-tribune.com\/en\/wp-json\/wp\/v2\/listing-category?post=49668"}],"curies":[{"name":"wp","href":"https:\/\/api.w.org\/{rel}","templated":true}]}}