{"id":49721,"date":"2020-11-25T14:45:07","date_gmt":"2020-11-25T13:45:07","guid":{"rendered":"https:\/\/www.monaco-tribune.com\/listing\/tomas-berdych\/"},"modified":"2021-01-22T12:48:48","modified_gmt":"2021-01-22T11:48:48","slug":"tomas-berdych","status":"publish","type":"listing","link":"https:\/\/www.monaco-tribune.com\/en\/listing\/tomas-berdych\/","title":{"rendered":"Tom\u00e1\u0161 Berdych"},"content":{"rendered":"\n<p>Tom\u00e1\u0161 Berdych was born on 17 September 1985 in Vala\u0161sk\u00e9 Mezi\u0159\u00ed\u010d\u00ed. He is a Czech tennis player, who was a professional between 2002 and 2019. He won thirteen singles titles on the ATP circuit, including the Masters 1000 at Paris-Bercy in 2005. His best performance in a Grand Slam tournament was a final at Wimbledon in 2010, which he lost to Spain&#8217;s Rafael Nadal. He also won the Davis Cup with Radek \u0160t\u011bp\u00e1nek in 2012 and 2013.<\/p>\n\n<blockquote class=\"wp-block-quote is-layout-flow wp-block-quote-is-layout-flow\"><p>My favourite club? It&#8217;s actually the football club AS Monaco, because it&#8217;s there that I spend most of my time between tournaments.\u00a0<\/p><\/blockquote>\n\n<p>Tom\u00e1\u0161 Berdych is considered one of the most promising players of his generation. He is an all-round player who has won tournaments on four different surfaces (carpet, hard, clay, grass). He bases his game on a great power in the baseline with a very flat grip, while maintaining a perfect technique.<\/p>\n\n<p class=\"has-text-align-center\"><strong>Did you know?<\/strong><\/p>\n\n<p>During his career, Tom\u00e1\u0161 Berdych has built a reputation as one of the big bad guys of the ATP circuit. Few words in the changing rooms, minimum service in front of the media and a haughty steel blue stare. His relationship with Rafael Nadal, one of the most friendly players on the circuit, says a lot about Berdych&#8217;s character. In 2006 he beat the Spaniard in Madrid, after having ordered the public to keep quiet. &#8220;You&#8217;re really a bad guy&#8221;, Nadal replied at the end of the match.<\/p>\n\n<figure class=\"wp-block-gallery aligncenter columns-2 is-cropped wp-block-gallery-1 is-layout-flex wp-block-gallery-is-layout-flex\"><ul class=\"blocks-gallery-grid\"><li class=\"blocks-gallery-item\"><figure><img loading=\"lazy\" decoding=\"async\" width=\"1024\" height=\"615\" src=\"https:\/\/www.monaco-tribune.com\/wp-content\/uploads\/2021\/01\/21097012-0-image-a-7_1573932514647-1-1024x615.jpg\" alt=\"\" data-id=\"63464\" data-full-url=\"https:\/\/www.monaco-tribune.com\/wp-content\/uploads\/2021\/01\/21097012-0-image-a-7_1573932514647-1.jpg\" data-link=\"https:\/\/www.monaco-tribune.com\/listing\/tomas-berdych\/21097012-0-image-a-7_1573932514647-1\/\" class=\"wp-image-63465\" srcset=\"https:\/\/www.monaco-tribune.com\/wp-content\/uploads\/2021\/01\/21097012-0-image-a-7_1573932514647-1-1024x615.jpg 1024w, https:\/\/www.monaco-tribune.com\/wp-content\/uploads\/2021\/01\/21097012-0-image-a-7_1573932514647-1-499x300.jpg 499w, https:\/\/www.monaco-tribune.com\/wp-content\/uploads\/2021\/01\/21097012-0-image-a-7_1573932514647-1.jpg 1908w\" sizes=\"auto, (max-width: 1024px) 100vw, 1024px\" \/><\/figure><\/li><li class=\"blocks-gallery-item\"><figure><img loading=\"lazy\" decoding=\"async\" width=\"1024\" height=\"641\" src=\"https:\/\/www.monaco-tribune.com\/wp-content\/uploads\/2021\/01\/tomas-berdych-the-farewell-of-a-magnificent-loser-min-1-1024x641.jpg\" alt=\"\" data-id=\"63472\" data-full-url=\"https:\/\/www.monaco-tribune.com\/wp-content\/uploads\/2021\/01\/tomas-berdych-the-farewell-of-a-magnificent-loser-min-1.jpg\" data-link=\"https:\/\/www.monaco-tribune.com\/listing\/tomas-berdych\/tomas-berdych-the-farewell-of-a-magnificent-loser-min-1\/\" class=\"wp-image-63473\" srcset=\"https:\/\/www.monaco-tribune.com\/wp-content\/uploads\/2021\/01\/tomas-berdych-the-farewell-of-a-magnificent-loser-min-1-1024x641.jpg 1024w, https:\/\/www.monaco-tribune.com\/wp-content\/uploads\/2021\/01\/tomas-berdych-the-farewell-of-a-magnificent-loser-min-1-480x300.jpg 480w, https:\/\/www.monaco-tribune.com\/wp-content\/uploads\/2021\/01\/tomas-berdych-the-farewell-of-a-magnificent-loser-min-1.jpg 1920w\" sizes=\"auto, (max-width: 1024px) 100vw, 1024px\" \/><\/figure><\/li><\/ul><\/figure>","protected":false},"featured_media":47746,"template":"","meta":{"_acf_changed":false},"listing-category":[2127,2131],"class_list":["post-49721","listing","type-listing","status-publish","has-post-thumbnail","hentry","listing-category-celebrities","listing-category-sports-personalities"],"acf":[],"yoast_head":"<!-- This site is optimized with the Yoast SEO Premium plugin v26.8 (Yoast SEO v27.5) - https:\/\/yoast.com\/product\/yoast-seo-premium-wordpress\/ -->\n<title>Tom\u00e1\u0161 Berdych - Monaco Tribune<\/title>\n<meta name=\"robots\" content=\"index, follow, max-snippet:-1, max-image-preview:large, max-video-preview:-1\" \/>\n<link rel=\"canonical\" href=\"https:\/\/www.monaco-tribune.com\/en\/listing\/tomas-berdych\/\" \/>\n<meta property=\"og:locale\" content=\"en_US\" \/>\n<meta property=\"og:type\" content=\"article\" \/>\n<meta property=\"og:title\" content=\"Tom\u00e1\u0161 Berdych\" \/>\n<meta property=\"og:description\" content=\"Tom\u00e1\u0161 Berdych was born on 17 September 1985 in Vala\u0161sk\u00e9 Mezi\u0159\u00ed\u010d\u00ed. He is a Czech tennis player, who was a professional between 2002 and 2019. He won thirteen singles titles on the ATP circuit, including the Masters 1000 at Paris-Bercy [&hellip;]\" \/>\n<meta property=\"og:url\" content=\"https:\/\/www.monaco-tribune.com\/en\/listing\/tomas-berdych\/\" \/>\n<meta property=\"og:site_name\" content=\"Monaco Tribune\" \/>\n<meta property=\"article:publisher\" content=\"https:\/\/www.facebook.com\/MonacoTribune\" \/>\n<meta property=\"article:modified_time\" content=\"2021-01-22T11:48:48+00:00\" \/>\n<meta property=\"og:image\" content=\"https:\/\/www.monaco-tribune.com\/wp-content\/uploads\/2020\/11\/tomas-berdych-min-1.jpg\" \/>\n\t<meta property=\"og:image:width\" content=\"1200\" \/>\n\t<meta property=\"og:image:height\" content=\"800\" \/>\n\t<meta property=\"og:image:type\" content=\"image\/jpeg\" \/>\n<meta name=\"twitter:card\" content=\"summary_large_image\" \/>\n<meta name=\"twitter:site\" content=\"@MonacoTribune\" \/>\n<script type=\"application\/ld+json\" class=\"yoast-schema-graph\">{\"@context\":\"https:\\\/\\\/schema.org\",\"@graph\":[{\"@type\":\"WebPage\",\"@id\":\"https:\\\/\\\/www.monaco-tribune.com\\\/en\\\/listing\\\/tomas-berdych\\\/\",\"url\":\"https:\\\/\\\/www.monaco-tribune.com\\\/en\\\/listing\\\/tomas-berdych\\\/\",\"name\":\"Tom\u00e1\u0161 Berdych - Monaco Tribune\",\"isPartOf\":{\"@id\":\"https:\\\/\\\/www.monaco-tribune.com\\\/en\\\/#website\"},\"primaryImageOfPage\":{\"@id\":\"https:\\\/\\\/www.monaco-tribune.com\\\/en\\\/listing\\\/tomas-berdych\\\/#primaryimage\"},\"image\":{\"@id\":\"https:\\\/\\\/www.monaco-tribune.com\\\/en\\\/listing\\\/tomas-berdych\\\/#primaryimage\"},\"thumbnailUrl\":\"https:\\\/\\\/www.monaco-tribune.com\\\/wp-content\\\/uploads\\\/2020\\\/11\\\/tomas-berdych-min-1.jpg\",\"datePublished\":\"2020-11-25T13:45:07+00:00\",\"dateModified\":\"2021-01-22T11:48:48+00:00\",\"breadcrumb\":{\"@id\":\"https:\\\/\\\/www.monaco-tribune.com\\\/en\\\/listing\\\/tomas-berdych\\\/#breadcrumb\"},\"inLanguage\":\"en-US\",\"potentialAction\":[{\"@type\":\"ReadAction\",\"target\":[\"https:\\\/\\\/www.monaco-tribune.com\\\/en\\\/listing\\\/tomas-berdych\\\/\"]}]},{\"@type\":\"ImageObject\",\"inLanguage\":\"en-US\",\"@id\":\"https:\\\/\\\/www.monaco-tribune.com\\\/en\\\/listing\\\/tomas-berdych\\\/#primaryimage\",\"url\":\"https:\\\/\\\/www.monaco-tribune.com\\\/wp-content\\\/uploads\\\/2020\\\/11\\\/tomas-berdych-min-1.jpg\",\"contentUrl\":\"https:\\\/\\\/www.monaco-tribune.com\\\/wp-content\\\/uploads\\\/2020\\\/11\\\/tomas-berdych-min-1.jpg\",\"width\":1200,\"height\":800,\"caption\":\"Tom\u00e1\u0161 Berdych\"},{\"@type\":\"BreadcrumbList\",\"@id\":\"https:\\\/\\\/www.monaco-tribune.com\\\/en\\\/listing\\\/tomas-berdych\\\/#breadcrumb\",\"itemListElement\":[{\"@type\":\"ListItem\",\"position\":1,\"name\":\"Accueil\",\"item\":\"https:\\\/\\\/www.monaco-tribune.com\\\/en\\\/\"},{\"@type\":\"ListItem\",\"position\":2,\"name\":\"Tom\u00e1\u0161 Berdych\"}]},{\"@type\":\"WebSite\",\"@id\":\"https:\\\/\\\/www.monaco-tribune.com\\\/en\\\/#website\",\"url\":\"https:\\\/\\\/www.monaco-tribune.com\\\/en\\\/\",\"name\":\"Monaco Tribune\",\"description\":\"Monaco : actualit\u00e9s \u00e9conomiques, politiques, culturelles et sportives de Monaco et de la French Riviera.\",\"publisher\":{\"@id\":\"https:\\\/\\\/www.monaco-tribune.com\\\/en\\\/#organization\"},\"potentialAction\":[{\"@type\":\"SearchAction\",\"target\":{\"@type\":\"EntryPoint\",\"urlTemplate\":\"https:\\\/\\\/www.monaco-tribune.com\\\/en\\\/?s={search_term_string}\"},\"query-input\":{\"@type\":\"PropertyValueSpecification\",\"valueRequired\":true,\"valueName\":\"search_term_string\"}}],\"inLanguage\":\"en-US\"},{\"@type\":\"Organization\",\"@id\":\"https:\\\/\\\/www.monaco-tribune.com\\\/en\\\/#organization\",\"name\":\"Monaco Tribune\",\"url\":\"https:\\\/\\\/www.monaco-tribune.com\\\/en\\\/\",\"logo\":{\"@type\":\"ImageObject\",\"inLanguage\":\"en-US\",\"@id\":\"https:\\\/\\\/www.monaco-tribune.com\\\/en\\\/#\\\/schema\\\/logo\\\/image\\\/\",\"url\":\"https:\\\/\\\/www.monaco-tribune.com\\\/wp-content\\\/uploads\\\/2022\\\/11\\\/logo-monaco-tribune.png\",\"contentUrl\":\"https:\\\/\\\/www.monaco-tribune.com\\\/wp-content\\\/uploads\\\/2022\\\/11\\\/logo-monaco-tribune.png\",\"width\":1548,\"height\":600,\"caption\":\"Monaco Tribune\"},\"image\":{\"@id\":\"https:\\\/\\\/www.monaco-tribune.com\\\/en\\\/#\\\/schema\\\/logo\\\/image\\\/\"},\"sameAs\":[\"https:\\\/\\\/www.facebook.com\\\/MonacoTribune\",\"https:\\\/\\\/x.com\\\/MonacoTribune\",\"https:\\\/\\\/www.instagram.com\\\/monacotribune\\\/\",\"https:\\\/\\\/www.linkedin.com\\\/company\\\/monaco-tribune\",\"https:\\\/\\\/www.youtube.com\\\/channel\\\/UCHle1MnG6hw1y4lWKijVbMA\"]}]}<\/script>\n<!-- \/ Yoast SEO Premium plugin. -->","yoast_head_json":{"title":"Tom\u00e1\u0161 Berdych - Monaco Tribune","robots":{"index":"index","follow":"follow","max-snippet":"max-snippet:-1","max-image-preview":"max-image-preview:large","max-video-preview":"max-video-preview:-1"},"canonical":"https:\/\/www.monaco-tribune.com\/en\/listing\/tomas-berdych\/","og_locale":"en_US","og_type":"article","og_title":"Tom\u00e1\u0161 Berdych","og_description":"Tom\u00e1\u0161 Berdych was born on 17 September 1985 in Vala\u0161sk\u00e9 Mezi\u0159\u00ed\u010d\u00ed. He is a Czech tennis player, who was a professional between 2002 and 2019. He won thirteen singles titles on the ATP circuit, including the Masters 1000 at Paris-Bercy [&hellip;]","og_url":"https:\/\/www.monaco-tribune.com\/en\/listing\/tomas-berdych\/","og_site_name":"Monaco Tribune","article_publisher":"https:\/\/www.facebook.com\/MonacoTribune","article_modified_time":"2021-01-22T11:48:48+00:00","og_image":[{"width":1200,"height":800,"url":"https:\/\/www.monaco-tribune.com\/wp-content\/uploads\/2020\/11\/tomas-berdych-min-1.jpg","type":"image\/jpeg"}],"twitter_card":"summary_large_image","twitter_site":"@MonacoTribune","schema":{"@context":"https:\/\/schema.org","@graph":[{"@type":"WebPage","@id":"https:\/\/www.monaco-tribune.com\/en\/listing\/tomas-berdych\/","url":"https:\/\/www.monaco-tribune.com\/en\/listing\/tomas-berdych\/","name":"Tom\u00e1\u0161 Berdych - Monaco Tribune","isPartOf":{"@id":"https:\/\/www.monaco-tribune.com\/en\/#website"},"primaryImageOfPage":{"@id":"https:\/\/www.monaco-tribune.com\/en\/listing\/tomas-berdych\/#primaryimage"},"image":{"@id":"https:\/\/www.monaco-tribune.com\/en\/listing\/tomas-berdych\/#primaryimage"},"thumbnailUrl":"https:\/\/www.monaco-tribune.com\/wp-content\/uploads\/2020\/11\/tomas-berdych-min-1.jpg","datePublished":"2020-11-25T13:45:07+00:00","dateModified":"2021-01-22T11:48:48+00:00","breadcrumb":{"@id":"https:\/\/www.monaco-tribune.com\/en\/listing\/tomas-berdych\/#breadcrumb"},"inLanguage":"en-US","potentialAction":[{"@type":"ReadAction","target":["https:\/\/www.monaco-tribune.com\/en\/listing\/tomas-berdych\/"]}]},{"@type":"ImageObject","inLanguage":"en-US","@id":"https:\/\/www.monaco-tribune.com\/en\/listing\/tomas-berdych\/#primaryimage","url":"https:\/\/www.monaco-tribune.com\/wp-content\/uploads\/2020\/11\/tomas-berdych-min-1.jpg","contentUrl":"https:\/\/www.monaco-tribune.com\/wp-content\/uploads\/2020\/11\/tomas-berdych-min-1.jpg","width":1200,"height":800,"caption":"Tom\u00e1\u0161 Berdych"},{"@type":"BreadcrumbList","@id":"https:\/\/www.monaco-tribune.com\/en\/listing\/tomas-berdych\/#breadcrumb","itemListElement":[{"@type":"ListItem","position":1,"name":"Accueil","item":"https:\/\/www.monaco-tribune.com\/en\/"},{"@type":"ListItem","position":2,"name":"Tom\u00e1\u0161 Berdych"}]},{"@type":"WebSite","@id":"https:\/\/www.monaco-tribune.com\/en\/#website","url":"https:\/\/www.monaco-tribune.com\/en\/","name":"Monaco Tribune","description":"Monaco : actualit\u00e9s \u00e9conomiques, politiques, culturelles et sportives de Monaco et de la French Riviera.","publisher":{"@id":"https:\/\/www.monaco-tribune.com\/en\/#organization"},"potentialAction":[{"@type":"SearchAction","target":{"@type":"EntryPoint","urlTemplate":"https:\/\/www.monaco-tribune.com\/en\/?s={search_term_string}"},"query-input":{"@type":"PropertyValueSpecification","valueRequired":true,"valueName":"search_term_string"}}],"inLanguage":"en-US"},{"@type":"Organization","@id":"https:\/\/www.monaco-tribune.com\/en\/#organization","name":"Monaco Tribune","url":"https:\/\/www.monaco-tribune.com\/en\/","logo":{"@type":"ImageObject","inLanguage":"en-US","@id":"https:\/\/www.monaco-tribune.com\/en\/#\/schema\/logo\/image\/","url":"https:\/\/www.monaco-tribune.com\/wp-content\/uploads\/2022\/11\/logo-monaco-tribune.png","contentUrl":"https:\/\/www.monaco-tribune.com\/wp-content\/uploads\/2022\/11\/logo-monaco-tribune.png","width":1548,"height":600,"caption":"Monaco Tribune"},"image":{"@id":"https:\/\/www.monaco-tribune.com\/en\/#\/schema\/logo\/image\/"},"sameAs":["https:\/\/www.facebook.com\/MonacoTribune","https:\/\/x.com\/MonacoTribune","https:\/\/www.instagram.com\/monacotribune\/","https:\/\/www.linkedin.com\/company\/monaco-tribune","https:\/\/www.youtube.com\/channel\/UCHle1MnG6hw1y4lWKijVbMA"]}]}},"_links":{"self":[{"href":"https:\/\/www.monaco-tribune.com\/en\/wp-json\/wp\/v2\/listing\/49721","targetHints":{"allow":["GET"]}}],"collection":[{"href":"https:\/\/www.monaco-tribune.com\/en\/wp-json\/wp\/v2\/listing"}],"about":[{"href":"https:\/\/www.monaco-tribune.com\/en\/wp-json\/wp\/v2\/types\/listing"}],"wp:featuredmedia":[{"embeddable":true,"href":"https:\/\/www.monaco-tribune.com\/en\/wp-json\/wp\/v2\/media\/47746"}],"wp:attachment":[{"href":"https:\/\/www.monaco-tribune.com\/en\/wp-json\/wp\/v2\/media?parent=49721"}],"wp:term":[{"taxonomy":"listing-category","embeddable":true,"href":"https:\/\/www.monaco-tribune.com\/en\/wp-json\/wp\/v2\/listing-category?post=49721"}],"curies":[{"name":"wp","href":"https:\/\/api.w.org\/{rel}","templated":true}]}}