{"id":50391,"date":"2020-11-26T18:26:37","date_gmt":"2020-11-26T17:26:37","guid":{"rendered":"https:\/\/www.monaco-tribune.com\/listing\/gareth-wittstock\/"},"modified":"2021-01-28T11:30:11","modified_gmt":"2021-01-28T10:30:11","slug":"gareth-wittstock","status":"publish","type":"listing","link":"https:\/\/www.monaco-tribune.com\/it\/listing\/gareth-wittstock\/","title":{"rendered":"Gareth Wittstock"},"content":{"rendered":"\n<p>Fratello minore della Principessa Charl\u00e8ne di Monaco, Wittstock \u00e8 un imprenditore sudafricano che si \u00e8 trasferito a Monaco dopo il matrimonio della sorella con il sovrano. <\/p>\n\n<p>\u00c8 sposato con Roisin Gavin, una ex ballerina, con la quale ha una figlia, Kaia-Rose. Gareth \u00e8 molto attivo nella societ\u00e0 monegasca. Partecipa regolarmente a eventi importanti, tra cui il Gran Premio di Formula 1, il Ballo della Croce Rossa e il Ballo di Natale.<\/p>\n\n<figure class=\"wp-block-gallery columns-2 is-cropped wp-block-gallery-1 is-layout-flex wp-block-gallery-is-layout-flex\"><ul class=\"blocks-gallery-grid\"><li class=\"blocks-gallery-item\"><figure><img loading=\"lazy\" decoding=\"async\" width=\"1024\" height=\"681\" src=\"https:\/\/www.monaco-tribune.com\/wp-content\/uploads\/2020\/04\/gareth-wittstock-masks-covid-19-monaco-princess-charlene-fondation-1024x681.jpg\" alt=\"gareth wittstock maschere covid 19 monaco principessa charlene fondation\" data-id=\"26065\" data-full-url=\"https:\/\/www.monaco-tribune.com\/wp-content\/uploads\/2020\/04\/gareth-wittstock-masks-covid-19-monaco-princess-charlene-fondation.jpg\" data-link=\"https:\/\/www.monaco-tribune.com\/gareth-wittstock-masks-covid-19-monaco-princess-charlene-fondation-2\/\" class=\"wp-image-26066\" srcset=\"https:\/\/www.monaco-tribune.com\/wp-content\/uploads\/2020\/04\/gareth-wittstock-masks-covid-19-monaco-princess-charlene-fondation-1024x681.jpg 1024w, https:\/\/www.monaco-tribune.com\/wp-content\/uploads\/2020\/04\/gareth-wittstock-masks-covid-19-monaco-princess-charlene-fondation-300x200.jpg 300w, https:\/\/www.monaco-tribune.com\/wp-content\/uploads\/2020\/04\/gareth-wittstock-masks-covid-19-monaco-princess-charlene-fondation-768x511.jpg 768w, https:\/\/www.monaco-tribune.com\/wp-content\/uploads\/2020\/04\/gareth-wittstock-masks-covid-19-monaco-princess-charlene-fondation-1536x1022.jpg 1536w, https:\/\/www.monaco-tribune.com\/wp-content\/uploads\/2020\/04\/gareth-wittstock-masks-covid-19-monaco-princess-charlene-fondation-219x146.jpg 219w, https:\/\/www.monaco-tribune.com\/wp-content\/uploads\/2020\/04\/gareth-wittstock-masks-covid-19-monaco-princess-charlene-fondation-50x33.jpg 50w, https:\/\/www.monaco-tribune.com\/wp-content\/uploads\/2020\/04\/gareth-wittstock-masks-covid-19-monaco-princess-charlene-fondation-113x75.jpg 113w, https:\/\/www.monaco-tribune.com\/wp-content\/uploads\/2020\/04\/gareth-wittstock-masks-covid-19-monaco-princess-charlene-fondation.jpg 2000w\" sizes=\"auto, (max-width: 1024px) 100vw, 1024px\" \/><\/figure><\/li><li class=\"blocks-gallery-item\"><figure><img loading=\"lazy\" decoding=\"async\" width=\"1024\" height=\"512\" src=\"https:\/\/www.monaco-tribune.com\/wp-content\/uploads\/2020\/12\/fondationprincessecharlene.jpg\" alt=\"Ballo di Natale Fondazione Principessa Charl&#xE8;ne\" data-id=\"58106\" data-full-url=\"https:\/\/www.monaco-tribune.com\/wp-content\/uploads\/2020\/12\/fondationprincessecharlene.jpg\" data-link=\"https:\/\/www.monaco-tribune.com\/2020\/12\/un-bal-de-noel-au-profit-de-la-fondation-princesse-charlene-de-monaco\/fondationprincessecharlene\/\" class=\"wp-image-58108\" srcset=\"https:\/\/www.monaco-tribune.com\/wp-content\/uploads\/2020\/12\/fondationprincessecharlene.jpg 1024w, https:\/\/www.monaco-tribune.com\/wp-content\/uploads\/2020\/12\/fondationprincessecharlene-600x300.jpg 600w, https:\/\/www.monaco-tribune.com\/wp-content\/uploads\/2020\/12\/fondationprincessecharlene-300x150.jpg 300w, https:\/\/www.monaco-tribune.com\/wp-content\/uploads\/2020\/12\/fondationprincessecharlene-768x384.jpg 768w, https:\/\/www.monaco-tribune.com\/wp-content\/uploads\/2020\/12\/fondationprincessecharlene-175x88.jpg 175w\" sizes=\"auto, (max-width: 1024px) 100vw, 1024px\" \/><\/figure><\/li><\/ul><\/figure>\n<p>Ha lavorato con la Federazione Monaco Rugby, aiutando e raccogliendo fondi per la Fondazione Principessa Charl\u00e8ne per diversi anni. Ha sviluppato un programma di scambio di rugby che aiuta i bambini svantaggiati. <\/p>\n\n<p>Gareth ha creato il French Riviera Water Bike Challenge &#8220;<a href=\"https:\/\/www.monaco-tribune.com\/it\/2020\/09\/foto-la-principessa-charlene-e-il-suo-team-serenity-vincono-la-water-bike-challenge\/\">Water Bike Challenge<\/a>&#8220;, che raccoglie fondi per beneficenza.<\/p>\n\n<p>&#8220;The Crossing: Calvi &#8211; Monaco Water bike Challenge&#8221; cerca di sensibilizzare il pubblico sulla <a href=\"https:\/\/www.monaco-tribune.com\/it\/2020\/08\/lallarme-annegamento-ogni-anno-almeno-320mila-morti\/\">sicurezza in acqua<\/a> e mette in evidenza i due programmi della Fondazione Principessa Charl\u00e8ne di Monaco che mirano a ridurre i casi di annegamento nel mondo: &#8220;Learn to Swim&#8221; e <a href=\"https:\/\/www.monaco-tribune.com\/it\/2020\/09\/la-lotta-contro-lannegamento-della-fondazione-princesse-charlene-de-monaco-arriva-nelle-scuole-canadesi\/\">&#8220;Water Safety&#8221;<\/a>.<\/p>\n\n<p> <strong>&gt;&gt; LEGGI ANCHE :<\/strong> <a href=\"https:\/\/www.monaco-tribune.com\/it\/2020\/05\/la-principessa-charlene-manda-suo-fratello-a-distribuire-mascherine\/\">La principessa Charlene manda suo fratello sul campo a distribuire maschere<\/a><\/p>\n","protected":false},"featured_media":47459,"template":"","meta":{"_acf_changed":false},"listing-category":[2194,2183],"class_list":["post-50391","listing","type-listing","status-publish","has-post-thumbnail","hentry","listing-category-imprenditori-monegaschi","listing-category-personaggi"],"acf":[],"yoast_head":"<!-- This site is optimized with the Yoast SEO Premium plugin v26.8 (Yoast SEO v27.4) - https:\/\/yoast.com\/product\/yoast-seo-premium-wordpress\/ -->\n<title>Gareth Wittstock - Monaco Tribune<\/title>\n<meta name=\"robots\" content=\"index, follow, max-snippet:-1, max-image-preview:large, max-video-preview:-1\" \/>\n<link rel=\"canonical\" href=\"https:\/\/www.monaco-tribune.com\/it\/listing\/gareth-wittstock\/\" \/>\n<meta property=\"og:locale\" content=\"it_IT\" \/>\n<meta property=\"og:type\" content=\"article\" \/>\n<meta property=\"og:title\" content=\"Gareth Wittstock\" \/>\n<meta property=\"og:description\" content=\"Fratello minore della Principessa Charl\u00e8ne di Monaco, Wittstock \u00e8 un imprenditore sudafricano che si \u00e8 trasferito a Monaco dopo il matrimonio della sorella con il sovrano. \u00c8 sposato con Roisin Gavin, una ex ballerina, con la quale ha una figlia, [&hellip;]\" \/>\n<meta property=\"og:url\" content=\"https:\/\/www.monaco-tribune.com\/it\/listing\/gareth-wittstock\/\" \/>\n<meta property=\"og:site_name\" content=\"Monaco Tribune\" \/>\n<meta property=\"article:publisher\" content=\"https:\/\/www.facebook.com\/MonacoTribune\" \/>\n<meta property=\"article:modified_time\" content=\"2021-01-28T10:30:11+00:00\" \/>\n<meta property=\"og:image\" content=\"https:\/\/www.monaco-tribune.com\/wp-content\/uploads\/2020\/11\/gareth-wittstock-min.jpeg\" \/>\n\t<meta property=\"og:image:width\" content=\"1200\" \/>\n\t<meta property=\"og:image:height\" content=\"832\" \/>\n\t<meta property=\"og:image:type\" content=\"image\/jpeg\" \/>\n<meta name=\"twitter:card\" content=\"summary_large_image\" \/>\n<meta name=\"twitter:site\" content=\"@MonacoTribune\" \/>\n<script type=\"application\/ld+json\" class=\"yoast-schema-graph\">{\"@context\":\"https:\\\/\\\/schema.org\",\"@graph\":[{\"@type\":\"WebPage\",\"@id\":\"https:\\\/\\\/www.monaco-tribune.com\\\/it\\\/listing\\\/gareth-wittstock\\\/\",\"url\":\"https:\\\/\\\/www.monaco-tribune.com\\\/it\\\/listing\\\/gareth-wittstock\\\/\",\"name\":\"Gareth Wittstock - Monaco Tribune\",\"isPartOf\":{\"@id\":\"https:\\\/\\\/www.monaco-tribune.com\\\/it\\\/#website\"},\"primaryImageOfPage\":{\"@id\":\"https:\\\/\\\/www.monaco-tribune.com\\\/it\\\/listing\\\/gareth-wittstock\\\/#primaryimage\"},\"image\":{\"@id\":\"https:\\\/\\\/www.monaco-tribune.com\\\/it\\\/listing\\\/gareth-wittstock\\\/#primaryimage\"},\"thumbnailUrl\":\"https:\\\/\\\/www.monaco-tribune.com\\\/wp-content\\\/uploads\\\/2020\\\/11\\\/gareth-wittstock-min.jpeg\",\"datePublished\":\"2020-11-26T17:26:37+00:00\",\"dateModified\":\"2021-01-28T10:30:11+00:00\",\"breadcrumb\":{\"@id\":\"https:\\\/\\\/www.monaco-tribune.com\\\/it\\\/listing\\\/gareth-wittstock\\\/#breadcrumb\"},\"inLanguage\":\"it-IT\",\"potentialAction\":[{\"@type\":\"ReadAction\",\"target\":[\"https:\\\/\\\/www.monaco-tribune.com\\\/it\\\/listing\\\/gareth-wittstock\\\/\"]}]},{\"@type\":\"ImageObject\",\"inLanguage\":\"it-IT\",\"@id\":\"https:\\\/\\\/www.monaco-tribune.com\\\/it\\\/listing\\\/gareth-wittstock\\\/#primaryimage\",\"url\":\"https:\\\/\\\/www.monaco-tribune.com\\\/wp-content\\\/uploads\\\/2020\\\/11\\\/gareth-wittstock-min.jpeg\",\"contentUrl\":\"https:\\\/\\\/www.monaco-tribune.com\\\/wp-content\\\/uploads\\\/2020\\\/11\\\/gareth-wittstock-min.jpeg\",\"width\":1200,\"height\":832,\"caption\":\"Gareth Wittstock\"},{\"@type\":\"BreadcrumbList\",\"@id\":\"https:\\\/\\\/www.monaco-tribune.com\\\/it\\\/listing\\\/gareth-wittstock\\\/#breadcrumb\",\"itemListElement\":[{\"@type\":\"ListItem\",\"position\":1,\"name\":\"Accueil\",\"item\":\"https:\\\/\\\/www.monaco-tribune.com\\\/it\\\/\"},{\"@type\":\"ListItem\",\"position\":2,\"name\":\"Gareth Wittstock\"}]},{\"@type\":\"WebSite\",\"@id\":\"https:\\\/\\\/www.monaco-tribune.com\\\/it\\\/#website\",\"url\":\"https:\\\/\\\/www.monaco-tribune.com\\\/it\\\/\",\"name\":\"Monaco Tribune\",\"description\":\"Monaco : actualit\u00e9s \u00e9conomiques, politiques, culturelles et sportives de Monaco et de la French Riviera.\",\"publisher\":{\"@id\":\"https:\\\/\\\/www.monaco-tribune.com\\\/it\\\/#organization\"},\"potentialAction\":[{\"@type\":\"SearchAction\",\"target\":{\"@type\":\"EntryPoint\",\"urlTemplate\":\"https:\\\/\\\/www.monaco-tribune.com\\\/it\\\/?s={search_term_string}\"},\"query-input\":{\"@type\":\"PropertyValueSpecification\",\"valueRequired\":true,\"valueName\":\"search_term_string\"}}],\"inLanguage\":\"it-IT\"},{\"@type\":\"Organization\",\"@id\":\"https:\\\/\\\/www.monaco-tribune.com\\\/it\\\/#organization\",\"name\":\"Monaco Tribune\",\"url\":\"https:\\\/\\\/www.monaco-tribune.com\\\/it\\\/\",\"logo\":{\"@type\":\"ImageObject\",\"inLanguage\":\"it-IT\",\"@id\":\"https:\\\/\\\/www.monaco-tribune.com\\\/it\\\/#\\\/schema\\\/logo\\\/image\\\/\",\"url\":\"https:\\\/\\\/www.monaco-tribune.com\\\/wp-content\\\/uploads\\\/2022\\\/11\\\/logo-monaco-tribune.png\",\"contentUrl\":\"https:\\\/\\\/www.monaco-tribune.com\\\/wp-content\\\/uploads\\\/2022\\\/11\\\/logo-monaco-tribune.png\",\"width\":1548,\"height\":600,\"caption\":\"Monaco Tribune\"},\"image\":{\"@id\":\"https:\\\/\\\/www.monaco-tribune.com\\\/it\\\/#\\\/schema\\\/logo\\\/image\\\/\"},\"sameAs\":[\"https:\\\/\\\/www.facebook.com\\\/MonacoTribune\",\"https:\\\/\\\/x.com\\\/MonacoTribune\",\"https:\\\/\\\/www.instagram.com\\\/monacotribune\\\/\",\"https:\\\/\\\/www.linkedin.com\\\/company\\\/monaco-tribune\",\"https:\\\/\\\/www.youtube.com\\\/channel\\\/UCHle1MnG6hw1y4lWKijVbMA\"]}]}<\/script>\n<!-- \/ Yoast SEO Premium plugin. -->","yoast_head_json":{"title":"Gareth Wittstock - Monaco Tribune","robots":{"index":"index","follow":"follow","max-snippet":"max-snippet:-1","max-image-preview":"max-image-preview:large","max-video-preview":"max-video-preview:-1"},"canonical":"https:\/\/www.monaco-tribune.com\/it\/listing\/gareth-wittstock\/","og_locale":"it_IT","og_type":"article","og_title":"Gareth Wittstock","og_description":"Fratello minore della Principessa Charl\u00e8ne di Monaco, Wittstock \u00e8 un imprenditore sudafricano che si \u00e8 trasferito a Monaco dopo il matrimonio della sorella con il sovrano. \u00c8 sposato con Roisin Gavin, una ex ballerina, con la quale ha una figlia, [&hellip;]","og_url":"https:\/\/www.monaco-tribune.com\/it\/listing\/gareth-wittstock\/","og_site_name":"Monaco Tribune","article_publisher":"https:\/\/www.facebook.com\/MonacoTribune","article_modified_time":"2021-01-28T10:30:11+00:00","og_image":[{"width":1200,"height":832,"url":"https:\/\/www.monaco-tribune.com\/wp-content\/uploads\/2020\/11\/gareth-wittstock-min.jpeg","type":"image\/jpeg"}],"twitter_card":"summary_large_image","twitter_site":"@MonacoTribune","schema":{"@context":"https:\/\/schema.org","@graph":[{"@type":"WebPage","@id":"https:\/\/www.monaco-tribune.com\/it\/listing\/gareth-wittstock\/","url":"https:\/\/www.monaco-tribune.com\/it\/listing\/gareth-wittstock\/","name":"Gareth Wittstock - Monaco Tribune","isPartOf":{"@id":"https:\/\/www.monaco-tribune.com\/it\/#website"},"primaryImageOfPage":{"@id":"https:\/\/www.monaco-tribune.com\/it\/listing\/gareth-wittstock\/#primaryimage"},"image":{"@id":"https:\/\/www.monaco-tribune.com\/it\/listing\/gareth-wittstock\/#primaryimage"},"thumbnailUrl":"https:\/\/www.monaco-tribune.com\/wp-content\/uploads\/2020\/11\/gareth-wittstock-min.jpeg","datePublished":"2020-11-26T17:26:37+00:00","dateModified":"2021-01-28T10:30:11+00:00","breadcrumb":{"@id":"https:\/\/www.monaco-tribune.com\/it\/listing\/gareth-wittstock\/#breadcrumb"},"inLanguage":"it-IT","potentialAction":[{"@type":"ReadAction","target":["https:\/\/www.monaco-tribune.com\/it\/listing\/gareth-wittstock\/"]}]},{"@type":"ImageObject","inLanguage":"it-IT","@id":"https:\/\/www.monaco-tribune.com\/it\/listing\/gareth-wittstock\/#primaryimage","url":"https:\/\/www.monaco-tribune.com\/wp-content\/uploads\/2020\/11\/gareth-wittstock-min.jpeg","contentUrl":"https:\/\/www.monaco-tribune.com\/wp-content\/uploads\/2020\/11\/gareth-wittstock-min.jpeg","width":1200,"height":832,"caption":"Gareth Wittstock"},{"@type":"BreadcrumbList","@id":"https:\/\/www.monaco-tribune.com\/it\/listing\/gareth-wittstock\/#breadcrumb","itemListElement":[{"@type":"ListItem","position":1,"name":"Accueil","item":"https:\/\/www.monaco-tribune.com\/it\/"},{"@type":"ListItem","position":2,"name":"Gareth Wittstock"}]},{"@type":"WebSite","@id":"https:\/\/www.monaco-tribune.com\/it\/#website","url":"https:\/\/www.monaco-tribune.com\/it\/","name":"Monaco Tribune","description":"Monaco : actualit\u00e9s \u00e9conomiques, politiques, culturelles et sportives de Monaco et de la French Riviera.","publisher":{"@id":"https:\/\/www.monaco-tribune.com\/it\/#organization"},"potentialAction":[{"@type":"SearchAction","target":{"@type":"EntryPoint","urlTemplate":"https:\/\/www.monaco-tribune.com\/it\/?s={search_term_string}"},"query-input":{"@type":"PropertyValueSpecification","valueRequired":true,"valueName":"search_term_string"}}],"inLanguage":"it-IT"},{"@type":"Organization","@id":"https:\/\/www.monaco-tribune.com\/it\/#organization","name":"Monaco Tribune","url":"https:\/\/www.monaco-tribune.com\/it\/","logo":{"@type":"ImageObject","inLanguage":"it-IT","@id":"https:\/\/www.monaco-tribune.com\/it\/#\/schema\/logo\/image\/","url":"https:\/\/www.monaco-tribune.com\/wp-content\/uploads\/2022\/11\/logo-monaco-tribune.png","contentUrl":"https:\/\/www.monaco-tribune.com\/wp-content\/uploads\/2022\/11\/logo-monaco-tribune.png","width":1548,"height":600,"caption":"Monaco Tribune"},"image":{"@id":"https:\/\/www.monaco-tribune.com\/it\/#\/schema\/logo\/image\/"},"sameAs":["https:\/\/www.facebook.com\/MonacoTribune","https:\/\/x.com\/MonacoTribune","https:\/\/www.instagram.com\/monacotribune\/","https:\/\/www.linkedin.com\/company\/monaco-tribune","https:\/\/www.youtube.com\/channel\/UCHle1MnG6hw1y4lWKijVbMA"]}]}},"_links":{"self":[{"href":"https:\/\/www.monaco-tribune.com\/it\/wp-json\/wp\/v2\/listing\/50391","targetHints":{"allow":["GET"]}}],"collection":[{"href":"https:\/\/www.monaco-tribune.com\/it\/wp-json\/wp\/v2\/listing"}],"about":[{"href":"https:\/\/www.monaco-tribune.com\/it\/wp-json\/wp\/v2\/types\/listing"}],"wp:featuredmedia":[{"embeddable":true,"href":"https:\/\/www.monaco-tribune.com\/it\/wp-json\/wp\/v2\/media\/47459"}],"wp:attachment":[{"href":"https:\/\/www.monaco-tribune.com\/it\/wp-json\/wp\/v2\/media?parent=50391"}],"wp:term":[{"taxonomy":"listing-category","embeddable":true,"href":"https:\/\/www.monaco-tribune.com\/it\/wp-json\/wp\/v2\/listing-category?post=50391"}],"curies":[{"name":"wp","href":"https:\/\/api.w.org\/{rel}","templated":true}]}}