{"id":50396,"date":"2020-11-26T18:34:53","date_gmt":"2020-11-26T17:34:53","guid":{"rendered":"https:\/\/www.monaco-tribune.com\/listing\/gildo-pallanca-pastor\/"},"modified":"2021-01-28T11:38:02","modified_gmt":"2021-01-28T10:38:02","slug":"gildo-pallanca-pastor","status":"publish","type":"listing","link":"https:\/\/www.monaco-tribune.com\/it\/listing\/gildo-pallanca-pastor\/","title":{"rendered":"Gildo Pallanca Pastore"},"content":{"rendered":"\n<p>Pallanca Pastor \u00e8 un imprenditore, pilota automobilistico e proprietario di Venturi Automobiles, un&#8217;azienda che produce veicoli elettrici di lusso. La famiglia Pastor \u00e8 una delle famiglie monegasche pi\u00f9 importanti, seconda solo ai Grimaldi. <\/p>\n\n<p>L&#8217;imprenditore \u00e8 il figlio di H\u00e9l\u00e8ne Pallanca Pastor, assassinata nel 2014 durante una sparatoria a Nizza.<\/p>\n\n<p>Gildo ha studiato legge in Francia ed economia in Italia. Diversi anni dopo, viene accetato anche al Massachusetts Institute of Technology (MIT). <\/p>\n\n<blockquote class=\"wp-block-quote is-layout-flow wp-block-quote-is-layout-flow\"><p>Sono noto per essere il tipo che non si presenta quando \u00e8 invitato. Ma non \u00e8 scortese. \u00c8 solo che non credo che gli eventi mondani siano una priorit\u00e0.<\/p><\/blockquote>\n\n<figure class=\"wp-block-gallery columns-2 is-cropped wp-block-gallery-1 is-layout-flex wp-block-gallery-is-layout-flex\"><ul class=\"blocks-gallery-grid\"><li class=\"blocks-gallery-item\"><figure><img loading=\"lazy\" decoding=\"async\" width=\"1024\" height=\"680\" src=\"https:\/\/www.monaco-tribune.com\/wp-content\/uploads\/2021\/01\/gildo-pallanca-pastor-prince-albert-1024x680.png\" alt=\"\" data-id=\"63683\" data-full-url=\"https:\/\/www.monaco-tribune.com\/wp-content\/uploads\/2021\/01\/gildo-pallanca-pastor-prince-albert.png\" data-link=\"https:\/\/www.monaco-tribune.com\/listing\/gildo-pallanca-pastor\/gildo-pallanca-pastor-prince-albert\/\" class=\"wp-image-63685\" srcset=\"https:\/\/www.monaco-tribune.com\/wp-content\/uploads\/2021\/01\/gildo-pallanca-pastor-prince-albert-1024x680.png 1024w, https:\/\/www.monaco-tribune.com\/wp-content\/uploads\/2021\/01\/gildo-pallanca-pastor-prince-albert-452x300.png 452w, https:\/\/www.monaco-tribune.com\/wp-content\/uploads\/2021\/01\/gildo-pallanca-pastor-prince-albert.png 1200w\" sizes=\"auto, (max-width: 1024px) 100vw, 1024px\" \/><\/figure><\/li><li class=\"blocks-gallery-item\"><figure><img loading=\"lazy\" decoding=\"async\" width=\"750\" height=\"375\" src=\"https:\/\/www.monaco-tribune.com\/wp-content\/uploads\/2021\/01\/gildo-pallanca-pastor.jpg\" alt=\"\" data-id=\"63688\" data-full-url=\"https:\/\/www.monaco-tribune.com\/wp-content\/uploads\/2021\/01\/gildo-pallanca-pastor.jpg\" data-link=\"https:\/\/www.monaco-tribune.com\/listing\/gildo-pallanca-pastor\/gildo-pallanca-pastor\/\" class=\"wp-image-63690\" srcset=\"https:\/\/www.monaco-tribune.com\/wp-content\/uploads\/2021\/01\/gildo-pallanca-pastor.jpg 750w, https:\/\/www.monaco-tribune.com\/wp-content\/uploads\/2021\/01\/gildo-pallanca-pastor-600x300.jpg 600w\" sizes=\"auto, (max-width: 750px) 100vw, 750px\" \/><\/figure><\/li><\/ul><\/figure>\n<p>Dal 1986 al 1999, diventa pilota automobilistico, stabilendo anche un record di velocit\u00e0 sul ghiaccio nel 1995 con una Bugatti EB110. Raggiunge una velocit\u00e0 massima di 315km\/h. <\/p>\n\n<p>Dagli anni 1990 in poi, comincia a investire in una ventina di aziende a Monaco e all&#8217;estero che considera innovative. \u00c8 il precursore del movimento Business Angels in Europa. <\/p>\n\n<p>Gildo Pastor ha fondato l&#8217;attuale Radio Monaco alla fine degli anni 90, nota per i suoi programmi di musica elettro-pop. <\/p>\n\n<p>Sposato con Clementine de Salteur de La Serraz, \u00e8 padre di due figli. \u00c8 console generale di Monaco a New York dal 2015. Gildo \u00e8 anche Cavaliere dell&#8217;Ordine di San Carlo (2009) e Cavaliere della Legione d&#8217;Onore (2011).<\/p>\n\n<p> <strong>&gt;&gt; LEGGI ANCHE :<\/strong> <a href=\"https:\/\/www.monaco-tribune.com\/2018\/09\/pastor-dynastie-immobiliere\/\">Il Pastore: una dinastia immobiliare<\/a><\/p>\n","protected":false},"featured_media":47463,"template":"","meta":{"_acf_changed":false},"listing-category":[2194,2183],"class_list":["post-50396","listing","type-listing","status-publish","has-post-thumbnail","hentry","listing-category-imprenditori-monegaschi","listing-category-personaggi"],"acf":[],"yoast_head":"<!-- This site is optimized with the Yoast SEO Premium plugin v26.8 (Yoast SEO v27.4) - https:\/\/yoast.com\/product\/yoast-seo-premium-wordpress\/ -->\n<title>Gildo Pallanca Pastore - Monaco Tribune<\/title>\n<meta name=\"robots\" content=\"index, follow, max-snippet:-1, max-image-preview:large, max-video-preview:-1\" \/>\n<link rel=\"canonical\" href=\"https:\/\/www.monaco-tribune.com\/it\/listing\/gildo-pallanca-pastor\/\" \/>\n<meta property=\"og:locale\" content=\"it_IT\" \/>\n<meta property=\"og:type\" content=\"article\" \/>\n<meta property=\"og:title\" content=\"Gildo Pallanca Pastore\" \/>\n<meta property=\"og:description\" content=\"Pallanca Pastor \u00e8 un imprenditore, pilota automobilistico e proprietario di Venturi Automobiles, un&#8217;azienda che produce veicoli elettrici di lusso. La famiglia Pastor \u00e8 una delle famiglie monegasche pi\u00f9 importanti, seconda solo ai Grimaldi. L&#8217;imprenditore \u00e8 il figlio di H\u00e9l\u00e8ne Pallanca [&hellip;]\" \/>\n<meta property=\"og:url\" content=\"https:\/\/www.monaco-tribune.com\/it\/listing\/gildo-pallanca-pastor\/\" \/>\n<meta property=\"og:site_name\" content=\"Monaco Tribune\" \/>\n<meta property=\"article:publisher\" content=\"https:\/\/www.facebook.com\/MonacoTribune\" \/>\n<meta property=\"article:modified_time\" content=\"2021-01-28T10:38:02+00:00\" \/>\n<meta property=\"og:image\" content=\"https:\/\/www.monaco-tribune.com\/wp-content\/uploads\/2020\/11\/gildo-pallanca-pastor-min.jpg\" \/>\n\t<meta property=\"og:image:width\" content=\"1200\" \/>\n\t<meta property=\"og:image:height\" content=\"800\" \/>\n\t<meta property=\"og:image:type\" content=\"image\/jpeg\" \/>\n<meta name=\"twitter:card\" content=\"summary_large_image\" \/>\n<meta name=\"twitter:site\" content=\"@MonacoTribune\" \/>\n<script type=\"application\/ld+json\" class=\"yoast-schema-graph\">{\"@context\":\"https:\\\/\\\/schema.org\",\"@graph\":[{\"@type\":\"WebPage\",\"@id\":\"https:\\\/\\\/www.monaco-tribune.com\\\/it\\\/listing\\\/gildo-pallanca-pastor\\\/\",\"url\":\"https:\\\/\\\/www.monaco-tribune.com\\\/it\\\/listing\\\/gildo-pallanca-pastor\\\/\",\"name\":\"Gildo Pallanca Pastore - Monaco Tribune\",\"isPartOf\":{\"@id\":\"https:\\\/\\\/www.monaco-tribune.com\\\/it\\\/#website\"},\"primaryImageOfPage\":{\"@id\":\"https:\\\/\\\/www.monaco-tribune.com\\\/it\\\/listing\\\/gildo-pallanca-pastor\\\/#primaryimage\"},\"image\":{\"@id\":\"https:\\\/\\\/www.monaco-tribune.com\\\/it\\\/listing\\\/gildo-pallanca-pastor\\\/#primaryimage\"},\"thumbnailUrl\":\"https:\\\/\\\/www.monaco-tribune.com\\\/wp-content\\\/uploads\\\/2020\\\/11\\\/gildo-pallanca-pastor-min.jpg\",\"datePublished\":\"2020-11-26T17:34:53+00:00\",\"dateModified\":\"2021-01-28T10:38:02+00:00\",\"breadcrumb\":{\"@id\":\"https:\\\/\\\/www.monaco-tribune.com\\\/it\\\/listing\\\/gildo-pallanca-pastor\\\/#breadcrumb\"},\"inLanguage\":\"it-IT\",\"potentialAction\":[{\"@type\":\"ReadAction\",\"target\":[\"https:\\\/\\\/www.monaco-tribune.com\\\/it\\\/listing\\\/gildo-pallanca-pastor\\\/\"]}]},{\"@type\":\"ImageObject\",\"inLanguage\":\"it-IT\",\"@id\":\"https:\\\/\\\/www.monaco-tribune.com\\\/it\\\/listing\\\/gildo-pallanca-pastor\\\/#primaryimage\",\"url\":\"https:\\\/\\\/www.monaco-tribune.com\\\/wp-content\\\/uploads\\\/2020\\\/11\\\/gildo-pallanca-pastor-min.jpg\",\"contentUrl\":\"https:\\\/\\\/www.monaco-tribune.com\\\/wp-content\\\/uploads\\\/2020\\\/11\\\/gildo-pallanca-pastor-min.jpg\",\"width\":1200,\"height\":800,\"caption\":\"Gildo Pallanca Pastore\"},{\"@type\":\"BreadcrumbList\",\"@id\":\"https:\\\/\\\/www.monaco-tribune.com\\\/it\\\/listing\\\/gildo-pallanca-pastor\\\/#breadcrumb\",\"itemListElement\":[{\"@type\":\"ListItem\",\"position\":1,\"name\":\"Accueil\",\"item\":\"https:\\\/\\\/www.monaco-tribune.com\\\/it\\\/\"},{\"@type\":\"ListItem\",\"position\":2,\"name\":\"Gildo Pallanca Pastore\"}]},{\"@type\":\"WebSite\",\"@id\":\"https:\\\/\\\/www.monaco-tribune.com\\\/it\\\/#website\",\"url\":\"https:\\\/\\\/www.monaco-tribune.com\\\/it\\\/\",\"name\":\"Monaco Tribune\",\"description\":\"Monaco : actualit\u00e9s \u00e9conomiques, politiques, culturelles et sportives de Monaco et de la French Riviera.\",\"publisher\":{\"@id\":\"https:\\\/\\\/www.monaco-tribune.com\\\/it\\\/#organization\"},\"potentialAction\":[{\"@type\":\"SearchAction\",\"target\":{\"@type\":\"EntryPoint\",\"urlTemplate\":\"https:\\\/\\\/www.monaco-tribune.com\\\/it\\\/?s={search_term_string}\"},\"query-input\":{\"@type\":\"PropertyValueSpecification\",\"valueRequired\":true,\"valueName\":\"search_term_string\"}}],\"inLanguage\":\"it-IT\"},{\"@type\":\"Organization\",\"@id\":\"https:\\\/\\\/www.monaco-tribune.com\\\/it\\\/#organization\",\"name\":\"Monaco Tribune\",\"url\":\"https:\\\/\\\/www.monaco-tribune.com\\\/it\\\/\",\"logo\":{\"@type\":\"ImageObject\",\"inLanguage\":\"it-IT\",\"@id\":\"https:\\\/\\\/www.monaco-tribune.com\\\/it\\\/#\\\/schema\\\/logo\\\/image\\\/\",\"url\":\"https:\\\/\\\/www.monaco-tribune.com\\\/wp-content\\\/uploads\\\/2022\\\/11\\\/logo-monaco-tribune.png\",\"contentUrl\":\"https:\\\/\\\/www.monaco-tribune.com\\\/wp-content\\\/uploads\\\/2022\\\/11\\\/logo-monaco-tribune.png\",\"width\":1548,\"height\":600,\"caption\":\"Monaco Tribune\"},\"image\":{\"@id\":\"https:\\\/\\\/www.monaco-tribune.com\\\/it\\\/#\\\/schema\\\/logo\\\/image\\\/\"},\"sameAs\":[\"https:\\\/\\\/www.facebook.com\\\/MonacoTribune\",\"https:\\\/\\\/x.com\\\/MonacoTribune\",\"https:\\\/\\\/www.instagram.com\\\/monacotribune\\\/\",\"https:\\\/\\\/www.linkedin.com\\\/company\\\/monaco-tribune\",\"https:\\\/\\\/www.youtube.com\\\/channel\\\/UCHle1MnG6hw1y4lWKijVbMA\"]}]}<\/script>\n<!-- \/ Yoast SEO Premium plugin. -->","yoast_head_json":{"title":"Gildo Pallanca Pastore - Monaco Tribune","robots":{"index":"index","follow":"follow","max-snippet":"max-snippet:-1","max-image-preview":"max-image-preview:large","max-video-preview":"max-video-preview:-1"},"canonical":"https:\/\/www.monaco-tribune.com\/it\/listing\/gildo-pallanca-pastor\/","og_locale":"it_IT","og_type":"article","og_title":"Gildo Pallanca Pastore","og_description":"Pallanca Pastor \u00e8 un imprenditore, pilota automobilistico e proprietario di Venturi Automobiles, un&#8217;azienda che produce veicoli elettrici di lusso. La famiglia Pastor \u00e8 una delle famiglie monegasche pi\u00f9 importanti, seconda solo ai Grimaldi. L&#8217;imprenditore \u00e8 il figlio di H\u00e9l\u00e8ne Pallanca [&hellip;]","og_url":"https:\/\/www.monaco-tribune.com\/it\/listing\/gildo-pallanca-pastor\/","og_site_name":"Monaco Tribune","article_publisher":"https:\/\/www.facebook.com\/MonacoTribune","article_modified_time":"2021-01-28T10:38:02+00:00","og_image":[{"width":1200,"height":800,"url":"https:\/\/www.monaco-tribune.com\/wp-content\/uploads\/2020\/11\/gildo-pallanca-pastor-min.jpg","type":"image\/jpeg"}],"twitter_card":"summary_large_image","twitter_site":"@MonacoTribune","schema":{"@context":"https:\/\/schema.org","@graph":[{"@type":"WebPage","@id":"https:\/\/www.monaco-tribune.com\/it\/listing\/gildo-pallanca-pastor\/","url":"https:\/\/www.monaco-tribune.com\/it\/listing\/gildo-pallanca-pastor\/","name":"Gildo Pallanca Pastore - Monaco Tribune","isPartOf":{"@id":"https:\/\/www.monaco-tribune.com\/it\/#website"},"primaryImageOfPage":{"@id":"https:\/\/www.monaco-tribune.com\/it\/listing\/gildo-pallanca-pastor\/#primaryimage"},"image":{"@id":"https:\/\/www.monaco-tribune.com\/it\/listing\/gildo-pallanca-pastor\/#primaryimage"},"thumbnailUrl":"https:\/\/www.monaco-tribune.com\/wp-content\/uploads\/2020\/11\/gildo-pallanca-pastor-min.jpg","datePublished":"2020-11-26T17:34:53+00:00","dateModified":"2021-01-28T10:38:02+00:00","breadcrumb":{"@id":"https:\/\/www.monaco-tribune.com\/it\/listing\/gildo-pallanca-pastor\/#breadcrumb"},"inLanguage":"it-IT","potentialAction":[{"@type":"ReadAction","target":["https:\/\/www.monaco-tribune.com\/it\/listing\/gildo-pallanca-pastor\/"]}]},{"@type":"ImageObject","inLanguage":"it-IT","@id":"https:\/\/www.monaco-tribune.com\/it\/listing\/gildo-pallanca-pastor\/#primaryimage","url":"https:\/\/www.monaco-tribune.com\/wp-content\/uploads\/2020\/11\/gildo-pallanca-pastor-min.jpg","contentUrl":"https:\/\/www.monaco-tribune.com\/wp-content\/uploads\/2020\/11\/gildo-pallanca-pastor-min.jpg","width":1200,"height":800,"caption":"Gildo Pallanca Pastore"},{"@type":"BreadcrumbList","@id":"https:\/\/www.monaco-tribune.com\/it\/listing\/gildo-pallanca-pastor\/#breadcrumb","itemListElement":[{"@type":"ListItem","position":1,"name":"Accueil","item":"https:\/\/www.monaco-tribune.com\/it\/"},{"@type":"ListItem","position":2,"name":"Gildo Pallanca Pastore"}]},{"@type":"WebSite","@id":"https:\/\/www.monaco-tribune.com\/it\/#website","url":"https:\/\/www.monaco-tribune.com\/it\/","name":"Monaco Tribune","description":"Monaco : actualit\u00e9s \u00e9conomiques, politiques, culturelles et sportives de Monaco et de la French Riviera.","publisher":{"@id":"https:\/\/www.monaco-tribune.com\/it\/#organization"},"potentialAction":[{"@type":"SearchAction","target":{"@type":"EntryPoint","urlTemplate":"https:\/\/www.monaco-tribune.com\/it\/?s={search_term_string}"},"query-input":{"@type":"PropertyValueSpecification","valueRequired":true,"valueName":"search_term_string"}}],"inLanguage":"it-IT"},{"@type":"Organization","@id":"https:\/\/www.monaco-tribune.com\/it\/#organization","name":"Monaco Tribune","url":"https:\/\/www.monaco-tribune.com\/it\/","logo":{"@type":"ImageObject","inLanguage":"it-IT","@id":"https:\/\/www.monaco-tribune.com\/it\/#\/schema\/logo\/image\/","url":"https:\/\/www.monaco-tribune.com\/wp-content\/uploads\/2022\/11\/logo-monaco-tribune.png","contentUrl":"https:\/\/www.monaco-tribune.com\/wp-content\/uploads\/2022\/11\/logo-monaco-tribune.png","width":1548,"height":600,"caption":"Monaco Tribune"},"image":{"@id":"https:\/\/www.monaco-tribune.com\/it\/#\/schema\/logo\/image\/"},"sameAs":["https:\/\/www.facebook.com\/MonacoTribune","https:\/\/x.com\/MonacoTribune","https:\/\/www.instagram.com\/monacotribune\/","https:\/\/www.linkedin.com\/company\/monaco-tribune","https:\/\/www.youtube.com\/channel\/UCHle1MnG6hw1y4lWKijVbMA"]}]}},"_links":{"self":[{"href":"https:\/\/www.monaco-tribune.com\/it\/wp-json\/wp\/v2\/listing\/50396","targetHints":{"allow":["GET"]}}],"collection":[{"href":"https:\/\/www.monaco-tribune.com\/it\/wp-json\/wp\/v2\/listing"}],"about":[{"href":"https:\/\/www.monaco-tribune.com\/it\/wp-json\/wp\/v2\/types\/listing"}],"wp:featuredmedia":[{"embeddable":true,"href":"https:\/\/www.monaco-tribune.com\/it\/wp-json\/wp\/v2\/media\/47463"}],"wp:attachment":[{"href":"https:\/\/www.monaco-tribune.com\/it\/wp-json\/wp\/v2\/media?parent=50396"}],"wp:term":[{"taxonomy":"listing-category","embeddable":true,"href":"https:\/\/www.monaco-tribune.com\/it\/wp-json\/wp\/v2\/listing-category?post=50396"}],"curies":[{"name":"wp","href":"https:\/\/api.w.org\/{rel}","templated":true}]}}