{"id":50405,"date":"2020-11-26T19:41:27","date_gmt":"2020-11-26T18:41:27","guid":{"rendered":"https:\/\/www.monaco-tribune.com\/listing\/lily-safra\/"},"modified":"2021-01-28T12:08:45","modified_gmt":"2021-01-28T11:08:45","slug":"lily-safra","status":"publish","type":"listing","link":"https:\/\/www.monaco-tribune.com\/it\/listing\/lily-safra\/","title":{"rendered":"Lily Safra"},"content":{"rendered":"\n<p>Safra \u00e8 una filantropa miliardaria di origini brasiliane che vive tra Londra, Monaco e Rio de Janeiro. Grazie ai suoi quattro matrimoni, ha acquisito una cospicua ricchezza e si \u00e8 stabilita a Monaco dopo essersi sposata con Edmond Safra. <\/p>\n\n<p>Edmond Safra \u00e8 stato ucciso a Monaco in un incendio che \u00e8 stato determinato essere doloso. La sua morte ha attirato un notevole interesse dei media a causa della sua ricchezza e posizione.<\/p>\n\n<blockquote class=\"wp-block-quote is-layout-flow wp-block-quote-is-layout-flow\"><p>Mio marito, Edmond, metteva sempre dei soldi in tasca per poter dare qualcosa ad ogni bisognoso che vedevamo per strada. Allo stesso tempo, ha fornito milioni a ospedali, universit\u00e0 e programmi di welfare in tutto il mondo.<\/p><\/blockquote>\n\n<figure class=\"wp-block-gallery columns-2 is-cropped wp-block-gallery-1 is-layout-flex wp-block-gallery-is-layout-flex\"><ul class=\"blocks-gallery-grid\"><li class=\"blocks-gallery-item\"><figure><img loading=\"lazy\" decoding=\"async\" width=\"720\" height=\"395\" src=\"https:\/\/www.monaco-tribune.com\/wp-content\/uploads\/2020\/11\/lily-safra-monaco-1.jpg\" alt=\"\" data-id=\"63655\" data-full-url=\"https:\/\/www.monaco-tribune.com\/wp-content\/uploads\/2020\/11\/lily-safra-monaco-1.jpg\" data-link=\"https:\/\/www.monaco-tribune.com\/listing\/lily-safra\/lily-safra-monaco-1\/\" class=\"wp-image-63657\" srcset=\"https:\/\/www.monaco-tribune.com\/wp-content\/uploads\/2020\/11\/lily-safra-monaco-1.jpg 720w, https:\/\/www.monaco-tribune.com\/wp-content\/uploads\/2020\/11\/lily-safra-monaco-1-547x300.jpg 547w\" sizes=\"auto, (max-width: 720px) 100vw, 720px\" \/><\/figure><\/li><li class=\"blocks-gallery-item\"><figure><img loading=\"lazy\" decoding=\"async\" width=\"1024\" height=\"550\" src=\"https:\/\/www.monaco-tribune.com\/wp-content\/uploads\/2020\/11\/lily-safra-monaco-1024x550.jpg\" alt=\"\" data-id=\"63659\" data-full-url=\"https:\/\/www.monaco-tribune.com\/wp-content\/uploads\/2020\/11\/lily-safra-monaco.jpg\" data-link=\"https:\/\/www.monaco-tribune.com\/listing\/lily-safra\/lily-safra-monaco\/\" class=\"wp-image-63661\" srcset=\"https:\/\/www.monaco-tribune.com\/wp-content\/uploads\/2020\/11\/lily-safra-monaco-1024x550.jpg 1024w, https:\/\/www.monaco-tribune.com\/wp-content\/uploads\/2020\/11\/lily-safra-monaco-558x300.jpg 558w, https:\/\/www.monaco-tribune.com\/wp-content\/uploads\/2020\/11\/lily-safra-monaco.jpg 1210w\" sizes=\"auto, (max-width: 1024px) 100vw, 1024px\" \/><\/figure><\/li><\/ul><\/figure>\n<p>Sostiene numerose fondazioni e recentemente ha donato 12 milioni di dollari per creare un laboratorio di ricerca interdisciplinare all&#8217;Universit\u00e0 di Harvard. <\/p>\n\n<p>Il suo lavoro con le vittime dell&#8217;uragano Katrina, i suoi sforzi di sostegno medico in Israele, Francia, Stati Uniti e Regno Unito, e il suo sostegno per tutta la vita alla Elton John AIDS Foundation hanno contribuito ai suoi vasti sforzi filantropici. <\/p>\n\n<p>Nell&#8217;aprile 2019, Safra si \u00e8 impegnata a pagare 10 milioni di euro per restaurare Notre-Dame de Paris dopo l&#8217;incendio.<\/p>\n\n<p>\u00c8 membro onorario del King&#8217;s College London ed \u00e8 Ufficiale dell&#8217;Ordine della Legion d&#8217;Onore. Il suo patrimonio netto \u00e8 stimano a 1,3 miliardi di dollari.<\/p>\n","protected":false},"featured_media":47499,"template":"","meta":{"_acf_changed":false},"listing-category":[2194,2183],"class_list":["post-50405","listing","type-listing","status-publish","has-post-thumbnail","hentry","listing-category-imprenditori-monegaschi","listing-category-personaggi"],"acf":[],"yoast_head":"<!-- This site is optimized with the Yoast SEO Premium plugin v26.8 (Yoast SEO v27.4) - https:\/\/yoast.com\/product\/yoast-seo-premium-wordpress\/ -->\n<title>Lily Safra - Monaco Tribune<\/title>\n<meta name=\"robots\" content=\"index, follow, max-snippet:-1, max-image-preview:large, max-video-preview:-1\" \/>\n<link rel=\"canonical\" href=\"https:\/\/www.monaco-tribune.com\/it\/listing\/lily-safra\/\" \/>\n<meta property=\"og:locale\" content=\"it_IT\" \/>\n<meta property=\"og:type\" content=\"article\" \/>\n<meta property=\"og:title\" content=\"Lily Safra\" \/>\n<meta property=\"og:description\" content=\"Safra \u00e8 una filantropa miliardaria di origini brasiliane che vive tra Londra, Monaco e Rio de Janeiro. Grazie ai suoi quattro matrimoni, ha acquisito una cospicua ricchezza e si \u00e8 stabilita a Monaco dopo essersi sposata con Edmond Safra. Edmond [&hellip;]\" \/>\n<meta property=\"og:url\" content=\"https:\/\/www.monaco-tribune.com\/it\/listing\/lily-safra\/\" \/>\n<meta property=\"og:site_name\" content=\"Monaco Tribune\" \/>\n<meta property=\"article:publisher\" content=\"https:\/\/www.facebook.com\/MonacoTribune\" \/>\n<meta property=\"article:modified_time\" content=\"2021-01-28T11:08:45+00:00\" \/>\n<meta property=\"og:image\" content=\"https:\/\/www.monaco-tribune.com\/wp-content\/uploads\/2020\/11\/lily-safra-min.jpg\" \/>\n\t<meta property=\"og:image:width\" content=\"1200\" \/>\n\t<meta property=\"og:image:height\" content=\"746\" \/>\n\t<meta property=\"og:image:type\" content=\"image\/jpeg\" \/>\n<meta name=\"twitter:card\" content=\"summary_large_image\" \/>\n<meta name=\"twitter:site\" content=\"@MonacoTribune\" \/>\n<script type=\"application\/ld+json\" class=\"yoast-schema-graph\">{\"@context\":\"https:\\\/\\\/schema.org\",\"@graph\":[{\"@type\":\"WebPage\",\"@id\":\"https:\\\/\\\/www.monaco-tribune.com\\\/it\\\/listing\\\/lily-safra\\\/\",\"url\":\"https:\\\/\\\/www.monaco-tribune.com\\\/it\\\/listing\\\/lily-safra\\\/\",\"name\":\"Lily Safra - Monaco Tribune\",\"isPartOf\":{\"@id\":\"https:\\\/\\\/www.monaco-tribune.com\\\/it\\\/#website\"},\"primaryImageOfPage\":{\"@id\":\"https:\\\/\\\/www.monaco-tribune.com\\\/it\\\/listing\\\/lily-safra\\\/#primaryimage\"},\"image\":{\"@id\":\"https:\\\/\\\/www.monaco-tribune.com\\\/it\\\/listing\\\/lily-safra\\\/#primaryimage\"},\"thumbnailUrl\":\"https:\\\/\\\/www.monaco-tribune.com\\\/wp-content\\\/uploads\\\/2020\\\/11\\\/lily-safra-min.jpg\",\"datePublished\":\"2020-11-26T18:41:27+00:00\",\"dateModified\":\"2021-01-28T11:08:45+00:00\",\"breadcrumb\":{\"@id\":\"https:\\\/\\\/www.monaco-tribune.com\\\/it\\\/listing\\\/lily-safra\\\/#breadcrumb\"},\"inLanguage\":\"it-IT\",\"potentialAction\":[{\"@type\":\"ReadAction\",\"target\":[\"https:\\\/\\\/www.monaco-tribune.com\\\/it\\\/listing\\\/lily-safra\\\/\"]}]},{\"@type\":\"ImageObject\",\"inLanguage\":\"it-IT\",\"@id\":\"https:\\\/\\\/www.monaco-tribune.com\\\/it\\\/listing\\\/lily-safra\\\/#primaryimage\",\"url\":\"https:\\\/\\\/www.monaco-tribune.com\\\/wp-content\\\/uploads\\\/2020\\\/11\\\/lily-safra-min.jpg\",\"contentUrl\":\"https:\\\/\\\/www.monaco-tribune.com\\\/wp-content\\\/uploads\\\/2020\\\/11\\\/lily-safra-min.jpg\",\"width\":1200,\"height\":746,\"caption\":\"Lily Safra\"},{\"@type\":\"BreadcrumbList\",\"@id\":\"https:\\\/\\\/www.monaco-tribune.com\\\/it\\\/listing\\\/lily-safra\\\/#breadcrumb\",\"itemListElement\":[{\"@type\":\"ListItem\",\"position\":1,\"name\":\"Accueil\",\"item\":\"https:\\\/\\\/www.monaco-tribune.com\\\/it\\\/\"},{\"@type\":\"ListItem\",\"position\":2,\"name\":\"Lily Safra\"}]},{\"@type\":\"WebSite\",\"@id\":\"https:\\\/\\\/www.monaco-tribune.com\\\/it\\\/#website\",\"url\":\"https:\\\/\\\/www.monaco-tribune.com\\\/it\\\/\",\"name\":\"Monaco Tribune\",\"description\":\"Monaco : actualit\u00e9s \u00e9conomiques, politiques, culturelles et sportives de Monaco et de la French Riviera.\",\"publisher\":{\"@id\":\"https:\\\/\\\/www.monaco-tribune.com\\\/it\\\/#organization\"},\"potentialAction\":[{\"@type\":\"SearchAction\",\"target\":{\"@type\":\"EntryPoint\",\"urlTemplate\":\"https:\\\/\\\/www.monaco-tribune.com\\\/it\\\/?s={search_term_string}\"},\"query-input\":{\"@type\":\"PropertyValueSpecification\",\"valueRequired\":true,\"valueName\":\"search_term_string\"}}],\"inLanguage\":\"it-IT\"},{\"@type\":\"Organization\",\"@id\":\"https:\\\/\\\/www.monaco-tribune.com\\\/it\\\/#organization\",\"name\":\"Monaco Tribune\",\"url\":\"https:\\\/\\\/www.monaco-tribune.com\\\/it\\\/\",\"logo\":{\"@type\":\"ImageObject\",\"inLanguage\":\"it-IT\",\"@id\":\"https:\\\/\\\/www.monaco-tribune.com\\\/it\\\/#\\\/schema\\\/logo\\\/image\\\/\",\"url\":\"https:\\\/\\\/www.monaco-tribune.com\\\/wp-content\\\/uploads\\\/2022\\\/11\\\/logo-monaco-tribune.png\",\"contentUrl\":\"https:\\\/\\\/www.monaco-tribune.com\\\/wp-content\\\/uploads\\\/2022\\\/11\\\/logo-monaco-tribune.png\",\"width\":1548,\"height\":600,\"caption\":\"Monaco Tribune\"},\"image\":{\"@id\":\"https:\\\/\\\/www.monaco-tribune.com\\\/it\\\/#\\\/schema\\\/logo\\\/image\\\/\"},\"sameAs\":[\"https:\\\/\\\/www.facebook.com\\\/MonacoTribune\",\"https:\\\/\\\/x.com\\\/MonacoTribune\",\"https:\\\/\\\/www.instagram.com\\\/monacotribune\\\/\",\"https:\\\/\\\/www.linkedin.com\\\/company\\\/monaco-tribune\",\"https:\\\/\\\/www.youtube.com\\\/channel\\\/UCHle1MnG6hw1y4lWKijVbMA\"]}]}<\/script>\n<!-- \/ Yoast SEO Premium plugin. -->","yoast_head_json":{"title":"Lily Safra - Monaco Tribune","robots":{"index":"index","follow":"follow","max-snippet":"max-snippet:-1","max-image-preview":"max-image-preview:large","max-video-preview":"max-video-preview:-1"},"canonical":"https:\/\/www.monaco-tribune.com\/it\/listing\/lily-safra\/","og_locale":"it_IT","og_type":"article","og_title":"Lily Safra","og_description":"Safra \u00e8 una filantropa miliardaria di origini brasiliane che vive tra Londra, Monaco e Rio de Janeiro. Grazie ai suoi quattro matrimoni, ha acquisito una cospicua ricchezza e si \u00e8 stabilita a Monaco dopo essersi sposata con Edmond Safra. Edmond [&hellip;]","og_url":"https:\/\/www.monaco-tribune.com\/it\/listing\/lily-safra\/","og_site_name":"Monaco Tribune","article_publisher":"https:\/\/www.facebook.com\/MonacoTribune","article_modified_time":"2021-01-28T11:08:45+00:00","og_image":[{"width":1200,"height":746,"url":"https:\/\/www.monaco-tribune.com\/wp-content\/uploads\/2020\/11\/lily-safra-min.jpg","type":"image\/jpeg"}],"twitter_card":"summary_large_image","twitter_site":"@MonacoTribune","schema":{"@context":"https:\/\/schema.org","@graph":[{"@type":"WebPage","@id":"https:\/\/www.monaco-tribune.com\/it\/listing\/lily-safra\/","url":"https:\/\/www.monaco-tribune.com\/it\/listing\/lily-safra\/","name":"Lily Safra - Monaco Tribune","isPartOf":{"@id":"https:\/\/www.monaco-tribune.com\/it\/#website"},"primaryImageOfPage":{"@id":"https:\/\/www.monaco-tribune.com\/it\/listing\/lily-safra\/#primaryimage"},"image":{"@id":"https:\/\/www.monaco-tribune.com\/it\/listing\/lily-safra\/#primaryimage"},"thumbnailUrl":"https:\/\/www.monaco-tribune.com\/wp-content\/uploads\/2020\/11\/lily-safra-min.jpg","datePublished":"2020-11-26T18:41:27+00:00","dateModified":"2021-01-28T11:08:45+00:00","breadcrumb":{"@id":"https:\/\/www.monaco-tribune.com\/it\/listing\/lily-safra\/#breadcrumb"},"inLanguage":"it-IT","potentialAction":[{"@type":"ReadAction","target":["https:\/\/www.monaco-tribune.com\/it\/listing\/lily-safra\/"]}]},{"@type":"ImageObject","inLanguage":"it-IT","@id":"https:\/\/www.monaco-tribune.com\/it\/listing\/lily-safra\/#primaryimage","url":"https:\/\/www.monaco-tribune.com\/wp-content\/uploads\/2020\/11\/lily-safra-min.jpg","contentUrl":"https:\/\/www.monaco-tribune.com\/wp-content\/uploads\/2020\/11\/lily-safra-min.jpg","width":1200,"height":746,"caption":"Lily Safra"},{"@type":"BreadcrumbList","@id":"https:\/\/www.monaco-tribune.com\/it\/listing\/lily-safra\/#breadcrumb","itemListElement":[{"@type":"ListItem","position":1,"name":"Accueil","item":"https:\/\/www.monaco-tribune.com\/it\/"},{"@type":"ListItem","position":2,"name":"Lily Safra"}]},{"@type":"WebSite","@id":"https:\/\/www.monaco-tribune.com\/it\/#website","url":"https:\/\/www.monaco-tribune.com\/it\/","name":"Monaco Tribune","description":"Monaco : actualit\u00e9s \u00e9conomiques, politiques, culturelles et sportives de Monaco et de la French Riviera.","publisher":{"@id":"https:\/\/www.monaco-tribune.com\/it\/#organization"},"potentialAction":[{"@type":"SearchAction","target":{"@type":"EntryPoint","urlTemplate":"https:\/\/www.monaco-tribune.com\/it\/?s={search_term_string}"},"query-input":{"@type":"PropertyValueSpecification","valueRequired":true,"valueName":"search_term_string"}}],"inLanguage":"it-IT"},{"@type":"Organization","@id":"https:\/\/www.monaco-tribune.com\/it\/#organization","name":"Monaco Tribune","url":"https:\/\/www.monaco-tribune.com\/it\/","logo":{"@type":"ImageObject","inLanguage":"it-IT","@id":"https:\/\/www.monaco-tribune.com\/it\/#\/schema\/logo\/image\/","url":"https:\/\/www.monaco-tribune.com\/wp-content\/uploads\/2022\/11\/logo-monaco-tribune.png","contentUrl":"https:\/\/www.monaco-tribune.com\/wp-content\/uploads\/2022\/11\/logo-monaco-tribune.png","width":1548,"height":600,"caption":"Monaco Tribune"},"image":{"@id":"https:\/\/www.monaco-tribune.com\/it\/#\/schema\/logo\/image\/"},"sameAs":["https:\/\/www.facebook.com\/MonacoTribune","https:\/\/x.com\/MonacoTribune","https:\/\/www.instagram.com\/monacotribune\/","https:\/\/www.linkedin.com\/company\/monaco-tribune","https:\/\/www.youtube.com\/channel\/UCHle1MnG6hw1y4lWKijVbMA"]}]}},"_links":{"self":[{"href":"https:\/\/www.monaco-tribune.com\/it\/wp-json\/wp\/v2\/listing\/50405","targetHints":{"allow":["GET"]}}],"collection":[{"href":"https:\/\/www.monaco-tribune.com\/it\/wp-json\/wp\/v2\/listing"}],"about":[{"href":"https:\/\/www.monaco-tribune.com\/it\/wp-json\/wp\/v2\/types\/listing"}],"wp:featuredmedia":[{"embeddable":true,"href":"https:\/\/www.monaco-tribune.com\/it\/wp-json\/wp\/v2\/media\/47499"}],"wp:attachment":[{"href":"https:\/\/www.monaco-tribune.com\/it\/wp-json\/wp\/v2\/media?parent=50405"}],"wp:term":[{"taxonomy":"listing-category","embeddable":true,"href":"https:\/\/www.monaco-tribune.com\/it\/wp-json\/wp\/v2\/listing-category?post=50405"}],"curies":[{"name":"wp","href":"https:\/\/api.w.org\/{rel}","templated":true}]}}