{"id":50406,"date":"2020-11-26T19:45:20","date_gmt":"2020-11-26T18:45:20","guid":{"rendered":"https:\/\/www.monaco-tribune.com\/listing\/collezione-di-auto-di-sua-altezza-serenissima-il-principe-di-monaco\/"},"modified":"2021-01-29T14:38:13","modified_gmt":"2021-01-29T13:38:13","slug":"collezione-di-auto-di-sua-altezza-serenissima-il-principe-di-monaco","status":"publish","type":"listing","link":"https:\/\/www.monaco-tribune.com\/it\/listing\/collezione-di-auto-di-sua-altezza-serenissima-il-principe-di-monaco\/","title":{"rendered":"Collezione di auto del principe"},"content":{"rendered":"\n<p>Il principe Ranieri III era un appassionato di automobili. Per pi\u00f9 di quarant&#8217;anni, ha costruito una collezione considerevole e unica di veicoli d&#8217;epoca, secondo le occasioni, i &#8220;coup de coeur&#8221; e le circostanze. La collezione, iniziata alla fine degli anni 50, comprende pi\u00f9 di 100 modelli di automobili, oltre a sei carrozze appartenenti alla famiglia principesca. Il museo apre le sue porte nel 1993, quando il garage del Palazzo del Principe diventa troppo piccolo per contenere la vasta collezione di automobili del Sovrano. L&#8217;auto pi\u00f9 antica esposta \u00e8 una De Dion Bouton del 1903. Il pi\u00f9 recente? Una Lotus F1 2013.<\/p>\n\n<blockquote class=\"wp-block-quote is-layout-flow wp-block-quote-is-layout-flow\"><p>Non \u00e8 un museo di automobili, ma una collezione personale di auto d&#8217;epoca di tutte le et\u00e0 e di tutti i paesi. Popolari o prestigiose, hanno segnato il loro tempo e mi sono piaciute.<\/p><cite>Principe Ranieri III<\/cite><\/blockquote>\n\n<p>Il principe Alberto II ha continuato ad abbellire la collezione privata iniziata dal padre. Situata sulle Terrasses de Fontvieille, lo spazio di 5.000 m2, unico al mondo, riunisce pi\u00f9 di cento automobili. Tra i modelli e le marche: DE DION BUTTON del 1903, la LOTUS F1 del 2013, la HISPANO SUIZA, ROLLS ROYCE, LINCOLN, FACEL VEGA, DELAGE, DELAHAYE, PACKARD, HUMBER, NAPIER, FERRARI, MASERATI, LAMBORGHINI, ALFA ROMEO, LEXUS&#8230; Ci sono anche auto da corsa che hanno segnato il Rally di Monte-Carlo e il Gran Premio di F1 di Monaco.<\/p>\n","protected":false},"featured_media":129574,"template":"","meta":{"_acf_changed":false},"listing-category":[2195,2199],"class_list":["post-50406","listing","type-listing","status-publish","has-post-thumbnail","hentry","listing-category-cultura","listing-category-musei"],"acf":[],"yoast_head":"<!-- This site is optimized with the Yoast SEO Premium plugin v26.8 (Yoast SEO v27.4) - https:\/\/yoast.com\/product\/yoast-seo-premium-wordpress\/ -->\n<title>Collezione di auto del principe - Monaco Tribune<\/title>\n<meta name=\"robots\" content=\"index, follow, max-snippet:-1, max-image-preview:large, max-video-preview:-1\" \/>\n<link rel=\"canonical\" href=\"https:\/\/www.monaco-tribune.com\/it\/listing\/collezione-di-auto-di-sua-altezza-serenissima-il-principe-di-monaco\/\" \/>\n<meta property=\"og:locale\" content=\"it_IT\" \/>\n<meta property=\"og:type\" content=\"article\" \/>\n<meta property=\"og:title\" content=\"Collezione di auto del principe\" \/>\n<meta property=\"og:description\" content=\"Il principe Ranieri III era un appassionato di automobili. Per pi\u00f9 di quarant&#8217;anni, ha costruito una collezione considerevole e unica di veicoli d&#8217;epoca, secondo le occasioni, i &#8220;coup de coeur&#8221; e le circostanze. La collezione, iniziata alla fine degli anni [&hellip;]\" \/>\n<meta property=\"og:url\" content=\"https:\/\/www.monaco-tribune.com\/it\/listing\/collezione-di-auto-di-sua-altezza-serenissima-il-principe-di-monaco\/\" \/>\n<meta property=\"og:site_name\" content=\"Monaco Tribune\" \/>\n<meta property=\"article:publisher\" content=\"https:\/\/www.facebook.com\/MonacoTribune\" \/>\n<meta property=\"article:modified_time\" content=\"2021-01-29T13:38:13+00:00\" \/>\n<meta property=\"og:image\" content=\"https:\/\/www.monaco-tribune.com\/wp-content\/uploads\/2020\/06\/monaco-info-car-collection.jpg\" \/>\n\t<meta property=\"og:image:width\" content=\"1024\" \/>\n\t<meta property=\"og:image:height\" content=\"683\" \/>\n\t<meta property=\"og:image:type\" content=\"image\/jpeg\" \/>\n<meta name=\"twitter:card\" content=\"summary_large_image\" \/>\n<meta name=\"twitter:site\" content=\"@MonacoTribune\" \/>\n<script type=\"application\/ld+json\" class=\"yoast-schema-graph\">{\"@context\":\"https:\\\/\\\/schema.org\",\"@graph\":[{\"@type\":\"WebPage\",\"@id\":\"https:\\\/\\\/www.monaco-tribune.com\\\/it\\\/listing\\\/collezione-di-auto-di-sua-altezza-serenissima-il-principe-di-monaco\\\/\",\"url\":\"https:\\\/\\\/www.monaco-tribune.com\\\/it\\\/listing\\\/collezione-di-auto-di-sua-altezza-serenissima-il-principe-di-monaco\\\/\",\"name\":\"Collezione di auto del principe - Monaco Tribune\",\"isPartOf\":{\"@id\":\"https:\\\/\\\/www.monaco-tribune.com\\\/it\\\/#website\"},\"primaryImageOfPage\":{\"@id\":\"https:\\\/\\\/www.monaco-tribune.com\\\/it\\\/listing\\\/collezione-di-auto-di-sua-altezza-serenissima-il-principe-di-monaco\\\/#primaryimage\"},\"image\":{\"@id\":\"https:\\\/\\\/www.monaco-tribune.com\\\/it\\\/listing\\\/collezione-di-auto-di-sua-altezza-serenissima-il-principe-di-monaco\\\/#primaryimage\"},\"thumbnailUrl\":\"https:\\\/\\\/www.monaco-tribune.com\\\/wp-content\\\/uploads\\\/2022\\\/07\\\/collection-voitures-prince-rainier-iii-albert-ii-e1675248305667.jpg\",\"datePublished\":\"2020-11-26T18:45:20+00:00\",\"dateModified\":\"2021-01-29T13:38:13+00:00\",\"breadcrumb\":{\"@id\":\"https:\\\/\\\/www.monaco-tribune.com\\\/it\\\/listing\\\/collezione-di-auto-di-sua-altezza-serenissima-il-principe-di-monaco\\\/#breadcrumb\"},\"inLanguage\":\"it-IT\",\"potentialAction\":[{\"@type\":\"ReadAction\",\"target\":[\"https:\\\/\\\/www.monaco-tribune.com\\\/it\\\/listing\\\/collezione-di-auto-di-sua-altezza-serenissima-il-principe-di-monaco\\\/\"]}]},{\"@type\":\"ImageObject\",\"inLanguage\":\"it-IT\",\"@id\":\"https:\\\/\\\/www.monaco-tribune.com\\\/it\\\/listing\\\/collezione-di-auto-di-sua-altezza-serenissima-il-principe-di-monaco\\\/#primaryimage\",\"url\":\"https:\\\/\\\/www.monaco-tribune.com\\\/wp-content\\\/uploads\\\/2022\\\/07\\\/collection-voitures-prince-rainier-iii-albert-ii-e1675248305667.jpg\",\"contentUrl\":\"https:\\\/\\\/www.monaco-tribune.com\\\/wp-content\\\/uploads\\\/2022\\\/07\\\/collection-voitures-prince-rainier-iii-albert-ii-e1675248305667.jpg\",\"width\":1200,\"height\":630,\"caption\":\"Direzione della Comunicazione \\\/ Michael Alesi\"},{\"@type\":\"BreadcrumbList\",\"@id\":\"https:\\\/\\\/www.monaco-tribune.com\\\/it\\\/listing\\\/collezione-di-auto-di-sua-altezza-serenissima-il-principe-di-monaco\\\/#breadcrumb\",\"itemListElement\":[{\"@type\":\"ListItem\",\"position\":1,\"name\":\"Accueil\",\"item\":\"https:\\\/\\\/www.monaco-tribune.com\\\/it\\\/\"},{\"@type\":\"ListItem\",\"position\":2,\"name\":\"Collezione di auto del principe\"}]},{\"@type\":\"WebSite\",\"@id\":\"https:\\\/\\\/www.monaco-tribune.com\\\/it\\\/#website\",\"url\":\"https:\\\/\\\/www.monaco-tribune.com\\\/it\\\/\",\"name\":\"Monaco Tribune\",\"description\":\"Monaco : actualit\u00e9s \u00e9conomiques, politiques, culturelles et sportives de Monaco et de la French Riviera.\",\"publisher\":{\"@id\":\"https:\\\/\\\/www.monaco-tribune.com\\\/it\\\/#organization\"},\"potentialAction\":[{\"@type\":\"SearchAction\",\"target\":{\"@type\":\"EntryPoint\",\"urlTemplate\":\"https:\\\/\\\/www.monaco-tribune.com\\\/it\\\/?s={search_term_string}\"},\"query-input\":{\"@type\":\"PropertyValueSpecification\",\"valueRequired\":true,\"valueName\":\"search_term_string\"}}],\"inLanguage\":\"it-IT\"},{\"@type\":\"Organization\",\"@id\":\"https:\\\/\\\/www.monaco-tribune.com\\\/it\\\/#organization\",\"name\":\"Monaco Tribune\",\"url\":\"https:\\\/\\\/www.monaco-tribune.com\\\/it\\\/\",\"logo\":{\"@type\":\"ImageObject\",\"inLanguage\":\"it-IT\",\"@id\":\"https:\\\/\\\/www.monaco-tribune.com\\\/it\\\/#\\\/schema\\\/logo\\\/image\\\/\",\"url\":\"https:\\\/\\\/www.monaco-tribune.com\\\/wp-content\\\/uploads\\\/2022\\\/11\\\/logo-monaco-tribune.png\",\"contentUrl\":\"https:\\\/\\\/www.monaco-tribune.com\\\/wp-content\\\/uploads\\\/2022\\\/11\\\/logo-monaco-tribune.png\",\"width\":1548,\"height\":600,\"caption\":\"Monaco Tribune\"},\"image\":{\"@id\":\"https:\\\/\\\/www.monaco-tribune.com\\\/it\\\/#\\\/schema\\\/logo\\\/image\\\/\"},\"sameAs\":[\"https:\\\/\\\/www.facebook.com\\\/MonacoTribune\",\"https:\\\/\\\/x.com\\\/MonacoTribune\",\"https:\\\/\\\/www.instagram.com\\\/monacotribune\\\/\",\"https:\\\/\\\/www.linkedin.com\\\/company\\\/monaco-tribune\",\"https:\\\/\\\/www.youtube.com\\\/channel\\\/UCHle1MnG6hw1y4lWKijVbMA\"]}]}<\/script>\n<!-- \/ Yoast SEO Premium plugin. -->","yoast_head_json":{"title":"Collezione di auto del principe - Monaco Tribune","robots":{"index":"index","follow":"follow","max-snippet":"max-snippet:-1","max-image-preview":"max-image-preview:large","max-video-preview":"max-video-preview:-1"},"canonical":"https:\/\/www.monaco-tribune.com\/it\/listing\/collezione-di-auto-di-sua-altezza-serenissima-il-principe-di-monaco\/","og_locale":"it_IT","og_type":"article","og_title":"Collezione di auto del principe","og_description":"Il principe Ranieri III era un appassionato di automobili. Per pi\u00f9 di quarant&#8217;anni, ha costruito una collezione considerevole e unica di veicoli d&#8217;epoca, secondo le occasioni, i &#8220;coup de coeur&#8221; e le circostanze. La collezione, iniziata alla fine degli anni [&hellip;]","og_url":"https:\/\/www.monaco-tribune.com\/it\/listing\/collezione-di-auto-di-sua-altezza-serenissima-il-principe-di-monaco\/","og_site_name":"Monaco Tribune","article_publisher":"https:\/\/www.facebook.com\/MonacoTribune","article_modified_time":"2021-01-29T13:38:13+00:00","og_image":[{"width":1024,"height":683,"url":"https:\/\/www.monaco-tribune.com\/wp-content\/uploads\/2020\/06\/monaco-info-car-collection.jpg","type":"image\/jpeg"}],"twitter_card":"summary_large_image","twitter_site":"@MonacoTribune","schema":{"@context":"https:\/\/schema.org","@graph":[{"@type":"WebPage","@id":"https:\/\/www.monaco-tribune.com\/it\/listing\/collezione-di-auto-di-sua-altezza-serenissima-il-principe-di-monaco\/","url":"https:\/\/www.monaco-tribune.com\/it\/listing\/collezione-di-auto-di-sua-altezza-serenissima-il-principe-di-monaco\/","name":"Collezione di auto del principe - Monaco Tribune","isPartOf":{"@id":"https:\/\/www.monaco-tribune.com\/it\/#website"},"primaryImageOfPage":{"@id":"https:\/\/www.monaco-tribune.com\/it\/listing\/collezione-di-auto-di-sua-altezza-serenissima-il-principe-di-monaco\/#primaryimage"},"image":{"@id":"https:\/\/www.monaco-tribune.com\/it\/listing\/collezione-di-auto-di-sua-altezza-serenissima-il-principe-di-monaco\/#primaryimage"},"thumbnailUrl":"https:\/\/www.monaco-tribune.com\/wp-content\/uploads\/2022\/07\/collection-voitures-prince-rainier-iii-albert-ii-e1675248305667.jpg","datePublished":"2020-11-26T18:45:20+00:00","dateModified":"2021-01-29T13:38:13+00:00","breadcrumb":{"@id":"https:\/\/www.monaco-tribune.com\/it\/listing\/collezione-di-auto-di-sua-altezza-serenissima-il-principe-di-monaco\/#breadcrumb"},"inLanguage":"it-IT","potentialAction":[{"@type":"ReadAction","target":["https:\/\/www.monaco-tribune.com\/it\/listing\/collezione-di-auto-di-sua-altezza-serenissima-il-principe-di-monaco\/"]}]},{"@type":"ImageObject","inLanguage":"it-IT","@id":"https:\/\/www.monaco-tribune.com\/it\/listing\/collezione-di-auto-di-sua-altezza-serenissima-il-principe-di-monaco\/#primaryimage","url":"https:\/\/www.monaco-tribune.com\/wp-content\/uploads\/2022\/07\/collection-voitures-prince-rainier-iii-albert-ii-e1675248305667.jpg","contentUrl":"https:\/\/www.monaco-tribune.com\/wp-content\/uploads\/2022\/07\/collection-voitures-prince-rainier-iii-albert-ii-e1675248305667.jpg","width":1200,"height":630,"caption":"Direzione della Comunicazione \/ Michael Alesi"},{"@type":"BreadcrumbList","@id":"https:\/\/www.monaco-tribune.com\/it\/listing\/collezione-di-auto-di-sua-altezza-serenissima-il-principe-di-monaco\/#breadcrumb","itemListElement":[{"@type":"ListItem","position":1,"name":"Accueil","item":"https:\/\/www.monaco-tribune.com\/it\/"},{"@type":"ListItem","position":2,"name":"Collezione di auto del principe"}]},{"@type":"WebSite","@id":"https:\/\/www.monaco-tribune.com\/it\/#website","url":"https:\/\/www.monaco-tribune.com\/it\/","name":"Monaco Tribune","description":"Monaco : actualit\u00e9s \u00e9conomiques, politiques, culturelles et sportives de Monaco et de la French Riviera.","publisher":{"@id":"https:\/\/www.monaco-tribune.com\/it\/#organization"},"potentialAction":[{"@type":"SearchAction","target":{"@type":"EntryPoint","urlTemplate":"https:\/\/www.monaco-tribune.com\/it\/?s={search_term_string}"},"query-input":{"@type":"PropertyValueSpecification","valueRequired":true,"valueName":"search_term_string"}}],"inLanguage":"it-IT"},{"@type":"Organization","@id":"https:\/\/www.monaco-tribune.com\/it\/#organization","name":"Monaco Tribune","url":"https:\/\/www.monaco-tribune.com\/it\/","logo":{"@type":"ImageObject","inLanguage":"it-IT","@id":"https:\/\/www.monaco-tribune.com\/it\/#\/schema\/logo\/image\/","url":"https:\/\/www.monaco-tribune.com\/wp-content\/uploads\/2022\/11\/logo-monaco-tribune.png","contentUrl":"https:\/\/www.monaco-tribune.com\/wp-content\/uploads\/2022\/11\/logo-monaco-tribune.png","width":1548,"height":600,"caption":"Monaco Tribune"},"image":{"@id":"https:\/\/www.monaco-tribune.com\/it\/#\/schema\/logo\/image\/"},"sameAs":["https:\/\/www.facebook.com\/MonacoTribune","https:\/\/x.com\/MonacoTribune","https:\/\/www.instagram.com\/monacotribune\/","https:\/\/www.linkedin.com\/company\/monaco-tribune","https:\/\/www.youtube.com\/channel\/UCHle1MnG6hw1y4lWKijVbMA"]}]}},"_links":{"self":[{"href":"https:\/\/www.monaco-tribune.com\/it\/wp-json\/wp\/v2\/listing\/50406","targetHints":{"allow":["GET"]}}],"collection":[{"href":"https:\/\/www.monaco-tribune.com\/it\/wp-json\/wp\/v2\/listing"}],"about":[{"href":"https:\/\/www.monaco-tribune.com\/it\/wp-json\/wp\/v2\/types\/listing"}],"wp:featuredmedia":[{"embeddable":true,"href":"https:\/\/www.monaco-tribune.com\/it\/wp-json\/wp\/v2\/media\/129574"}],"wp:attachment":[{"href":"https:\/\/www.monaco-tribune.com\/it\/wp-json\/wp\/v2\/media?parent=50406"}],"wp:term":[{"taxonomy":"listing-category","embeddable":true,"href":"https:\/\/www.monaco-tribune.com\/it\/wp-json\/wp\/v2\/listing-category?post=50406"}],"curies":[{"name":"wp","href":"https:\/\/api.w.org\/{rel}","templated":true}]}}