{"id":50438,"date":"2020-11-27T10:22:31","date_gmt":"2020-11-27T09:22:31","guid":{"rendered":"https:\/\/www.monaco-tribune.com\/listing\/nuovo-museo-nazionale-di-monaco-villa-paloma\/"},"modified":"2021-01-29T14:53:16","modified_gmt":"2021-01-29T13:53:16","slug":"nuovo-museo-nazionale-di-monaco-villa-paloma","status":"publish","type":"listing","link":"https:\/\/www.monaco-tribune.com\/it\/listing\/nuovo-museo-nazionale-di-monaco-villa-paloma\/","title":{"rendered":"Nuovo Museo Nazionale di Monaco &#8211; Villa Paloma"},"content":{"rendered":"\n<p>\n          <strong>\u00c8 un americano, Edward N. Dickerson, che nel 1913 riun\u00ec sei lotti di terreno appartenenti a diversi proprietari per costruire una villa e un giardino, nel quartiere di R\u00e9voires, Boulevard de l&#8217;Observatoire.<\/strong>\n        <\/p>\n\n<p>Nel 1993, una societ\u00e0 anonima monegasca acquista la villa dalla famiglia Fissore. Sar\u00e0 venduta due anni dopo allo Stato monegasco. Nel 2008, viene deciso di farne la sede del Nuovo Museo Nazionale di Monaco. Il restauro della Villa Paloma doveva conservare l&#8217;aspetto originale del palazzo, che si trova nel cuore di un giardino e gode di una bella vista sulla citt\u00e0. Liberati da tutte le partizioni secondarie, i suoi quattro livelli, distribuiti dallo scalone, perdono il loro aspetto domestico per acquisire spazi vasti e quindi favorevoli alla presentazione delle opere.<\/p>\n\n<p>Lo spirito della Villa non \u00e8 per\u00f2 scomparso. Rimane nelle decorazioni dello scalone, le sue vetrate, i suoi mosaici, le sue colonne, e i cornicioni.  <\/p>\n\n<p>Tutti gli spazi sono accessibili al pubblico e dedicati alle mostre. I locali tecnici e logistici sono ospitati in un&#8217;estensione sotterranea costruita al posto della vecchia piscina, il cui tetto \u00e8 ora l&#8217;ingresso al museo. Per quanto riguarda il giardino, esso costituisce la parte pi\u00f9 bella della villa. Ha conservato il suo aspetto di giardino all&#8217;italiana e gode di un belvedere con vista sulla citt\u00e0 e sul mare. Inoltre, la vegetazione esistente \u00e8 stata mantenuta. Si \u00e8 anche parlato di una collaborazione con il Parco della Principessa Antonietta e il Museo di Antropologia.<\/p>\n","protected":false},"featured_media":29314,"template":"","meta":{"_acf_changed":false},"listing-category":[2195,2199],"class_list":["post-50438","listing","type-listing","status-publish","has-post-thumbnail","hentry","listing-category-cultura","listing-category-musei"],"acf":[],"yoast_head":"<!-- This site is optimized with the Yoast SEO Premium plugin v26.8 (Yoast SEO v27.4) - https:\/\/yoast.com\/product\/yoast-seo-premium-wordpress\/ -->\n<title>Nuovo Museo Nazionale di Monaco - Villa Paloma - Monaco Tribune<\/title>\n<meta name=\"robots\" content=\"index, follow, max-snippet:-1, max-image-preview:large, max-video-preview:-1\" \/>\n<link rel=\"canonical\" href=\"https:\/\/www.monaco-tribune.com\/it\/listing\/nuovo-museo-nazionale-di-monaco-villa-paloma\/\" \/>\n<meta property=\"og:locale\" content=\"it_IT\" \/>\n<meta property=\"og:type\" content=\"article\" \/>\n<meta property=\"og:title\" content=\"Nuovo Museo Nazionale di Monaco - Villa Paloma\" \/>\n<meta property=\"og:description\" content=\"\u00c8 un americano, Edward N. Dickerson, che nel 1913 riun\u00ec sei lotti di terreno appartenenti a diversi proprietari per costruire una villa e un giardino, nel quartiere di R\u00e9voires, Boulevard de l&#8217;Observatoire. Nel 1993, una societ\u00e0 anonima monegasca acquista la [&hellip;]\" \/>\n<meta property=\"og:url\" content=\"https:\/\/www.monaco-tribune.com\/it\/listing\/nuovo-museo-nazionale-di-monaco-villa-paloma\/\" \/>\n<meta property=\"og:site_name\" content=\"Monaco Tribune\" \/>\n<meta property=\"article:publisher\" content=\"https:\/\/www.facebook.com\/MonacoTribune\" \/>\n<meta property=\"article:modified_time\" content=\"2021-01-29T13:53:16+00:00\" \/>\n<meta property=\"og:image\" content=\"https:\/\/www.monaco-tribune.com\/wp-content\/uploads\/2020\/06\/eugene-frey-glass-plates.jpg\" \/>\n\t<meta property=\"og:image:width\" content=\"1920\" \/>\n\t<meta property=\"og:image:height\" content=\"1280\" \/>\n\t<meta property=\"og:image:type\" content=\"image\/jpeg\" \/>\n<meta name=\"twitter:card\" content=\"summary_large_image\" \/>\n<meta name=\"twitter:site\" content=\"@MonacoTribune\" \/>\n<script type=\"application\/ld+json\" class=\"yoast-schema-graph\">{\"@context\":\"https:\\\/\\\/schema.org\",\"@graph\":[{\"@type\":\"WebPage\",\"@id\":\"https:\\\/\\\/www.monaco-tribune.com\\\/it\\\/listing\\\/nuovo-museo-nazionale-di-monaco-villa-paloma\\\/\",\"url\":\"https:\\\/\\\/www.monaco-tribune.com\\\/it\\\/listing\\\/nuovo-museo-nazionale-di-monaco-villa-paloma\\\/\",\"name\":\"Nuovo Museo Nazionale di Monaco - Villa Paloma - Monaco Tribune\",\"isPartOf\":{\"@id\":\"https:\\\/\\\/www.monaco-tribune.com\\\/it\\\/#website\"},\"primaryImageOfPage\":{\"@id\":\"https:\\\/\\\/www.monaco-tribune.com\\\/it\\\/listing\\\/nuovo-museo-nazionale-di-monaco-villa-paloma\\\/#primaryimage\"},\"image\":{\"@id\":\"https:\\\/\\\/www.monaco-tribune.com\\\/it\\\/listing\\\/nuovo-museo-nazionale-di-monaco-villa-paloma\\\/#primaryimage\"},\"thumbnailUrl\":\"https:\\\/\\\/www.monaco-tribune.com\\\/wp-content\\\/uploads\\\/2020\\\/06\\\/eugene-frey-glass-plates.jpg\",\"datePublished\":\"2020-11-27T09:22:31+00:00\",\"dateModified\":\"2021-01-29T13:53:16+00:00\",\"breadcrumb\":{\"@id\":\"https:\\\/\\\/www.monaco-tribune.com\\\/it\\\/listing\\\/nuovo-museo-nazionale-di-monaco-villa-paloma\\\/#breadcrumb\"},\"inLanguage\":\"it-IT\",\"potentialAction\":[{\"@type\":\"ReadAction\",\"target\":[\"https:\\\/\\\/www.monaco-tribune.com\\\/it\\\/listing\\\/nuovo-museo-nazionale-di-monaco-villa-paloma\\\/\"]}]},{\"@type\":\"ImageObject\",\"inLanguage\":\"it-IT\",\"@id\":\"https:\\\/\\\/www.monaco-tribune.com\\\/it\\\/listing\\\/nuovo-museo-nazionale-di-monaco-villa-paloma\\\/#primaryimage\",\"url\":\"https:\\\/\\\/www.monaco-tribune.com\\\/wp-content\\\/uploads\\\/2020\\\/06\\\/eugene-frey-glass-plates.jpg\",\"contentUrl\":\"https:\\\/\\\/www.monaco-tribune.com\\\/wp-content\\\/uploads\\\/2020\\\/06\\\/eugene-frey-glass-plates.jpg\",\"width\":1920,\"height\":1280,\"caption\":\"Vista della mostra NMNM - Villa Paloma \\\/\\\/ Variations - Eug\u00e8ne Frey's Lighting Design presentato da Jo\u00e3o Maria Gusm\u00e3o \\\/\\\/ Foto: Andrea Rossetti, 2020\"},{\"@type\":\"BreadcrumbList\",\"@id\":\"https:\\\/\\\/www.monaco-tribune.com\\\/it\\\/listing\\\/nuovo-museo-nazionale-di-monaco-villa-paloma\\\/#breadcrumb\",\"itemListElement\":[{\"@type\":\"ListItem\",\"position\":1,\"name\":\"Accueil\",\"item\":\"https:\\\/\\\/www.monaco-tribune.com\\\/it\\\/\"},{\"@type\":\"ListItem\",\"position\":2,\"name\":\"Nuovo Museo Nazionale di Monaco &#8211; Villa Paloma\"}]},{\"@type\":\"WebSite\",\"@id\":\"https:\\\/\\\/www.monaco-tribune.com\\\/it\\\/#website\",\"url\":\"https:\\\/\\\/www.monaco-tribune.com\\\/it\\\/\",\"name\":\"Monaco Tribune\",\"description\":\"Monaco : actualit\u00e9s \u00e9conomiques, politiques, culturelles et sportives de Monaco et de la French Riviera.\",\"publisher\":{\"@id\":\"https:\\\/\\\/www.monaco-tribune.com\\\/it\\\/#organization\"},\"potentialAction\":[{\"@type\":\"SearchAction\",\"target\":{\"@type\":\"EntryPoint\",\"urlTemplate\":\"https:\\\/\\\/www.monaco-tribune.com\\\/it\\\/?s={search_term_string}\"},\"query-input\":{\"@type\":\"PropertyValueSpecification\",\"valueRequired\":true,\"valueName\":\"search_term_string\"}}],\"inLanguage\":\"it-IT\"},{\"@type\":\"Organization\",\"@id\":\"https:\\\/\\\/www.monaco-tribune.com\\\/it\\\/#organization\",\"name\":\"Monaco Tribune\",\"url\":\"https:\\\/\\\/www.monaco-tribune.com\\\/it\\\/\",\"logo\":{\"@type\":\"ImageObject\",\"inLanguage\":\"it-IT\",\"@id\":\"https:\\\/\\\/www.monaco-tribune.com\\\/it\\\/#\\\/schema\\\/logo\\\/image\\\/\",\"url\":\"https:\\\/\\\/www.monaco-tribune.com\\\/wp-content\\\/uploads\\\/2022\\\/11\\\/logo-monaco-tribune.png\",\"contentUrl\":\"https:\\\/\\\/www.monaco-tribune.com\\\/wp-content\\\/uploads\\\/2022\\\/11\\\/logo-monaco-tribune.png\",\"width\":1548,\"height\":600,\"caption\":\"Monaco Tribune\"},\"image\":{\"@id\":\"https:\\\/\\\/www.monaco-tribune.com\\\/it\\\/#\\\/schema\\\/logo\\\/image\\\/\"},\"sameAs\":[\"https:\\\/\\\/www.facebook.com\\\/MonacoTribune\",\"https:\\\/\\\/x.com\\\/MonacoTribune\",\"https:\\\/\\\/www.instagram.com\\\/monacotribune\\\/\",\"https:\\\/\\\/www.linkedin.com\\\/company\\\/monaco-tribune\",\"https:\\\/\\\/www.youtube.com\\\/channel\\\/UCHle1MnG6hw1y4lWKijVbMA\"]}]}<\/script>\n<!-- \/ Yoast SEO Premium plugin. -->","yoast_head_json":{"title":"Nuovo Museo Nazionale di Monaco - Villa Paloma - Monaco Tribune","robots":{"index":"index","follow":"follow","max-snippet":"max-snippet:-1","max-image-preview":"max-image-preview:large","max-video-preview":"max-video-preview:-1"},"canonical":"https:\/\/www.monaco-tribune.com\/it\/listing\/nuovo-museo-nazionale-di-monaco-villa-paloma\/","og_locale":"it_IT","og_type":"article","og_title":"Nuovo Museo Nazionale di Monaco - Villa Paloma","og_description":"\u00c8 un americano, Edward N. Dickerson, che nel 1913 riun\u00ec sei lotti di terreno appartenenti a diversi proprietari per costruire una villa e un giardino, nel quartiere di R\u00e9voires, Boulevard de l&#8217;Observatoire. Nel 1993, una societ\u00e0 anonima monegasca acquista la [&hellip;]","og_url":"https:\/\/www.monaco-tribune.com\/it\/listing\/nuovo-museo-nazionale-di-monaco-villa-paloma\/","og_site_name":"Monaco Tribune","article_publisher":"https:\/\/www.facebook.com\/MonacoTribune","article_modified_time":"2021-01-29T13:53:16+00:00","og_image":[{"width":1920,"height":1280,"url":"https:\/\/www.monaco-tribune.com\/wp-content\/uploads\/2020\/06\/eugene-frey-glass-plates.jpg","type":"image\/jpeg"}],"twitter_card":"summary_large_image","twitter_site":"@MonacoTribune","schema":{"@context":"https:\/\/schema.org","@graph":[{"@type":"WebPage","@id":"https:\/\/www.monaco-tribune.com\/it\/listing\/nuovo-museo-nazionale-di-monaco-villa-paloma\/","url":"https:\/\/www.monaco-tribune.com\/it\/listing\/nuovo-museo-nazionale-di-monaco-villa-paloma\/","name":"Nuovo Museo Nazionale di Monaco - Villa Paloma - Monaco Tribune","isPartOf":{"@id":"https:\/\/www.monaco-tribune.com\/it\/#website"},"primaryImageOfPage":{"@id":"https:\/\/www.monaco-tribune.com\/it\/listing\/nuovo-museo-nazionale-di-monaco-villa-paloma\/#primaryimage"},"image":{"@id":"https:\/\/www.monaco-tribune.com\/it\/listing\/nuovo-museo-nazionale-di-monaco-villa-paloma\/#primaryimage"},"thumbnailUrl":"https:\/\/www.monaco-tribune.com\/wp-content\/uploads\/2020\/06\/eugene-frey-glass-plates.jpg","datePublished":"2020-11-27T09:22:31+00:00","dateModified":"2021-01-29T13:53:16+00:00","breadcrumb":{"@id":"https:\/\/www.monaco-tribune.com\/it\/listing\/nuovo-museo-nazionale-di-monaco-villa-paloma\/#breadcrumb"},"inLanguage":"it-IT","potentialAction":[{"@type":"ReadAction","target":["https:\/\/www.monaco-tribune.com\/it\/listing\/nuovo-museo-nazionale-di-monaco-villa-paloma\/"]}]},{"@type":"ImageObject","inLanguage":"it-IT","@id":"https:\/\/www.monaco-tribune.com\/it\/listing\/nuovo-museo-nazionale-di-monaco-villa-paloma\/#primaryimage","url":"https:\/\/www.monaco-tribune.com\/wp-content\/uploads\/2020\/06\/eugene-frey-glass-plates.jpg","contentUrl":"https:\/\/www.monaco-tribune.com\/wp-content\/uploads\/2020\/06\/eugene-frey-glass-plates.jpg","width":1920,"height":1280,"caption":"Vista della mostra NMNM - Villa Paloma \/\/ Variations - Eug\u00e8ne Frey's Lighting Design presentato da Jo\u00e3o Maria Gusm\u00e3o \/\/ Foto: Andrea Rossetti, 2020"},{"@type":"BreadcrumbList","@id":"https:\/\/www.monaco-tribune.com\/it\/listing\/nuovo-museo-nazionale-di-monaco-villa-paloma\/#breadcrumb","itemListElement":[{"@type":"ListItem","position":1,"name":"Accueil","item":"https:\/\/www.monaco-tribune.com\/it\/"},{"@type":"ListItem","position":2,"name":"Nuovo Museo Nazionale di Monaco &#8211; Villa Paloma"}]},{"@type":"WebSite","@id":"https:\/\/www.monaco-tribune.com\/it\/#website","url":"https:\/\/www.monaco-tribune.com\/it\/","name":"Monaco Tribune","description":"Monaco : actualit\u00e9s \u00e9conomiques, politiques, culturelles et sportives de Monaco et de la French Riviera.","publisher":{"@id":"https:\/\/www.monaco-tribune.com\/it\/#organization"},"potentialAction":[{"@type":"SearchAction","target":{"@type":"EntryPoint","urlTemplate":"https:\/\/www.monaco-tribune.com\/it\/?s={search_term_string}"},"query-input":{"@type":"PropertyValueSpecification","valueRequired":true,"valueName":"search_term_string"}}],"inLanguage":"it-IT"},{"@type":"Organization","@id":"https:\/\/www.monaco-tribune.com\/it\/#organization","name":"Monaco Tribune","url":"https:\/\/www.monaco-tribune.com\/it\/","logo":{"@type":"ImageObject","inLanguage":"it-IT","@id":"https:\/\/www.monaco-tribune.com\/it\/#\/schema\/logo\/image\/","url":"https:\/\/www.monaco-tribune.com\/wp-content\/uploads\/2022\/11\/logo-monaco-tribune.png","contentUrl":"https:\/\/www.monaco-tribune.com\/wp-content\/uploads\/2022\/11\/logo-monaco-tribune.png","width":1548,"height":600,"caption":"Monaco Tribune"},"image":{"@id":"https:\/\/www.monaco-tribune.com\/it\/#\/schema\/logo\/image\/"},"sameAs":["https:\/\/www.facebook.com\/MonacoTribune","https:\/\/x.com\/MonacoTribune","https:\/\/www.instagram.com\/monacotribune\/","https:\/\/www.linkedin.com\/company\/monaco-tribune","https:\/\/www.youtube.com\/channel\/UCHle1MnG6hw1y4lWKijVbMA"]}]}},"_links":{"self":[{"href":"https:\/\/www.monaco-tribune.com\/it\/wp-json\/wp\/v2\/listing\/50438","targetHints":{"allow":["GET"]}}],"collection":[{"href":"https:\/\/www.monaco-tribune.com\/it\/wp-json\/wp\/v2\/listing"}],"about":[{"href":"https:\/\/www.monaco-tribune.com\/it\/wp-json\/wp\/v2\/types\/listing"}],"wp:featuredmedia":[{"embeddable":true,"href":"https:\/\/www.monaco-tribune.com\/it\/wp-json\/wp\/v2\/media\/29314"}],"wp:attachment":[{"href":"https:\/\/www.monaco-tribune.com\/it\/wp-json\/wp\/v2\/media?parent=50438"}],"wp:term":[{"taxonomy":"listing-category","embeddable":true,"href":"https:\/\/www.monaco-tribune.com\/it\/wp-json\/wp\/v2\/listing-category?post=50438"}],"curies":[{"name":"wp","href":"https:\/\/api.w.org\/{rel}","templated":true}]}}