{"id":50793,"date":"2020-11-27T17:07:07","date_gmt":"2020-11-27T16:07:07","guid":{"rendered":"https:\/\/www.monaco-tribune.com\/listing\/olga-taran\/"},"modified":"2021-01-27T16:58:44","modified_gmt":"2021-01-27T15:58:44","slug":"olga-taran","status":"publish","type":"listing","link":"https:\/\/www.monaco-tribune.com\/it\/listing\/olga-taran\/","title":{"rendered":"Olga Taran"},"content":{"rendered":"\n<p>Olga Taran \u00e8 fondatrice e redattrice capo di &#8220;HelloMonaco&#8221;, madre di tre bambini e ambasciatrice della fondazione benefica &#8220;Change One Life&#8221;.<\/p>\n\n<blockquote class=\"wp-block-quote is-layout-flow wp-block-quote-is-layout-flow\"><p>Aiutate sempre gli altri quando potete!<\/p><\/blockquote>\n\n<p>Olga Taran \u00e8 una giornalista di professione. All&#8217;inizio della sua carriera, ha lavorato in televisione. Ha poi iniziato ad aiutare suo marito, che aveva affari in Russia e negli Stati Uniti.&#13;\n<\/p>\n\n<p>Quando si trasferisce a Monaco con la sua famiglia, Olga Taran ritorna alle sue origini da giornalista. Nel Principato, inizia un sito di notizie in lingua russa, chiamato Hello Monaco. In seguito, Hello Monaco viene pubblicato anche in inglese e diventa pure una rivista cartacea con sei edizioni all&#8217;anno.  <\/p>\n\n<figure class=\"wp-block-gallery columns-2 is-cropped wp-block-gallery-1 is-layout-flex wp-block-gallery-is-layout-flex\"><ul class=\"blocks-gallery-grid\"><li class=\"blocks-gallery-item\"><figure><img loading=\"lazy\" decoding=\"async\" width=\"1024\" height=\"731\" src=\"https:\/\/www.monaco-tribune.com\/wp-content\/uploads\/2021\/01\/olga-taran-famille.jpg\" alt=\"\" data-id=\"63390\" data-full-url=\"https:\/\/www.monaco-tribune.com\/wp-content\/uploads\/2021\/01\/olga-taran-famille.jpg\" data-link=\"https:\/\/www.monaco-tribune.com\/listing\/olga-taran\/olga-taran-famille\/\" class=\"wp-image-63392\" srcset=\"https:\/\/www.monaco-tribune.com\/wp-content\/uploads\/2021\/01\/olga-taran-famille.jpg 1024w, https:\/\/www.monaco-tribune.com\/wp-content\/uploads\/2021\/01\/olga-taran-famille-420x300.jpg 420w\" sizes=\"auto, (max-width: 1024px) 100vw, 1024px\" \/><\/figure><\/li><li class=\"blocks-gallery-item\"><figure><img loading=\"lazy\" decoding=\"async\" width=\"1024\" height=\"576\" src=\"https:\/\/www.monaco-tribune.com\/wp-content\/uploads\/2021\/01\/olga-taran-yacht-1024x576.jpg\" alt=\"\" data-id=\"63394\" data-full-url=\"https:\/\/www.monaco-tribune.com\/wp-content\/uploads\/2021\/01\/olga-taran-yacht.jpg\" data-link=\"https:\/\/www.monaco-tribune.com\/listing\/olga-taran\/olga-taran-yacht\/\" class=\"wp-image-63396\" srcset=\"https:\/\/www.monaco-tribune.com\/wp-content\/uploads\/2021\/01\/olga-taran-yacht-1024x576.jpg 1024w, https:\/\/www.monaco-tribune.com\/wp-content\/uploads\/2021\/01\/olga-taran-yacht-533x300.jpg 533w, https:\/\/www.monaco-tribune.com\/wp-content\/uploads\/2021\/01\/olga-taran-yacht.jpg 1170w\" sizes=\"auto, (max-width: 1024px) 100vw, 1024px\" \/><\/figure><\/li><\/ul><figcaption class=\"blocks-gallery-caption\"><em>\u00a9 Olga Taran<\/em><\/figcaption><\/figure>\n<p>&#8220;<a href=\"https:\/\/changeonelife.ru\">Change One Life<\/a>&#8221; \u00e8 stata fondata 8 anni fa da suo marito Vyacheslav, che \u00e8 stato sostenuto nel progetto dai suoi due migliori amici. In otto anni, la fondazione ha girato pi\u00f9 di 49.000 video, ognuno dei quali ritrae un bambino in attesa dei suoi futuri genitori. Grazie a questi profili video, pi\u00f9 di 18.000 bambini hanno trovato una casa.<\/p>\n\n<p>&#8220;Immaginatevi tutti i bambini che hanno lasciato l&#8217;orfanotrofio per vivere in una casa o in un appartamento, in una vera famiglia con mamme, pap\u00e0, sorelle e fratelli. Ora abbiamo quasi 10.000 persone che aiutano la Fondazione&#8221;.<\/p>\n","protected":false},"featured_media":47555,"template":"","meta":{"_acf_changed":false},"listing-category":[2194,2183],"class_list":["post-50793","listing","type-listing","status-publish","has-post-thumbnail","hentry","listing-category-imprenditori-monegaschi","listing-category-personaggi"],"acf":[],"yoast_head":"<!-- This site is optimized with the Yoast SEO Premium plugin v26.8 (Yoast SEO v27.4) - https:\/\/yoast.com\/product\/yoast-seo-premium-wordpress\/ -->\n<title>Olga Taran - Monaco Tribune<\/title>\n<meta name=\"robots\" content=\"index, follow, max-snippet:-1, max-image-preview:large, max-video-preview:-1\" \/>\n<link rel=\"canonical\" href=\"https:\/\/www.monaco-tribune.com\/it\/listing\/olga-taran\/\" \/>\n<meta property=\"og:locale\" content=\"it_IT\" \/>\n<meta property=\"og:type\" content=\"article\" \/>\n<meta property=\"og:title\" content=\"Olga Taran\" \/>\n<meta property=\"og:description\" content=\"Olga Taran \u00e8 fondatrice e redattrice capo di &#8220;HelloMonaco&#8221;, madre di tre bambini e ambasciatrice della fondazione benefica &#8220;Change One Life&#8221;. Aiutate sempre gli altri quando potete! Olga Taran \u00e8 una giornalista di professione. All&#8217;inizio della sua carriera, ha lavorato [&hellip;]\" \/>\n<meta property=\"og:url\" content=\"https:\/\/www.monaco-tribune.com\/it\/listing\/olga-taran\/\" \/>\n<meta property=\"og:site_name\" content=\"Monaco Tribune\" \/>\n<meta property=\"article:publisher\" content=\"https:\/\/www.facebook.com\/MonacoTribune\" \/>\n<meta property=\"article:modified_time\" content=\"2021-01-27T15:58:44+00:00\" \/>\n<meta property=\"og:image\" content=\"https:\/\/www.monaco-tribune.com\/wp-content\/uploads\/2020\/11\/olga-taran-min.jpg\" \/>\n\t<meta property=\"og:image:width\" content=\"1200\" \/>\n\t<meta property=\"og:image:height\" content=\"623\" \/>\n\t<meta property=\"og:image:type\" content=\"image\/jpeg\" \/>\n<meta name=\"twitter:card\" content=\"summary_large_image\" \/>\n<meta name=\"twitter:site\" content=\"@MonacoTribune\" \/>\n<script type=\"application\/ld+json\" class=\"yoast-schema-graph\">{\"@context\":\"https:\\\/\\\/schema.org\",\"@graph\":[{\"@type\":\"WebPage\",\"@id\":\"https:\\\/\\\/www.monaco-tribune.com\\\/it\\\/listing\\\/olga-taran\\\/\",\"url\":\"https:\\\/\\\/www.monaco-tribune.com\\\/it\\\/listing\\\/olga-taran\\\/\",\"name\":\"Olga Taran - Monaco Tribune\",\"isPartOf\":{\"@id\":\"https:\\\/\\\/www.monaco-tribune.com\\\/it\\\/#website\"},\"primaryImageOfPage\":{\"@id\":\"https:\\\/\\\/www.monaco-tribune.com\\\/it\\\/listing\\\/olga-taran\\\/#primaryimage\"},\"image\":{\"@id\":\"https:\\\/\\\/www.monaco-tribune.com\\\/it\\\/listing\\\/olga-taran\\\/#primaryimage\"},\"thumbnailUrl\":\"https:\\\/\\\/www.monaco-tribune.com\\\/wp-content\\\/uploads\\\/2020\\\/11\\\/olga-taran-min.jpg\",\"datePublished\":\"2020-11-27T16:07:07+00:00\",\"dateModified\":\"2021-01-27T15:58:44+00:00\",\"breadcrumb\":{\"@id\":\"https:\\\/\\\/www.monaco-tribune.com\\\/it\\\/listing\\\/olga-taran\\\/#breadcrumb\"},\"inLanguage\":\"it-IT\",\"potentialAction\":[{\"@type\":\"ReadAction\",\"target\":[\"https:\\\/\\\/www.monaco-tribune.com\\\/it\\\/listing\\\/olga-taran\\\/\"]}]},{\"@type\":\"ImageObject\",\"inLanguage\":\"it-IT\",\"@id\":\"https:\\\/\\\/www.monaco-tribune.com\\\/it\\\/listing\\\/olga-taran\\\/#primaryimage\",\"url\":\"https:\\\/\\\/www.monaco-tribune.com\\\/wp-content\\\/uploads\\\/2020\\\/11\\\/olga-taran-min.jpg\",\"contentUrl\":\"https:\\\/\\\/www.monaco-tribune.com\\\/wp-content\\\/uploads\\\/2020\\\/11\\\/olga-taran-min.jpg\",\"width\":1200,\"height\":623,\"caption\":\"Olga Taran\"},{\"@type\":\"BreadcrumbList\",\"@id\":\"https:\\\/\\\/www.monaco-tribune.com\\\/it\\\/listing\\\/olga-taran\\\/#breadcrumb\",\"itemListElement\":[{\"@type\":\"ListItem\",\"position\":1,\"name\":\"Accueil\",\"item\":\"https:\\\/\\\/www.monaco-tribune.com\\\/it\\\/\"},{\"@type\":\"ListItem\",\"position\":2,\"name\":\"Olga Taran\"}]},{\"@type\":\"WebSite\",\"@id\":\"https:\\\/\\\/www.monaco-tribune.com\\\/it\\\/#website\",\"url\":\"https:\\\/\\\/www.monaco-tribune.com\\\/it\\\/\",\"name\":\"Monaco Tribune\",\"description\":\"Monaco : actualit\u00e9s \u00e9conomiques, politiques, culturelles et sportives de Monaco et de la French Riviera.\",\"publisher\":{\"@id\":\"https:\\\/\\\/www.monaco-tribune.com\\\/it\\\/#organization\"},\"potentialAction\":[{\"@type\":\"SearchAction\",\"target\":{\"@type\":\"EntryPoint\",\"urlTemplate\":\"https:\\\/\\\/www.monaco-tribune.com\\\/it\\\/?s={search_term_string}\"},\"query-input\":{\"@type\":\"PropertyValueSpecification\",\"valueRequired\":true,\"valueName\":\"search_term_string\"}}],\"inLanguage\":\"it-IT\"},{\"@type\":\"Organization\",\"@id\":\"https:\\\/\\\/www.monaco-tribune.com\\\/it\\\/#organization\",\"name\":\"Monaco Tribune\",\"url\":\"https:\\\/\\\/www.monaco-tribune.com\\\/it\\\/\",\"logo\":{\"@type\":\"ImageObject\",\"inLanguage\":\"it-IT\",\"@id\":\"https:\\\/\\\/www.monaco-tribune.com\\\/it\\\/#\\\/schema\\\/logo\\\/image\\\/\",\"url\":\"https:\\\/\\\/www.monaco-tribune.com\\\/wp-content\\\/uploads\\\/2022\\\/11\\\/logo-monaco-tribune.png\",\"contentUrl\":\"https:\\\/\\\/www.monaco-tribune.com\\\/wp-content\\\/uploads\\\/2022\\\/11\\\/logo-monaco-tribune.png\",\"width\":1548,\"height\":600,\"caption\":\"Monaco Tribune\"},\"image\":{\"@id\":\"https:\\\/\\\/www.monaco-tribune.com\\\/it\\\/#\\\/schema\\\/logo\\\/image\\\/\"},\"sameAs\":[\"https:\\\/\\\/www.facebook.com\\\/MonacoTribune\",\"https:\\\/\\\/x.com\\\/MonacoTribune\",\"https:\\\/\\\/www.instagram.com\\\/monacotribune\\\/\",\"https:\\\/\\\/www.linkedin.com\\\/company\\\/monaco-tribune\",\"https:\\\/\\\/www.youtube.com\\\/channel\\\/UCHle1MnG6hw1y4lWKijVbMA\"]}]}<\/script>\n<!-- \/ Yoast SEO Premium plugin. -->","yoast_head_json":{"title":"Olga Taran - Monaco Tribune","robots":{"index":"index","follow":"follow","max-snippet":"max-snippet:-1","max-image-preview":"max-image-preview:large","max-video-preview":"max-video-preview:-1"},"canonical":"https:\/\/www.monaco-tribune.com\/it\/listing\/olga-taran\/","og_locale":"it_IT","og_type":"article","og_title":"Olga Taran","og_description":"Olga Taran \u00e8 fondatrice e redattrice capo di &#8220;HelloMonaco&#8221;, madre di tre bambini e ambasciatrice della fondazione benefica &#8220;Change One Life&#8221;. Aiutate sempre gli altri quando potete! Olga Taran \u00e8 una giornalista di professione. All&#8217;inizio della sua carriera, ha lavorato [&hellip;]","og_url":"https:\/\/www.monaco-tribune.com\/it\/listing\/olga-taran\/","og_site_name":"Monaco Tribune","article_publisher":"https:\/\/www.facebook.com\/MonacoTribune","article_modified_time":"2021-01-27T15:58:44+00:00","og_image":[{"width":1200,"height":623,"url":"https:\/\/www.monaco-tribune.com\/wp-content\/uploads\/2020\/11\/olga-taran-min.jpg","type":"image\/jpeg"}],"twitter_card":"summary_large_image","twitter_site":"@MonacoTribune","schema":{"@context":"https:\/\/schema.org","@graph":[{"@type":"WebPage","@id":"https:\/\/www.monaco-tribune.com\/it\/listing\/olga-taran\/","url":"https:\/\/www.monaco-tribune.com\/it\/listing\/olga-taran\/","name":"Olga Taran - Monaco Tribune","isPartOf":{"@id":"https:\/\/www.monaco-tribune.com\/it\/#website"},"primaryImageOfPage":{"@id":"https:\/\/www.monaco-tribune.com\/it\/listing\/olga-taran\/#primaryimage"},"image":{"@id":"https:\/\/www.monaco-tribune.com\/it\/listing\/olga-taran\/#primaryimage"},"thumbnailUrl":"https:\/\/www.monaco-tribune.com\/wp-content\/uploads\/2020\/11\/olga-taran-min.jpg","datePublished":"2020-11-27T16:07:07+00:00","dateModified":"2021-01-27T15:58:44+00:00","breadcrumb":{"@id":"https:\/\/www.monaco-tribune.com\/it\/listing\/olga-taran\/#breadcrumb"},"inLanguage":"it-IT","potentialAction":[{"@type":"ReadAction","target":["https:\/\/www.monaco-tribune.com\/it\/listing\/olga-taran\/"]}]},{"@type":"ImageObject","inLanguage":"it-IT","@id":"https:\/\/www.monaco-tribune.com\/it\/listing\/olga-taran\/#primaryimage","url":"https:\/\/www.monaco-tribune.com\/wp-content\/uploads\/2020\/11\/olga-taran-min.jpg","contentUrl":"https:\/\/www.monaco-tribune.com\/wp-content\/uploads\/2020\/11\/olga-taran-min.jpg","width":1200,"height":623,"caption":"Olga Taran"},{"@type":"BreadcrumbList","@id":"https:\/\/www.monaco-tribune.com\/it\/listing\/olga-taran\/#breadcrumb","itemListElement":[{"@type":"ListItem","position":1,"name":"Accueil","item":"https:\/\/www.monaco-tribune.com\/it\/"},{"@type":"ListItem","position":2,"name":"Olga Taran"}]},{"@type":"WebSite","@id":"https:\/\/www.monaco-tribune.com\/it\/#website","url":"https:\/\/www.monaco-tribune.com\/it\/","name":"Monaco Tribune","description":"Monaco : actualit\u00e9s \u00e9conomiques, politiques, culturelles et sportives de Monaco et de la French Riviera.","publisher":{"@id":"https:\/\/www.monaco-tribune.com\/it\/#organization"},"potentialAction":[{"@type":"SearchAction","target":{"@type":"EntryPoint","urlTemplate":"https:\/\/www.monaco-tribune.com\/it\/?s={search_term_string}"},"query-input":{"@type":"PropertyValueSpecification","valueRequired":true,"valueName":"search_term_string"}}],"inLanguage":"it-IT"},{"@type":"Organization","@id":"https:\/\/www.monaco-tribune.com\/it\/#organization","name":"Monaco Tribune","url":"https:\/\/www.monaco-tribune.com\/it\/","logo":{"@type":"ImageObject","inLanguage":"it-IT","@id":"https:\/\/www.monaco-tribune.com\/it\/#\/schema\/logo\/image\/","url":"https:\/\/www.monaco-tribune.com\/wp-content\/uploads\/2022\/11\/logo-monaco-tribune.png","contentUrl":"https:\/\/www.monaco-tribune.com\/wp-content\/uploads\/2022\/11\/logo-monaco-tribune.png","width":1548,"height":600,"caption":"Monaco Tribune"},"image":{"@id":"https:\/\/www.monaco-tribune.com\/it\/#\/schema\/logo\/image\/"},"sameAs":["https:\/\/www.facebook.com\/MonacoTribune","https:\/\/x.com\/MonacoTribune","https:\/\/www.instagram.com\/monacotribune\/","https:\/\/www.linkedin.com\/company\/monaco-tribune","https:\/\/www.youtube.com\/channel\/UCHle1MnG6hw1y4lWKijVbMA"]}]}},"_links":{"self":[{"href":"https:\/\/www.monaco-tribune.com\/it\/wp-json\/wp\/v2\/listing\/50793","targetHints":{"allow":["GET"]}}],"collection":[{"href":"https:\/\/www.monaco-tribune.com\/it\/wp-json\/wp\/v2\/listing"}],"about":[{"href":"https:\/\/www.monaco-tribune.com\/it\/wp-json\/wp\/v2\/types\/listing"}],"wp:featuredmedia":[{"embeddable":true,"href":"https:\/\/www.monaco-tribune.com\/it\/wp-json\/wp\/v2\/media\/47555"}],"wp:attachment":[{"href":"https:\/\/www.monaco-tribune.com\/it\/wp-json\/wp\/v2\/media?parent=50793"}],"wp:term":[{"taxonomy":"listing-category","embeddable":true,"href":"https:\/\/www.monaco-tribune.com\/it\/wp-json\/wp\/v2\/listing-category?post=50793"}],"curies":[{"name":"wp","href":"https:\/\/api.w.org\/{rel}","templated":true}]}}