{"id":50823,"date":"2020-11-27T17:58:43","date_gmt":"2020-11-27T16:58:43","guid":{"rendered":"https:\/\/www.monaco-tribune.com\/listing\/tatiana-casiraghi\/"},"modified":"2021-01-28T12:35:30","modified_gmt":"2021-01-28T11:35:30","slug":"tatiana-casiraghi","status":"publish","type":"listing","link":"https:\/\/www.monaco-tribune.com\/it\/listing\/tatiana-casiraghi\/","title":{"rendered":"Tatiana Casiraghi"},"content":{"rendered":"\n<p>Tatiana Casiraghi \u00e8 la figlia dell&#8217;uomo d&#8217;affari colombiano Julio Santo-Domingo. \u00c8 nata a New York nel 1983. Ha lavorato per diversi marchi di moda sostenibile. <\/p>\n\n<p>Sostiene anche diverse organizzazioni di beneficenza, tra cui la Fondation Motrice, che finanzia la ricerca sulla paralisi cerebrale. Dopo una relazione di otto anni, ha sposato nel 2013 Andrea Casiraghi, quarto in linea di successione al trono monegasco. Il matrimonio ha avuto luogo al Palazzo del Principe di Monaco. <\/p>\n\n<p>Tatiana ha frequentato la Scuola Internazionale di Ginevra e l&#8217;Istituto Le Rosey. Ha conosciuto Andrea Casiraghi quando studiava in un collegio a Fontainebleau. Ha ottenuto un Master in Belle Arti all&#8217;American University di Londra. <\/p>\n\n<blockquote class=\"wp-block-quote is-layout-flow wp-block-quote-is-layout-flow\"><p>Sono una persona molto nostalgica, quindi ho gi\u00e0 dimenticato tutte le cose brutte e ricordo solo quelle belle&#8230;<\/p><\/blockquote>\n\n<figure class=\"wp-block-gallery columns-2 is-cropped wp-block-gallery-1 is-layout-flex wp-block-gallery-is-layout-flex\"><ul class=\"blocks-gallery-grid\"><li class=\"blocks-gallery-item\"><figure><img loading=\"lazy\" decoding=\"async\" width=\"930\" height=\"690\" src=\"https:\/\/www.monaco-tribune.com\/wp-content\/uploads\/2021\/01\/tatiana-casiraghi.jpg\" alt=\"\" data-id=\"63779\" data-full-url=\"https:\/\/www.monaco-tribune.com\/wp-content\/uploads\/2021\/01\/tatiana-casiraghi.jpg\" data-link=\"https:\/\/www.monaco-tribune.com\/listing\/tatiana-casiraghi\/tatiana-casiraghi\/\" class=\"wp-image-63781\" srcset=\"https:\/\/www.monaco-tribune.com\/wp-content\/uploads\/2021\/01\/tatiana-casiraghi.jpg 930w, https:\/\/www.monaco-tribune.com\/wp-content\/uploads\/2021\/01\/tatiana-casiraghi-404x300.jpg 404w\" sizes=\"auto, (max-width: 930px) 100vw, 930px\" \/><\/figure><\/li><li class=\"blocks-gallery-item\"><figure><img loading=\"lazy\" decoding=\"async\" width=\"1024\" height=\"576\" src=\"https:\/\/www.monaco-tribune.com\/wp-content\/uploads\/2021\/01\/tatiana-santo-domingo-casiraghi-1024x576.jpg\" alt=\"\" data-id=\"63783\" data-full-url=\"https:\/\/www.monaco-tribune.com\/wp-content\/uploads\/2021\/01\/tatiana-santo-domingo-casiraghi.jpg\" data-link=\"https:\/\/www.monaco-tribune.com\/listing\/tatiana-casiraghi\/tatiana-santo-domingo-casiraghi\/\" class=\"wp-image-63785\" srcset=\"https:\/\/www.monaco-tribune.com\/wp-content\/uploads\/2021\/01\/tatiana-santo-domingo-casiraghi-1024x576.jpg 1024w, https:\/\/www.monaco-tribune.com\/wp-content\/uploads\/2021\/01\/tatiana-santo-domingo-casiraghi-533x300.jpg 533w, https:\/\/www.monaco-tribune.com\/wp-content\/uploads\/2021\/01\/tatiana-santo-domingo-casiraghi.jpg 1280w\" sizes=\"auto, (max-width: 1024px) 100vw, 1024px\" \/><\/figure><\/li><\/ul><\/figure>\n<p>Ha fatto uno stage da Alberta Ferretti e poi da Giovanni Bianco a New York prima di lavorare per la rivista Vanity Fair. Nel 2006, ha viaggiato con suo marito a Manila per conto dell&#8217;Associazione Mondiale degli Amici dei Bambini (AMADE) e della Fondazione Virlanie. Nel 2010, \u00e8 stata nominata &#8220;Best Dressed Person of the Year&#8221; da Vanity Fair. E nel 2019, \u00e8 la cittadina monegasca con la fortuna pi\u00f9 grande. <\/p>\n","protected":false},"featured_media":47073,"template":"","meta":{"_acf_changed":false},"listing-category":[2194,2183],"class_list":["post-50823","listing","type-listing","status-publish","has-post-thumbnail","hentry","listing-category-imprenditori-monegaschi","listing-category-personaggi"],"acf":[],"yoast_head":"<!-- This site is optimized with the Yoast SEO Premium plugin v26.8 (Yoast SEO v27.4) - https:\/\/yoast.com\/product\/yoast-seo-premium-wordpress\/ -->\n<title>Tatiana Casiraghi - Monaco Tribune<\/title>\n<meta name=\"robots\" content=\"index, follow, max-snippet:-1, max-image-preview:large, max-video-preview:-1\" \/>\n<link rel=\"canonical\" href=\"https:\/\/www.monaco-tribune.com\/it\/listing\/tatiana-casiraghi\/\" \/>\n<meta property=\"og:locale\" content=\"it_IT\" \/>\n<meta property=\"og:type\" content=\"article\" \/>\n<meta property=\"og:title\" content=\"Tatiana Casiraghi\" \/>\n<meta property=\"og:description\" content=\"Tatiana Casiraghi \u00e8 la figlia dell&#8217;uomo d&#8217;affari colombiano Julio Santo-Domingo. \u00c8 nata a New York nel 1983. Ha lavorato per diversi marchi di moda sostenibile. Sostiene anche diverse organizzazioni di beneficenza, tra cui la Fondation Motrice, che finanzia la ricerca [&hellip;]\" \/>\n<meta property=\"og:url\" content=\"https:\/\/www.monaco-tribune.com\/it\/listing\/tatiana-casiraghi\/\" \/>\n<meta property=\"og:site_name\" content=\"Monaco Tribune\" \/>\n<meta property=\"article:publisher\" content=\"https:\/\/www.facebook.com\/MonacoTribune\" \/>\n<meta property=\"article:modified_time\" content=\"2021-01-28T11:35:30+00:00\" \/>\n<meta property=\"og:image\" content=\"https:\/\/www.monaco-tribune.com\/wp-content\/uploads\/2020\/11\/tatiana-casiraghi-min.jpg\" \/>\n\t<meta property=\"og:image:width\" content=\"1200\" \/>\n\t<meta property=\"og:image:height\" content=\"799\" \/>\n\t<meta property=\"og:image:type\" content=\"image\/jpeg\" \/>\n<meta name=\"twitter:card\" content=\"summary_large_image\" \/>\n<meta name=\"twitter:site\" content=\"@MonacoTribune\" \/>\n<script type=\"application\/ld+json\" class=\"yoast-schema-graph\">{\"@context\":\"https:\\\/\\\/schema.org\",\"@graph\":[{\"@type\":\"WebPage\",\"@id\":\"https:\\\/\\\/www.monaco-tribune.com\\\/it\\\/listing\\\/tatiana-casiraghi\\\/\",\"url\":\"https:\\\/\\\/www.monaco-tribune.com\\\/it\\\/listing\\\/tatiana-casiraghi\\\/\",\"name\":\"Tatiana Casiraghi - Monaco Tribune\",\"isPartOf\":{\"@id\":\"https:\\\/\\\/www.monaco-tribune.com\\\/it\\\/#website\"},\"primaryImageOfPage\":{\"@id\":\"https:\\\/\\\/www.monaco-tribune.com\\\/it\\\/listing\\\/tatiana-casiraghi\\\/#primaryimage\"},\"image\":{\"@id\":\"https:\\\/\\\/www.monaco-tribune.com\\\/it\\\/listing\\\/tatiana-casiraghi\\\/#primaryimage\"},\"thumbnailUrl\":\"https:\\\/\\\/www.monaco-tribune.com\\\/wp-content\\\/uploads\\\/2020\\\/11\\\/tatiana-casiraghi-min.jpg\",\"datePublished\":\"2020-11-27T16:58:43+00:00\",\"dateModified\":\"2021-01-28T11:35:30+00:00\",\"breadcrumb\":{\"@id\":\"https:\\\/\\\/www.monaco-tribune.com\\\/it\\\/listing\\\/tatiana-casiraghi\\\/#breadcrumb\"},\"inLanguage\":\"it-IT\",\"potentialAction\":[{\"@type\":\"ReadAction\",\"target\":[\"https:\\\/\\\/www.monaco-tribune.com\\\/it\\\/listing\\\/tatiana-casiraghi\\\/\"]}]},{\"@type\":\"ImageObject\",\"inLanguage\":\"it-IT\",\"@id\":\"https:\\\/\\\/www.monaco-tribune.com\\\/it\\\/listing\\\/tatiana-casiraghi\\\/#primaryimage\",\"url\":\"https:\\\/\\\/www.monaco-tribune.com\\\/wp-content\\\/uploads\\\/2020\\\/11\\\/tatiana-casiraghi-min.jpg\",\"contentUrl\":\"https:\\\/\\\/www.monaco-tribune.com\\\/wp-content\\\/uploads\\\/2020\\\/11\\\/tatiana-casiraghi-min.jpg\",\"width\":1200,\"height\":799,\"caption\":\"Tatiana Casiraghi\"},{\"@type\":\"BreadcrumbList\",\"@id\":\"https:\\\/\\\/www.monaco-tribune.com\\\/it\\\/listing\\\/tatiana-casiraghi\\\/#breadcrumb\",\"itemListElement\":[{\"@type\":\"ListItem\",\"position\":1,\"name\":\"Accueil\",\"item\":\"https:\\\/\\\/www.monaco-tribune.com\\\/it\\\/\"},{\"@type\":\"ListItem\",\"position\":2,\"name\":\"Tatiana Casiraghi\"}]},{\"@type\":\"WebSite\",\"@id\":\"https:\\\/\\\/www.monaco-tribune.com\\\/it\\\/#website\",\"url\":\"https:\\\/\\\/www.monaco-tribune.com\\\/it\\\/\",\"name\":\"Monaco Tribune\",\"description\":\"Monaco : actualit\u00e9s \u00e9conomiques, politiques, culturelles et sportives de Monaco et de la French Riviera.\",\"publisher\":{\"@id\":\"https:\\\/\\\/www.monaco-tribune.com\\\/it\\\/#organization\"},\"potentialAction\":[{\"@type\":\"SearchAction\",\"target\":{\"@type\":\"EntryPoint\",\"urlTemplate\":\"https:\\\/\\\/www.monaco-tribune.com\\\/it\\\/?s={search_term_string}\"},\"query-input\":{\"@type\":\"PropertyValueSpecification\",\"valueRequired\":true,\"valueName\":\"search_term_string\"}}],\"inLanguage\":\"it-IT\"},{\"@type\":\"Organization\",\"@id\":\"https:\\\/\\\/www.monaco-tribune.com\\\/it\\\/#organization\",\"name\":\"Monaco Tribune\",\"url\":\"https:\\\/\\\/www.monaco-tribune.com\\\/it\\\/\",\"logo\":{\"@type\":\"ImageObject\",\"inLanguage\":\"it-IT\",\"@id\":\"https:\\\/\\\/www.monaco-tribune.com\\\/it\\\/#\\\/schema\\\/logo\\\/image\\\/\",\"url\":\"https:\\\/\\\/www.monaco-tribune.com\\\/wp-content\\\/uploads\\\/2022\\\/11\\\/logo-monaco-tribune.png\",\"contentUrl\":\"https:\\\/\\\/www.monaco-tribune.com\\\/wp-content\\\/uploads\\\/2022\\\/11\\\/logo-monaco-tribune.png\",\"width\":1548,\"height\":600,\"caption\":\"Monaco Tribune\"},\"image\":{\"@id\":\"https:\\\/\\\/www.monaco-tribune.com\\\/it\\\/#\\\/schema\\\/logo\\\/image\\\/\"},\"sameAs\":[\"https:\\\/\\\/www.facebook.com\\\/MonacoTribune\",\"https:\\\/\\\/x.com\\\/MonacoTribune\",\"https:\\\/\\\/www.instagram.com\\\/monacotribune\\\/\",\"https:\\\/\\\/www.linkedin.com\\\/company\\\/monaco-tribune\",\"https:\\\/\\\/www.youtube.com\\\/channel\\\/UCHle1MnG6hw1y4lWKijVbMA\"]}]}<\/script>\n<!-- \/ Yoast SEO Premium plugin. -->","yoast_head_json":{"title":"Tatiana Casiraghi - Monaco Tribune","robots":{"index":"index","follow":"follow","max-snippet":"max-snippet:-1","max-image-preview":"max-image-preview:large","max-video-preview":"max-video-preview:-1"},"canonical":"https:\/\/www.monaco-tribune.com\/it\/listing\/tatiana-casiraghi\/","og_locale":"it_IT","og_type":"article","og_title":"Tatiana Casiraghi","og_description":"Tatiana Casiraghi \u00e8 la figlia dell&#8217;uomo d&#8217;affari colombiano Julio Santo-Domingo. \u00c8 nata a New York nel 1983. Ha lavorato per diversi marchi di moda sostenibile. Sostiene anche diverse organizzazioni di beneficenza, tra cui la Fondation Motrice, che finanzia la ricerca [&hellip;]","og_url":"https:\/\/www.monaco-tribune.com\/it\/listing\/tatiana-casiraghi\/","og_site_name":"Monaco Tribune","article_publisher":"https:\/\/www.facebook.com\/MonacoTribune","article_modified_time":"2021-01-28T11:35:30+00:00","og_image":[{"width":1200,"height":799,"url":"https:\/\/www.monaco-tribune.com\/wp-content\/uploads\/2020\/11\/tatiana-casiraghi-min.jpg","type":"image\/jpeg"}],"twitter_card":"summary_large_image","twitter_site":"@MonacoTribune","schema":{"@context":"https:\/\/schema.org","@graph":[{"@type":"WebPage","@id":"https:\/\/www.monaco-tribune.com\/it\/listing\/tatiana-casiraghi\/","url":"https:\/\/www.monaco-tribune.com\/it\/listing\/tatiana-casiraghi\/","name":"Tatiana Casiraghi - Monaco Tribune","isPartOf":{"@id":"https:\/\/www.monaco-tribune.com\/it\/#website"},"primaryImageOfPage":{"@id":"https:\/\/www.monaco-tribune.com\/it\/listing\/tatiana-casiraghi\/#primaryimage"},"image":{"@id":"https:\/\/www.monaco-tribune.com\/it\/listing\/tatiana-casiraghi\/#primaryimage"},"thumbnailUrl":"https:\/\/www.monaco-tribune.com\/wp-content\/uploads\/2020\/11\/tatiana-casiraghi-min.jpg","datePublished":"2020-11-27T16:58:43+00:00","dateModified":"2021-01-28T11:35:30+00:00","breadcrumb":{"@id":"https:\/\/www.monaco-tribune.com\/it\/listing\/tatiana-casiraghi\/#breadcrumb"},"inLanguage":"it-IT","potentialAction":[{"@type":"ReadAction","target":["https:\/\/www.monaco-tribune.com\/it\/listing\/tatiana-casiraghi\/"]}]},{"@type":"ImageObject","inLanguage":"it-IT","@id":"https:\/\/www.monaco-tribune.com\/it\/listing\/tatiana-casiraghi\/#primaryimage","url":"https:\/\/www.monaco-tribune.com\/wp-content\/uploads\/2020\/11\/tatiana-casiraghi-min.jpg","contentUrl":"https:\/\/www.monaco-tribune.com\/wp-content\/uploads\/2020\/11\/tatiana-casiraghi-min.jpg","width":1200,"height":799,"caption":"Tatiana Casiraghi"},{"@type":"BreadcrumbList","@id":"https:\/\/www.monaco-tribune.com\/it\/listing\/tatiana-casiraghi\/#breadcrumb","itemListElement":[{"@type":"ListItem","position":1,"name":"Accueil","item":"https:\/\/www.monaco-tribune.com\/it\/"},{"@type":"ListItem","position":2,"name":"Tatiana Casiraghi"}]},{"@type":"WebSite","@id":"https:\/\/www.monaco-tribune.com\/it\/#website","url":"https:\/\/www.monaco-tribune.com\/it\/","name":"Monaco Tribune","description":"Monaco : actualit\u00e9s \u00e9conomiques, politiques, culturelles et sportives de Monaco et de la French Riviera.","publisher":{"@id":"https:\/\/www.monaco-tribune.com\/it\/#organization"},"potentialAction":[{"@type":"SearchAction","target":{"@type":"EntryPoint","urlTemplate":"https:\/\/www.monaco-tribune.com\/it\/?s={search_term_string}"},"query-input":{"@type":"PropertyValueSpecification","valueRequired":true,"valueName":"search_term_string"}}],"inLanguage":"it-IT"},{"@type":"Organization","@id":"https:\/\/www.monaco-tribune.com\/it\/#organization","name":"Monaco Tribune","url":"https:\/\/www.monaco-tribune.com\/it\/","logo":{"@type":"ImageObject","inLanguage":"it-IT","@id":"https:\/\/www.monaco-tribune.com\/it\/#\/schema\/logo\/image\/","url":"https:\/\/www.monaco-tribune.com\/wp-content\/uploads\/2022\/11\/logo-monaco-tribune.png","contentUrl":"https:\/\/www.monaco-tribune.com\/wp-content\/uploads\/2022\/11\/logo-monaco-tribune.png","width":1548,"height":600,"caption":"Monaco Tribune"},"image":{"@id":"https:\/\/www.monaco-tribune.com\/it\/#\/schema\/logo\/image\/"},"sameAs":["https:\/\/www.facebook.com\/MonacoTribune","https:\/\/x.com\/MonacoTribune","https:\/\/www.instagram.com\/monacotribune\/","https:\/\/www.linkedin.com\/company\/monaco-tribune","https:\/\/www.youtube.com\/channel\/UCHle1MnG6hw1y4lWKijVbMA"]}]}},"_links":{"self":[{"href":"https:\/\/www.monaco-tribune.com\/it\/wp-json\/wp\/v2\/listing\/50823","targetHints":{"allow":["GET"]}}],"collection":[{"href":"https:\/\/www.monaco-tribune.com\/it\/wp-json\/wp\/v2\/listing"}],"about":[{"href":"https:\/\/www.monaco-tribune.com\/it\/wp-json\/wp\/v2\/types\/listing"}],"wp:featuredmedia":[{"embeddable":true,"href":"https:\/\/www.monaco-tribune.com\/it\/wp-json\/wp\/v2\/media\/47073"}],"wp:attachment":[{"href":"https:\/\/www.monaco-tribune.com\/it\/wp-json\/wp\/v2\/media?parent=50823"}],"wp:term":[{"taxonomy":"listing-category","embeddable":true,"href":"https:\/\/www.monaco-tribune.com\/it\/wp-json\/wp\/v2\/listing-category?post=50823"}],"curies":[{"name":"wp","href":"https:\/\/api.w.org\/{rel}","templated":true}]}}