{"id":51140,"date":"2020-11-28T17:32:41","date_gmt":"2020-11-28T16:32:41","guid":{"rendered":"https:\/\/www.monaco-tribune.com\/listing\/bernard-tomic\/"},"modified":"2021-01-29T09:40:57","modified_gmt":"2021-01-29T08:40:57","slug":"bernard-tomic","status":"publish","type":"listing","link":"https:\/\/www.monaco-tribune.com\/it\/listing\/bernard-tomic\/","title":{"rendered":"Bernard Tomic"},"content":{"rendered":"\n<p>Bernard Tomic, nato il 21 ottobre 1992 a Stoccarda, \u00e8 un tennista professionista australiano. Da giovane, era considerato una delle pi\u00f9 grandi speranze del suo sport. Nato in Germania da una famiglia originaria della Croazia e della Bosnia, \u00e8 emigrato in Australia all&#8217;et\u00e0 di tre anni e mezzo. \u00c8 l&#8217;unico giocatore ad aver vinto l&#8217;Orange Bowl in tre categorie diverse di et\u00e0 ed \u00e8 il pi\u00f9 giovane giocatore della storia a vincere un titolo del Grande Slam Junior.<\/p>\n\n<p>Bernard Tomic ha iniziato a giocare a tennis all&#8217;et\u00e0 di sette anni e si \u00e8 trasferito nella Gold Coast dove ha incontrato Mark Draper (ex giocatore professionista e fratello di Scott Draper) che lo ha aiutato nell&#8217;allenamento. Da subito, \u00e8 un ottimo tennista con una carriera promettente.<\/p>\n\n<blockquote class=\"wp-block-quote is-layout-flow wp-block-quote-is-layout-flow\"><p>\n          <em>La mia ragazza mi sta allenando, in realt\u00e0. Mi sta aiutando con alcune cose e dettagli. Insieme, siamo riusciti a vincere otto partite su nove. \u00c8 una nuova tattica per il 2021.<\/em>\n        <\/p><\/blockquote>\n\n<p>Il giocatore australiano ha deciso di dedicarsi interamente al circuito senior dal 2009. Nel 2016, agli Australian Open, fa una buona gara, raggiungendo gli ottavi di finale come la stagione precedente senza troppi problemi, ma perde contro Andy Murray (6-4, 6-4, 7-64), il futuro finalista. <\/p>\n\n<p>La stagione seguente al Roland Garros, si qualifica per il main draw senza perdere un set, perdendo poi al primo turno contro Marco Trungelliti. Il 28 gennaio 2018 partecipa alla quarta stagione di I&#8217;m a Celebrity&#8230; Get Me Out of Here! in Australia. Dopo tre giorni decide di rinunciare.<\/p>\n\n<figure class=\"wp-block-gallery aligncenter columns-2 is-cropped wp-block-gallery-1 is-layout-flex wp-block-gallery-is-layout-flex\"><ul class=\"blocks-gallery-grid\"><li class=\"blocks-gallery-item\"><figure><img loading=\"lazy\" decoding=\"async\" width=\"1024\" height=\"682\" src=\"https:\/\/www.monaco-tribune.com\/wp-content\/uploads\/2021\/01\/revived-bernard-tomic-aims-to-play-until-35-1-2-1024x682.jpg\" alt=\"\" data-id=\"63306\" data-full-url=\"https:\/\/www.monaco-tribune.com\/wp-content\/uploads\/2021\/01\/revived-bernard-tomic-aims-to-play-until-35-1-2.jpg\" data-link=\"https:\/\/www.monaco-tribune.com\/listing\/bernard-tomic\/revived-bernard-tomic-aims-to-play-until-35-1-2\/\" class=\"wp-image-63308\" srcset=\"https:\/\/www.monaco-tribune.com\/wp-content\/uploads\/2021\/01\/revived-bernard-tomic-aims-to-play-until-35-1-2-1024x682.jpg 1024w, https:\/\/www.monaco-tribune.com\/wp-content\/uploads\/2021\/01\/revived-bernard-tomic-aims-to-play-until-35-1-2-450x300.jpg 450w, https:\/\/www.monaco-tribune.com\/wp-content\/uploads\/2021\/01\/revived-bernard-tomic-aims-to-play-until-35-1-2.jpg 1920w\" sizes=\"auto, (max-width: 1024px) 100vw, 1024px\" \/><\/figure><\/li><li class=\"blocks-gallery-item\"><figure><img loading=\"lazy\" decoding=\"async\" width=\"1024\" height=\"658\" src=\"https:\/\/www.monaco-tribune.com\/wp-content\/uploads\/2021\/01\/bernard-tomic-i-risked-my-life-to-come-to-doha-and-qualify-for-australian-open-min-3-1024x658.jpg\" alt=\"\" data-id=\"63314\" data-full-url=\"https:\/\/www.monaco-tribune.com\/wp-content\/uploads\/2021\/01\/bernard-tomic-i-risked-my-life-to-come-to-doha-and-qualify-for-australian-open-min-3.jpg\" data-link=\"https:\/\/www.monaco-tribune.com\/listing\/bernard-tomic\/bernard-tomic-i-risked-my-life-to-come-to-doha-and-qualify-for-australian-open-min-3\/\" class=\"wp-image-63316\" srcset=\"https:\/\/www.monaco-tribune.com\/wp-content\/uploads\/2021\/01\/bernard-tomic-i-risked-my-life-to-come-to-doha-and-qualify-for-australian-open-min-3-1024x658.jpg 1024w, https:\/\/www.monaco-tribune.com\/wp-content\/uploads\/2021\/01\/bernard-tomic-i-risked-my-life-to-come-to-doha-and-qualify-for-australian-open-min-3-467x300.jpg 467w, https:\/\/www.monaco-tribune.com\/wp-content\/uploads\/2021\/01\/bernard-tomic-i-risked-my-life-to-come-to-doha-and-qualify-for-australian-open-min-3.jpg 1920w\" sizes=\"auto, (max-width: 1024px) 100vw, 1024px\" \/><\/figure><\/li><\/ul><\/figure>","protected":false},"featured_media":47635,"template":"","meta":{"_acf_changed":false},"listing-category":[2183,2185],"class_list":["post-51140","listing","type-listing","status-publish","has-post-thumbnail","hentry","listing-category-personaggi","listing-category-sportivi"],"acf":[],"yoast_head":"<!-- This site is optimized with the Yoast SEO Premium plugin v26.8 (Yoast SEO v27.4) - https:\/\/yoast.com\/product\/yoast-seo-premium-wordpress\/ -->\n<title>Bernard Tomic - Monaco Tribune<\/title>\n<meta name=\"robots\" content=\"index, follow, max-snippet:-1, max-image-preview:large, max-video-preview:-1\" \/>\n<link rel=\"canonical\" href=\"https:\/\/www.monaco-tribune.com\/it\/listing\/bernard-tomic\/\" \/>\n<meta property=\"og:locale\" content=\"it_IT\" \/>\n<meta property=\"og:type\" content=\"article\" \/>\n<meta property=\"og:title\" content=\"Bernard Tomic\" \/>\n<meta property=\"og:description\" content=\"Bernard Tomic, nato il 21 ottobre 1992 a Stoccarda, \u00e8 un tennista professionista australiano. Da giovane, era considerato una delle pi\u00f9 grandi speranze del suo sport. Nato in Germania da una famiglia originaria della Croazia e della Bosnia, \u00e8 emigrato [&hellip;]\" \/>\n<meta property=\"og:url\" content=\"https:\/\/www.monaco-tribune.com\/it\/listing\/bernard-tomic\/\" \/>\n<meta property=\"og:site_name\" content=\"Monaco Tribune\" \/>\n<meta property=\"article:publisher\" content=\"https:\/\/www.facebook.com\/MonacoTribune\" \/>\n<meta property=\"article:modified_time\" content=\"2021-01-29T08:40:57+00:00\" \/>\n<meta property=\"og:image\" content=\"https:\/\/www.monaco-tribune.com\/wp-content\/uploads\/2020\/11\/bernard-tomic-min.jpg\" \/>\n\t<meta property=\"og:image:width\" content=\"750\" \/>\n\t<meta property=\"og:image:height\" content=\"430\" \/>\n\t<meta property=\"og:image:type\" content=\"image\/jpeg\" \/>\n<meta name=\"twitter:card\" content=\"summary_large_image\" \/>\n<meta name=\"twitter:site\" content=\"@MonacoTribune\" \/>\n<script type=\"application\/ld+json\" class=\"yoast-schema-graph\">{\"@context\":\"https:\\\/\\\/schema.org\",\"@graph\":[{\"@type\":\"WebPage\",\"@id\":\"https:\\\/\\\/www.monaco-tribune.com\\\/it\\\/listing\\\/bernard-tomic\\\/\",\"url\":\"https:\\\/\\\/www.monaco-tribune.com\\\/it\\\/listing\\\/bernard-tomic\\\/\",\"name\":\"Bernard Tomic - Monaco Tribune\",\"isPartOf\":{\"@id\":\"https:\\\/\\\/www.monaco-tribune.com\\\/it\\\/#website\"},\"primaryImageOfPage\":{\"@id\":\"https:\\\/\\\/www.monaco-tribune.com\\\/it\\\/listing\\\/bernard-tomic\\\/#primaryimage\"},\"image\":{\"@id\":\"https:\\\/\\\/www.monaco-tribune.com\\\/it\\\/listing\\\/bernard-tomic\\\/#primaryimage\"},\"thumbnailUrl\":\"https:\\\/\\\/www.monaco-tribune.com\\\/wp-content\\\/uploads\\\/2020\\\/11\\\/bernard-tomic-min.jpg\",\"datePublished\":\"2020-11-28T16:32:41+00:00\",\"dateModified\":\"2021-01-29T08:40:57+00:00\",\"breadcrumb\":{\"@id\":\"https:\\\/\\\/www.monaco-tribune.com\\\/it\\\/listing\\\/bernard-tomic\\\/#breadcrumb\"},\"inLanguage\":\"it-IT\",\"potentialAction\":[{\"@type\":\"ReadAction\",\"target\":[\"https:\\\/\\\/www.monaco-tribune.com\\\/it\\\/listing\\\/bernard-tomic\\\/\"]}]},{\"@type\":\"ImageObject\",\"inLanguage\":\"it-IT\",\"@id\":\"https:\\\/\\\/www.monaco-tribune.com\\\/it\\\/listing\\\/bernard-tomic\\\/#primaryimage\",\"url\":\"https:\\\/\\\/www.monaco-tribune.com\\\/wp-content\\\/uploads\\\/2020\\\/11\\\/bernard-tomic-min.jpg\",\"contentUrl\":\"https:\\\/\\\/www.monaco-tribune.com\\\/wp-content\\\/uploads\\\/2020\\\/11\\\/bernard-tomic-min.jpg\",\"width\":750,\"height\":430,\"caption\":\"Bernard Tomic\"},{\"@type\":\"BreadcrumbList\",\"@id\":\"https:\\\/\\\/www.monaco-tribune.com\\\/it\\\/listing\\\/bernard-tomic\\\/#breadcrumb\",\"itemListElement\":[{\"@type\":\"ListItem\",\"position\":1,\"name\":\"Accueil\",\"item\":\"https:\\\/\\\/www.monaco-tribune.com\\\/it\\\/\"},{\"@type\":\"ListItem\",\"position\":2,\"name\":\"Bernard Tomic\"}]},{\"@type\":\"WebSite\",\"@id\":\"https:\\\/\\\/www.monaco-tribune.com\\\/it\\\/#website\",\"url\":\"https:\\\/\\\/www.monaco-tribune.com\\\/it\\\/\",\"name\":\"Monaco Tribune\",\"description\":\"Monaco : actualit\u00e9s \u00e9conomiques, politiques, culturelles et sportives de Monaco et de la French Riviera.\",\"publisher\":{\"@id\":\"https:\\\/\\\/www.monaco-tribune.com\\\/it\\\/#organization\"},\"potentialAction\":[{\"@type\":\"SearchAction\",\"target\":{\"@type\":\"EntryPoint\",\"urlTemplate\":\"https:\\\/\\\/www.monaco-tribune.com\\\/it\\\/?s={search_term_string}\"},\"query-input\":{\"@type\":\"PropertyValueSpecification\",\"valueRequired\":true,\"valueName\":\"search_term_string\"}}],\"inLanguage\":\"it-IT\"},{\"@type\":\"Organization\",\"@id\":\"https:\\\/\\\/www.monaco-tribune.com\\\/it\\\/#organization\",\"name\":\"Monaco Tribune\",\"url\":\"https:\\\/\\\/www.monaco-tribune.com\\\/it\\\/\",\"logo\":{\"@type\":\"ImageObject\",\"inLanguage\":\"it-IT\",\"@id\":\"https:\\\/\\\/www.monaco-tribune.com\\\/it\\\/#\\\/schema\\\/logo\\\/image\\\/\",\"url\":\"https:\\\/\\\/www.monaco-tribune.com\\\/wp-content\\\/uploads\\\/2022\\\/11\\\/logo-monaco-tribune.png\",\"contentUrl\":\"https:\\\/\\\/www.monaco-tribune.com\\\/wp-content\\\/uploads\\\/2022\\\/11\\\/logo-monaco-tribune.png\",\"width\":1548,\"height\":600,\"caption\":\"Monaco Tribune\"},\"image\":{\"@id\":\"https:\\\/\\\/www.monaco-tribune.com\\\/it\\\/#\\\/schema\\\/logo\\\/image\\\/\"},\"sameAs\":[\"https:\\\/\\\/www.facebook.com\\\/MonacoTribune\",\"https:\\\/\\\/x.com\\\/MonacoTribune\",\"https:\\\/\\\/www.instagram.com\\\/monacotribune\\\/\",\"https:\\\/\\\/www.linkedin.com\\\/company\\\/monaco-tribune\",\"https:\\\/\\\/www.youtube.com\\\/channel\\\/UCHle1MnG6hw1y4lWKijVbMA\"]}]}<\/script>\n<!-- \/ Yoast SEO Premium plugin. -->","yoast_head_json":{"title":"Bernard Tomic - Monaco Tribune","robots":{"index":"index","follow":"follow","max-snippet":"max-snippet:-1","max-image-preview":"max-image-preview:large","max-video-preview":"max-video-preview:-1"},"canonical":"https:\/\/www.monaco-tribune.com\/it\/listing\/bernard-tomic\/","og_locale":"it_IT","og_type":"article","og_title":"Bernard Tomic","og_description":"Bernard Tomic, nato il 21 ottobre 1992 a Stoccarda, \u00e8 un tennista professionista australiano. Da giovane, era considerato una delle pi\u00f9 grandi speranze del suo sport. Nato in Germania da una famiglia originaria della Croazia e della Bosnia, \u00e8 emigrato [&hellip;]","og_url":"https:\/\/www.monaco-tribune.com\/it\/listing\/bernard-tomic\/","og_site_name":"Monaco Tribune","article_publisher":"https:\/\/www.facebook.com\/MonacoTribune","article_modified_time":"2021-01-29T08:40:57+00:00","og_image":[{"width":750,"height":430,"url":"https:\/\/www.monaco-tribune.com\/wp-content\/uploads\/2020\/11\/bernard-tomic-min.jpg","type":"image\/jpeg"}],"twitter_card":"summary_large_image","twitter_site":"@MonacoTribune","schema":{"@context":"https:\/\/schema.org","@graph":[{"@type":"WebPage","@id":"https:\/\/www.monaco-tribune.com\/it\/listing\/bernard-tomic\/","url":"https:\/\/www.monaco-tribune.com\/it\/listing\/bernard-tomic\/","name":"Bernard Tomic - Monaco Tribune","isPartOf":{"@id":"https:\/\/www.monaco-tribune.com\/it\/#website"},"primaryImageOfPage":{"@id":"https:\/\/www.monaco-tribune.com\/it\/listing\/bernard-tomic\/#primaryimage"},"image":{"@id":"https:\/\/www.monaco-tribune.com\/it\/listing\/bernard-tomic\/#primaryimage"},"thumbnailUrl":"https:\/\/www.monaco-tribune.com\/wp-content\/uploads\/2020\/11\/bernard-tomic-min.jpg","datePublished":"2020-11-28T16:32:41+00:00","dateModified":"2021-01-29T08:40:57+00:00","breadcrumb":{"@id":"https:\/\/www.monaco-tribune.com\/it\/listing\/bernard-tomic\/#breadcrumb"},"inLanguage":"it-IT","potentialAction":[{"@type":"ReadAction","target":["https:\/\/www.monaco-tribune.com\/it\/listing\/bernard-tomic\/"]}]},{"@type":"ImageObject","inLanguage":"it-IT","@id":"https:\/\/www.monaco-tribune.com\/it\/listing\/bernard-tomic\/#primaryimage","url":"https:\/\/www.monaco-tribune.com\/wp-content\/uploads\/2020\/11\/bernard-tomic-min.jpg","contentUrl":"https:\/\/www.monaco-tribune.com\/wp-content\/uploads\/2020\/11\/bernard-tomic-min.jpg","width":750,"height":430,"caption":"Bernard Tomic"},{"@type":"BreadcrumbList","@id":"https:\/\/www.monaco-tribune.com\/it\/listing\/bernard-tomic\/#breadcrumb","itemListElement":[{"@type":"ListItem","position":1,"name":"Accueil","item":"https:\/\/www.monaco-tribune.com\/it\/"},{"@type":"ListItem","position":2,"name":"Bernard Tomic"}]},{"@type":"WebSite","@id":"https:\/\/www.monaco-tribune.com\/it\/#website","url":"https:\/\/www.monaco-tribune.com\/it\/","name":"Monaco Tribune","description":"Monaco : actualit\u00e9s \u00e9conomiques, politiques, culturelles et sportives de Monaco et de la French Riviera.","publisher":{"@id":"https:\/\/www.monaco-tribune.com\/it\/#organization"},"potentialAction":[{"@type":"SearchAction","target":{"@type":"EntryPoint","urlTemplate":"https:\/\/www.monaco-tribune.com\/it\/?s={search_term_string}"},"query-input":{"@type":"PropertyValueSpecification","valueRequired":true,"valueName":"search_term_string"}}],"inLanguage":"it-IT"},{"@type":"Organization","@id":"https:\/\/www.monaco-tribune.com\/it\/#organization","name":"Monaco Tribune","url":"https:\/\/www.monaco-tribune.com\/it\/","logo":{"@type":"ImageObject","inLanguage":"it-IT","@id":"https:\/\/www.monaco-tribune.com\/it\/#\/schema\/logo\/image\/","url":"https:\/\/www.monaco-tribune.com\/wp-content\/uploads\/2022\/11\/logo-monaco-tribune.png","contentUrl":"https:\/\/www.monaco-tribune.com\/wp-content\/uploads\/2022\/11\/logo-monaco-tribune.png","width":1548,"height":600,"caption":"Monaco Tribune"},"image":{"@id":"https:\/\/www.monaco-tribune.com\/it\/#\/schema\/logo\/image\/"},"sameAs":["https:\/\/www.facebook.com\/MonacoTribune","https:\/\/x.com\/MonacoTribune","https:\/\/www.instagram.com\/monacotribune\/","https:\/\/www.linkedin.com\/company\/monaco-tribune","https:\/\/www.youtube.com\/channel\/UCHle1MnG6hw1y4lWKijVbMA"]}]}},"_links":{"self":[{"href":"https:\/\/www.monaco-tribune.com\/it\/wp-json\/wp\/v2\/listing\/51140","targetHints":{"allow":["GET"]}}],"collection":[{"href":"https:\/\/www.monaco-tribune.com\/it\/wp-json\/wp\/v2\/listing"}],"about":[{"href":"https:\/\/www.monaco-tribune.com\/it\/wp-json\/wp\/v2\/types\/listing"}],"wp:featuredmedia":[{"embeddable":true,"href":"https:\/\/www.monaco-tribune.com\/it\/wp-json\/wp\/v2\/media\/47635"}],"wp:attachment":[{"href":"https:\/\/www.monaco-tribune.com\/it\/wp-json\/wp\/v2\/media?parent=51140"}],"wp:term":[{"taxonomy":"listing-category","embeddable":true,"href":"https:\/\/www.monaco-tribune.com\/it\/wp-json\/wp\/v2\/listing-category?post=51140"}],"curies":[{"name":"wp","href":"https:\/\/api.w.org\/{rel}","templated":true}]}}