{"id":51145,"date":"2020-11-28T17:38:32","date_gmt":"2020-11-28T16:38:32","guid":{"rendered":"https:\/\/www.monaco-tribune.com\/listing\/camille-gottlieb\/"},"modified":"2021-01-29T11:12:07","modified_gmt":"2021-01-29T10:12:07","slug":"camille-gottlieb","status":"publish","type":"listing","link":"https:\/\/www.monaco-tribune.com\/it\/listing\/camille-gottlieb\/","title":{"rendered":"Camille Gottlieb"},"content":{"rendered":"\n<p>Camille Gottlieb \u00e8 la figlia della principessa Stephanie e di Jean Raymond Gottlieb. La figlia minore della principessa Stephanie di Monaco \u00e8 piuttosto discreta. Ai riflettori, ha preferito dedicarsi a cause caritative.<\/p>\n\n<p>\u00c8 presidente dell&#8217;associazione <a href=\"https:\/\/www.monaco-tribune.com\/2020\/06\/lassociation-be-safe-equipee-dun-nouveau-vehicule\/\">#BeSafeMonaco<\/a>. Ricordiamo che sua nonna, la principessa Grace di Monaco, \u00e8 morta in un incidente stradale nel 1982. Pi\u00f9 recentemente, ha perso uno dei suoi amici, Alexis Jacquemond, in un tragico incidente dopo una serata all&#8217;Hotel Meridien. Profondamente colpita, la giovane ragazza ha creato la propria associazione per lottare contro la guida in stato di ebbrezza.<\/p>\n\n<blockquote class=\"wp-block-quote is-layout-flow wp-block-quote-is-layout-flow\"><p>Dobbiamo evolvere e cercare di prenderci cura del nostro mondo che sta andando cos\u00ec male&#8230;<\/p><\/blockquote>\n\n<figure class=\"wp-block-gallery columns-2 is-cropped wp-block-gallery-1 is-layout-flex wp-block-gallery-is-layout-flex\"><ul class=\"blocks-gallery-grid\"><li class=\"blocks-gallery-item\"><figure><img loading=\"lazy\" decoding=\"async\" width=\"800\" height=\"594\" src=\"https:\/\/www.monaco-tribune.com\/wp-content\/uploads\/2021\/01\/camille-gottlieb.jpg\" alt=\"\" data-id=\"63709\" data-full-url=\"https:\/\/www.monaco-tribune.com\/wp-content\/uploads\/2021\/01\/camille-gottlieb.jpg\" data-link=\"https:\/\/www.monaco-tribune.com\/listing\/camille-gottlieb\/camille-gottlieb\/\" class=\"wp-image-63711\" srcset=\"https:\/\/www.monaco-tribune.com\/wp-content\/uploads\/2021\/01\/camille-gottlieb.jpg 800w, https:\/\/www.monaco-tribune.com\/wp-content\/uploads\/2021\/01\/camille-gottlieb-404x300.jpg 404w\" sizes=\"auto, (max-width: 800px) 100vw, 800px\" \/><\/figure><\/li><li class=\"blocks-gallery-item\"><figure><img loading=\"lazy\" decoding=\"async\" width=\"1024\" height=\"716\" src=\"https:\/\/www.monaco-tribune.com\/wp-content\/uploads\/2021\/01\/camille-gottlieb-la-fille-de-stephanie-de-monaco-explique-sa-soudaine-perte-de-poids-1024x716.jpg\" alt=\"\" data-id=\"63713\" data-full-url=\"https:\/\/www.monaco-tribune.com\/wp-content\/uploads\/2021\/01\/camille-gottlieb-la-fille-de-stephanie-de-monaco-explique-sa-soudaine-perte-de-poids.jpg\" data-link=\"https:\/\/www.monaco-tribune.com\/listing\/camille-gottlieb\/camille-gottlieb-la-fille-de-stephanie-de-monaco-explique-sa-soudaine-perte-de-poids\/\" class=\"wp-image-63715\" srcset=\"https:\/\/www.monaco-tribune.com\/wp-content\/uploads\/2021\/01\/camille-gottlieb-la-fille-de-stephanie-de-monaco-explique-sa-soudaine-perte-de-poids-1024x716.jpg 1024w, https:\/\/www.monaco-tribune.com\/wp-content\/uploads\/2021\/01\/camille-gottlieb-la-fille-de-stephanie-de-monaco-explique-sa-soudaine-perte-de-poids-429x300.jpg 429w, https:\/\/www.monaco-tribune.com\/wp-content\/uploads\/2021\/01\/camille-gottlieb-la-fille-de-stephanie-de-monaco-explique-sa-soudaine-perte-de-poids.jpg 1098w\" sizes=\"auto, (max-width: 1024px) 100vw, 1024px\" \/><\/figure><\/li><\/ul><\/figure>\n<p>Camille Gottlieb ha molte passioni nella vita, ma quella che la spinge di pi\u00f9 \u00e8 senza dubbio l&#8217;amore per il suo cagnolino Leonie. Per rendere omaggio a Leonie, si \u00e8 anche fatta <a href=\"https:\/\/www.monaco-tribune.com\/2019\/09\/declaration-amour-camille-gottlieb-chienne-leonie\/\">tatuare<\/a>. Infatti, Camille Gottlieb \u00e8 un&#8217;attivista per i diritti degli animali. Si \u00e8 recentemente indignata per <a href=\"https:\/\/www.monaco-tribune.com\/2020\/08\/camille-gottlieb-indignee-par-le-sort-des-chiens-en-coree-du-nord\/\">la situazione dei cani in Corea del Nord<\/a>.<\/p>\n\n<p> <strong>&gt;&gt; LEGGI ANCHE :<\/strong> <a href=\"https:\/\/www.monaco-tribune.com\/2019\/08\/camille-gottlieb-sengage-pour-la-prevention-routiere\/\">Camille Gottlieb \u00e8 impegnata nella prevenzione stradale<\/a><\/p>\n","protected":false},"featured_media":46870,"template":"","meta":{"_acf_changed":false},"listing-category":[2184,2183],"class_list":["post-51145","listing","type-listing","status-publish","has-post-thumbnail","hentry","listing-category-famiglia-principesca","listing-category-personaggi"],"acf":[],"yoast_head":"<!-- This site is optimized with the Yoast SEO Premium plugin v27.5 (Yoast SEO v27.5) - https:\/\/yoast.com\/product\/yoast-seo-premium-wordpress\/ -->\n<title>Camille Gottlieb - Monaco Tribune<\/title>\n<meta name=\"robots\" content=\"index, follow, max-snippet:-1, max-image-preview:large, max-video-preview:-1\" \/>\n<link rel=\"canonical\" href=\"https:\/\/www.monaco-tribune.com\/it\/listing\/camille-gottlieb\/\" \/>\n<meta property=\"og:locale\" content=\"it_IT\" \/>\n<meta property=\"og:type\" content=\"article\" \/>\n<meta property=\"og:title\" content=\"Camille Gottlieb\" \/>\n<meta property=\"og:description\" content=\"Camille Gottlieb \u00e8 la figlia della principessa Stephanie e di Jean Raymond Gottlieb. La figlia minore della principessa Stephanie di Monaco \u00e8 piuttosto discreta. Ai riflettori, ha preferito dedicarsi a cause caritative. \u00c8 presidente dell&#8217;associazione #BeSafeMonaco. Ricordiamo che sua nonna, [&hellip;]\" \/>\n<meta property=\"og:url\" content=\"https:\/\/www.monaco-tribune.com\/it\/listing\/camille-gottlieb\/\" \/>\n<meta property=\"og:site_name\" content=\"Monaco Tribune\" \/>\n<meta property=\"article:publisher\" content=\"https:\/\/www.facebook.com\/MonacoTribune\" \/>\n<meta property=\"article:modified_time\" content=\"2021-01-29T10:12:07+00:00\" \/>\n<meta property=\"og:image\" content=\"https:\/\/www.monaco-tribune.com\/wp-content\/uploads\/2020\/11\/camille-gottlieb-min.jpg\" \/>\n\t<meta property=\"og:image:width\" content=\"1200\" \/>\n\t<meta property=\"og:image:height\" content=\"801\" \/>\n\t<meta property=\"og:image:type\" content=\"image\/jpeg\" \/>\n<meta name=\"twitter:card\" content=\"summary_large_image\" \/>\n<meta name=\"twitter:site\" content=\"@MonacoTribune\" \/>\n<script type=\"application\/ld+json\" class=\"yoast-schema-graph\">{\"@context\":\"https:\\\/\\\/schema.org\",\"@graph\":[{\"@type\":\"WebPage\",\"@id\":\"https:\\\/\\\/www.monaco-tribune.com\\\/it\\\/listing\\\/camille-gottlieb\\\/\",\"url\":\"https:\\\/\\\/www.monaco-tribune.com\\\/it\\\/listing\\\/camille-gottlieb\\\/\",\"name\":\"Camille Gottlieb - Monaco Tribune\",\"isPartOf\":{\"@id\":\"https:\\\/\\\/www.monaco-tribune.com\\\/it\\\/#website\"},\"primaryImageOfPage\":{\"@id\":\"https:\\\/\\\/www.monaco-tribune.com\\\/it\\\/listing\\\/camille-gottlieb\\\/#primaryimage\"},\"image\":{\"@id\":\"https:\\\/\\\/www.monaco-tribune.com\\\/it\\\/listing\\\/camille-gottlieb\\\/#primaryimage\"},\"thumbnailUrl\":\"https:\\\/\\\/www.monaco-tribune.com\\\/wp-content\\\/uploads\\\/2020\\\/11\\\/camille-gottlieb-min.jpg\",\"datePublished\":\"2020-11-28T16:38:32+00:00\",\"dateModified\":\"2021-01-29T10:12:07+00:00\",\"breadcrumb\":{\"@id\":\"https:\\\/\\\/www.monaco-tribune.com\\\/it\\\/listing\\\/camille-gottlieb\\\/#breadcrumb\"},\"inLanguage\":\"it-IT\",\"potentialAction\":[{\"@type\":\"ReadAction\",\"target\":[\"https:\\\/\\\/www.monaco-tribune.com\\\/it\\\/listing\\\/camille-gottlieb\\\/\"]}]},{\"@type\":\"ImageObject\",\"inLanguage\":\"it-IT\",\"@id\":\"https:\\\/\\\/www.monaco-tribune.com\\\/it\\\/listing\\\/camille-gottlieb\\\/#primaryimage\",\"url\":\"https:\\\/\\\/www.monaco-tribune.com\\\/wp-content\\\/uploads\\\/2020\\\/11\\\/camille-gottlieb-min.jpg\",\"contentUrl\":\"https:\\\/\\\/www.monaco-tribune.com\\\/wp-content\\\/uploads\\\/2020\\\/11\\\/camille-gottlieb-min.jpg\",\"width\":1200,\"height\":801,\"caption\":\"Camille Gottlieb\"},{\"@type\":\"BreadcrumbList\",\"@id\":\"https:\\\/\\\/www.monaco-tribune.com\\\/it\\\/listing\\\/camille-gottlieb\\\/#breadcrumb\",\"itemListElement\":[{\"@type\":\"ListItem\",\"position\":1,\"name\":\"Accueil\",\"item\":\"https:\\\/\\\/www.monaco-tribune.com\\\/it\\\/\"},{\"@type\":\"ListItem\",\"position\":2,\"name\":\"Camille Gottlieb\"}]},{\"@type\":\"WebSite\",\"@id\":\"https:\\\/\\\/www.monaco-tribune.com\\\/it\\\/#website\",\"url\":\"https:\\\/\\\/www.monaco-tribune.com\\\/it\\\/\",\"name\":\"Monaco Tribune\",\"description\":\"Monaco : actualit\u00e9s \u00e9conomiques, politiques, culturelles et sportives de Monaco et de la French Riviera.\",\"publisher\":{\"@id\":\"https:\\\/\\\/www.monaco-tribune.com\\\/it\\\/#organization\"},\"potentialAction\":[{\"@type\":\"SearchAction\",\"target\":{\"@type\":\"EntryPoint\",\"urlTemplate\":\"https:\\\/\\\/www.monaco-tribune.com\\\/it\\\/?s={search_term_string}\"},\"query-input\":{\"@type\":\"PropertyValueSpecification\",\"valueRequired\":true,\"valueName\":\"search_term_string\"}}],\"inLanguage\":\"it-IT\"},{\"@type\":\"Organization\",\"@id\":\"https:\\\/\\\/www.monaco-tribune.com\\\/it\\\/#organization\",\"name\":\"Monaco Tribune\",\"url\":\"https:\\\/\\\/www.monaco-tribune.com\\\/it\\\/\",\"logo\":{\"@type\":\"ImageObject\",\"inLanguage\":\"it-IT\",\"@id\":\"https:\\\/\\\/www.monaco-tribune.com\\\/it\\\/#\\\/schema\\\/logo\\\/image\\\/\",\"url\":\"https:\\\/\\\/www.monaco-tribune.com\\\/wp-content\\\/uploads\\\/2022\\\/11\\\/logo-monaco-tribune.png\",\"contentUrl\":\"https:\\\/\\\/www.monaco-tribune.com\\\/wp-content\\\/uploads\\\/2022\\\/11\\\/logo-monaco-tribune.png\",\"width\":1548,\"height\":600,\"caption\":\"Monaco Tribune\"},\"image\":{\"@id\":\"https:\\\/\\\/www.monaco-tribune.com\\\/it\\\/#\\\/schema\\\/logo\\\/image\\\/\"},\"sameAs\":[\"https:\\\/\\\/www.facebook.com\\\/MonacoTribune\",\"https:\\\/\\\/x.com\\\/MonacoTribune\",\"https:\\\/\\\/www.instagram.com\\\/monacotribune\\\/\",\"https:\\\/\\\/www.linkedin.com\\\/company\\\/monaco-tribune\",\"https:\\\/\\\/www.youtube.com\\\/channel\\\/UCHle1MnG6hw1y4lWKijVbMA\"]}]}<\/script>\n<!-- \/ Yoast SEO Premium plugin. -->","yoast_head_json":{"title":"Camille Gottlieb - Monaco Tribune","robots":{"index":"index","follow":"follow","max-snippet":"max-snippet:-1","max-image-preview":"max-image-preview:large","max-video-preview":"max-video-preview:-1"},"canonical":"https:\/\/www.monaco-tribune.com\/it\/listing\/camille-gottlieb\/","og_locale":"it_IT","og_type":"article","og_title":"Camille Gottlieb","og_description":"Camille Gottlieb \u00e8 la figlia della principessa Stephanie e di Jean Raymond Gottlieb. La figlia minore della principessa Stephanie di Monaco \u00e8 piuttosto discreta. Ai riflettori, ha preferito dedicarsi a cause caritative. \u00c8 presidente dell&#8217;associazione #BeSafeMonaco. Ricordiamo che sua nonna, [&hellip;]","og_url":"https:\/\/www.monaco-tribune.com\/it\/listing\/camille-gottlieb\/","og_site_name":"Monaco Tribune","article_publisher":"https:\/\/www.facebook.com\/MonacoTribune","article_modified_time":"2021-01-29T10:12:07+00:00","og_image":[{"width":1200,"height":801,"url":"https:\/\/www.monaco-tribune.com\/wp-content\/uploads\/2020\/11\/camille-gottlieb-min.jpg","type":"image\/jpeg"}],"twitter_card":"summary_large_image","twitter_site":"@MonacoTribune","schema":{"@context":"https:\/\/schema.org","@graph":[{"@type":"WebPage","@id":"https:\/\/www.monaco-tribune.com\/it\/listing\/camille-gottlieb\/","url":"https:\/\/www.monaco-tribune.com\/it\/listing\/camille-gottlieb\/","name":"Camille Gottlieb - Monaco Tribune","isPartOf":{"@id":"https:\/\/www.monaco-tribune.com\/it\/#website"},"primaryImageOfPage":{"@id":"https:\/\/www.monaco-tribune.com\/it\/listing\/camille-gottlieb\/#primaryimage"},"image":{"@id":"https:\/\/www.monaco-tribune.com\/it\/listing\/camille-gottlieb\/#primaryimage"},"thumbnailUrl":"https:\/\/www.monaco-tribune.com\/wp-content\/uploads\/2020\/11\/camille-gottlieb-min.jpg","datePublished":"2020-11-28T16:38:32+00:00","dateModified":"2021-01-29T10:12:07+00:00","breadcrumb":{"@id":"https:\/\/www.monaco-tribune.com\/it\/listing\/camille-gottlieb\/#breadcrumb"},"inLanguage":"it-IT","potentialAction":[{"@type":"ReadAction","target":["https:\/\/www.monaco-tribune.com\/it\/listing\/camille-gottlieb\/"]}]},{"@type":"ImageObject","inLanguage":"it-IT","@id":"https:\/\/www.monaco-tribune.com\/it\/listing\/camille-gottlieb\/#primaryimage","url":"https:\/\/www.monaco-tribune.com\/wp-content\/uploads\/2020\/11\/camille-gottlieb-min.jpg","contentUrl":"https:\/\/www.monaco-tribune.com\/wp-content\/uploads\/2020\/11\/camille-gottlieb-min.jpg","width":1200,"height":801,"caption":"Camille Gottlieb"},{"@type":"BreadcrumbList","@id":"https:\/\/www.monaco-tribune.com\/it\/listing\/camille-gottlieb\/#breadcrumb","itemListElement":[{"@type":"ListItem","position":1,"name":"Accueil","item":"https:\/\/www.monaco-tribune.com\/it\/"},{"@type":"ListItem","position":2,"name":"Camille Gottlieb"}]},{"@type":"WebSite","@id":"https:\/\/www.monaco-tribune.com\/it\/#website","url":"https:\/\/www.monaco-tribune.com\/it\/","name":"Monaco Tribune","description":"Monaco : actualit\u00e9s \u00e9conomiques, politiques, culturelles et sportives de Monaco et de la French Riviera.","publisher":{"@id":"https:\/\/www.monaco-tribune.com\/it\/#organization"},"potentialAction":[{"@type":"SearchAction","target":{"@type":"EntryPoint","urlTemplate":"https:\/\/www.monaco-tribune.com\/it\/?s={search_term_string}"},"query-input":{"@type":"PropertyValueSpecification","valueRequired":true,"valueName":"search_term_string"}}],"inLanguage":"it-IT"},{"@type":"Organization","@id":"https:\/\/www.monaco-tribune.com\/it\/#organization","name":"Monaco Tribune","url":"https:\/\/www.monaco-tribune.com\/it\/","logo":{"@type":"ImageObject","inLanguage":"it-IT","@id":"https:\/\/www.monaco-tribune.com\/it\/#\/schema\/logo\/image\/","url":"https:\/\/www.monaco-tribune.com\/wp-content\/uploads\/2022\/11\/logo-monaco-tribune.png","contentUrl":"https:\/\/www.monaco-tribune.com\/wp-content\/uploads\/2022\/11\/logo-monaco-tribune.png","width":1548,"height":600,"caption":"Monaco Tribune"},"image":{"@id":"https:\/\/www.monaco-tribune.com\/it\/#\/schema\/logo\/image\/"},"sameAs":["https:\/\/www.facebook.com\/MonacoTribune","https:\/\/x.com\/MonacoTribune","https:\/\/www.instagram.com\/monacotribune\/","https:\/\/www.linkedin.com\/company\/monaco-tribune","https:\/\/www.youtube.com\/channel\/UCHle1MnG6hw1y4lWKijVbMA"]}]}},"_links":{"self":[{"href":"https:\/\/www.monaco-tribune.com\/it\/wp-json\/wp\/v2\/listing\/51145","targetHints":{"allow":["GET"]}}],"collection":[{"href":"https:\/\/www.monaco-tribune.com\/it\/wp-json\/wp\/v2\/listing"}],"about":[{"href":"https:\/\/www.monaco-tribune.com\/it\/wp-json\/wp\/v2\/types\/listing"}],"wp:featuredmedia":[{"embeddable":true,"href":"https:\/\/www.monaco-tribune.com\/it\/wp-json\/wp\/v2\/media\/46870"}],"wp:attachment":[{"href":"https:\/\/www.monaco-tribune.com\/it\/wp-json\/wp\/v2\/media?parent=51145"}],"wp:term":[{"taxonomy":"listing-category","embeddable":true,"href":"https:\/\/www.monaco-tribune.com\/it\/wp-json\/wp\/v2\/listing-category?post=51145"}],"curies":[{"name":"wp","href":"https:\/\/api.w.org\/{rel}","templated":true}]}}