{"id":51259,"date":"2020-11-29T10:47:25","date_gmt":"2020-11-29T09:47:25","guid":{"rendered":"https:\/\/www.monaco-tribune.com\/listing\/ornella-muti\/"},"modified":"2021-01-28T12:42:59","modified_gmt":"2021-01-28T11:42:59","slug":"ornella-muti","status":"publish","type":"listing","link":"https:\/\/www.monaco-tribune.com\/it\/listing\/ornella-muti\/","title":{"rendered":"Ornella Muti"},"content":{"rendered":"\n<p>Ornella Muti \u00e8 nata nel 1955 a Roma. Attrice italiana, \u00e8 stata eletta &#8220;Donna pi\u00f9 bella del mondo&#8221; dai lettori della rivista Class. <\/p>\n\n<p>Volendo diventare una ballerina, Ornella comincia come modella all&#8217;et\u00e0 di 14 anni e viene notata dal regista Damiano Damiani che le offre un ruolo l&#8217;anno successivo, nel 1970.<\/p>\n\n<p>Ornella Muti sposa il produttore spagnolo Jos\u00e9 Luis Bermudez de Castro, con cui ha una figlia, l&#8217;attrice Naike Rivelli. Dopo il divorzio, Ornella Muti si risposa con Federico Facchinetti e ha due figli: un figlio Andrea e una figlia Carolina. <\/p>\n\n<blockquote class=\"wp-block-quote is-layout-flow wp-block-quote-is-layout-flow\"><p>Dobbiamo cambiare il nostro modo di vivere, non possiamo tornare a come eravamo prima&#8230;<\/p><\/blockquote>\n\n<figure class=\"wp-block-gallery columns-2 is-cropped wp-block-gallery-1 is-layout-flex wp-block-gallery-is-layout-flex\"><ul class=\"blocks-gallery-grid\"><li class=\"blocks-gallery-item\"><figure><img loading=\"lazy\" decoding=\"async\" width=\"1024\" height=\"584\" src=\"https:\/\/www.monaco-tribune.com\/wp-content\/uploads\/2021\/01\/ornella-muti-monaco-1024x584.jpg\" alt=\"\" data-id=\"63750\" data-full-url=\"https:\/\/www.monaco-tribune.com\/wp-content\/uploads\/2021\/01\/ornella-muti-monaco.jpg\" data-link=\"https:\/\/www.monaco-tribune.com\/listing\/ornella-muti\/ornella-muti-monaco\/\" class=\"wp-image-63752\" srcset=\"https:\/\/www.monaco-tribune.com\/wp-content\/uploads\/2021\/01\/ornella-muti-monaco-1024x584.jpg 1024w, https:\/\/www.monaco-tribune.com\/wp-content\/uploads\/2021\/01\/ornella-muti-monaco-526x300.jpg 526w, https:\/\/www.monaco-tribune.com\/wp-content\/uploads\/2021\/01\/ornella-muti-monaco.jpg 1217w\" sizes=\"auto, (max-width: 1024px) 100vw, 1024px\" \/><\/figure><\/li><li class=\"blocks-gallery-item\"><figure><img loading=\"lazy\" decoding=\"async\" width=\"768\" height=\"1024\" src=\"https:\/\/www.monaco-tribune.com\/wp-content\/uploads\/2021\/01\/ornella-muti-768x1024.jpg\" alt=\"\" data-id=\"63754\" data-full-url=\"https:\/\/www.monaco-tribune.com\/wp-content\/uploads\/2021\/01\/ornella-muti.jpg\" data-link=\"https:\/\/www.monaco-tribune.com\/listing\/ornella-muti\/ornella-muti\/\" class=\"wp-image-63756\" srcset=\"https:\/\/www.monaco-tribune.com\/wp-content\/uploads\/2021\/01\/ornella-muti-768x1024.jpg 768w, https:\/\/www.monaco-tribune.com\/wp-content\/uploads\/2021\/01\/ornella-muti-225x300.jpg 225w, https:\/\/www.monaco-tribune.com\/wp-content\/uploads\/2021\/01\/ornella-muti.jpg 1200w\" sizes=\"auto, (max-width: 768px) 100vw, 768px\" \/><\/figure><\/li><\/ul><\/figure>\n<p>Acquista una grande notoriet\u00e0 collaborando con diversi registi italiani come Mario Monicelli, Dino Risi o Marco Ferreri. In Francia, recita accanto ad Alain Delon nel film Mort d&#8217;un pourri di Georges Lautner. <\/p>\n\n<p>Il festival internazionale Entrevues le ha dedicato una retrospettiva a Belfort nel 2004. Nel 2008, lancia anche una linea di gioielli e apere negozi in diverse citt\u00e0 del mondo. Ornella Muti \u00e8 membro della giuria del 39\u00b0 Festival Internazionale del Cinema di Mosca. \u00c8 residente monegasca dal 1994.<\/p>\n","protected":false},"featured_media":47559,"template":"","meta":{"_acf_changed":false},"listing-category":[2183,2186],"class_list":["post-51259","listing","type-listing","status-publish","has-post-thumbnail","hentry","listing-category-personaggi","listing-category-personaggi-culturali"],"acf":[],"yoast_head":"<!-- This site is optimized with the Yoast SEO Premium plugin v26.8 (Yoast SEO v27.4) - https:\/\/yoast.com\/product\/yoast-seo-premium-wordpress\/ -->\n<title>Ornella Muti - Monaco Tribune<\/title>\n<meta name=\"robots\" content=\"index, follow, max-snippet:-1, max-image-preview:large, max-video-preview:-1\" \/>\n<link rel=\"canonical\" href=\"https:\/\/www.monaco-tribune.com\/it\/listing\/ornella-muti\/\" \/>\n<meta property=\"og:locale\" content=\"it_IT\" \/>\n<meta property=\"og:type\" content=\"article\" \/>\n<meta property=\"og:title\" content=\"Ornella Muti\" \/>\n<meta property=\"og:description\" content=\"Ornella Muti \u00e8 nata nel 1955 a Roma. Attrice italiana, \u00e8 stata eletta &#8220;Donna pi\u00f9 bella del mondo&#8221; dai lettori della rivista Class. Volendo diventare una ballerina, Ornella comincia come modella all&#8217;et\u00e0 di 14 anni e viene notata dal regista [&hellip;]\" \/>\n<meta property=\"og:url\" content=\"https:\/\/www.monaco-tribune.com\/it\/listing\/ornella-muti\/\" \/>\n<meta property=\"og:site_name\" content=\"Monaco Tribune\" \/>\n<meta property=\"article:publisher\" content=\"https:\/\/www.facebook.com\/MonacoTribune\" \/>\n<meta property=\"article:modified_time\" content=\"2021-01-28T11:42:59+00:00\" \/>\n<meta property=\"og:image\" content=\"https:\/\/www.monaco-tribune.com\/wp-content\/uploads\/2020\/11\/ornella-muti-min.jpeg\" \/>\n\t<meta property=\"og:image:width\" content=\"1200\" \/>\n\t<meta property=\"og:image:height\" content=\"899\" \/>\n\t<meta property=\"og:image:type\" content=\"image\/jpeg\" \/>\n<meta name=\"twitter:card\" content=\"summary_large_image\" \/>\n<meta name=\"twitter:site\" content=\"@MonacoTribune\" \/>\n<script type=\"application\/ld+json\" class=\"yoast-schema-graph\">{\"@context\":\"https:\\\/\\\/schema.org\",\"@graph\":[{\"@type\":\"WebPage\",\"@id\":\"https:\\\/\\\/www.monaco-tribune.com\\\/it\\\/listing\\\/ornella-muti\\\/\",\"url\":\"https:\\\/\\\/www.monaco-tribune.com\\\/it\\\/listing\\\/ornella-muti\\\/\",\"name\":\"Ornella Muti - Monaco Tribune\",\"isPartOf\":{\"@id\":\"https:\\\/\\\/www.monaco-tribune.com\\\/it\\\/#website\"},\"primaryImageOfPage\":{\"@id\":\"https:\\\/\\\/www.monaco-tribune.com\\\/it\\\/listing\\\/ornella-muti\\\/#primaryimage\"},\"image\":{\"@id\":\"https:\\\/\\\/www.monaco-tribune.com\\\/it\\\/listing\\\/ornella-muti\\\/#primaryimage\"},\"thumbnailUrl\":\"https:\\\/\\\/www.monaco-tribune.com\\\/wp-content\\\/uploads\\\/2020\\\/11\\\/ornella-muti-min.jpeg\",\"datePublished\":\"2020-11-29T09:47:25+00:00\",\"dateModified\":\"2021-01-28T11:42:59+00:00\",\"breadcrumb\":{\"@id\":\"https:\\\/\\\/www.monaco-tribune.com\\\/it\\\/listing\\\/ornella-muti\\\/#breadcrumb\"},\"inLanguage\":\"it-IT\",\"potentialAction\":[{\"@type\":\"ReadAction\",\"target\":[\"https:\\\/\\\/www.monaco-tribune.com\\\/it\\\/listing\\\/ornella-muti\\\/\"]}]},{\"@type\":\"ImageObject\",\"inLanguage\":\"it-IT\",\"@id\":\"https:\\\/\\\/www.monaco-tribune.com\\\/it\\\/listing\\\/ornella-muti\\\/#primaryimage\",\"url\":\"https:\\\/\\\/www.monaco-tribune.com\\\/wp-content\\\/uploads\\\/2020\\\/11\\\/ornella-muti-min.jpeg\",\"contentUrl\":\"https:\\\/\\\/www.monaco-tribune.com\\\/wp-content\\\/uploads\\\/2020\\\/11\\\/ornella-muti-min.jpeg\",\"width\":1200,\"height\":899,\"caption\":\"Ornella Muti\"},{\"@type\":\"BreadcrumbList\",\"@id\":\"https:\\\/\\\/www.monaco-tribune.com\\\/it\\\/listing\\\/ornella-muti\\\/#breadcrumb\",\"itemListElement\":[{\"@type\":\"ListItem\",\"position\":1,\"name\":\"Accueil\",\"item\":\"https:\\\/\\\/www.monaco-tribune.com\\\/it\\\/\"},{\"@type\":\"ListItem\",\"position\":2,\"name\":\"Ornella Muti\"}]},{\"@type\":\"WebSite\",\"@id\":\"https:\\\/\\\/www.monaco-tribune.com\\\/it\\\/#website\",\"url\":\"https:\\\/\\\/www.monaco-tribune.com\\\/it\\\/\",\"name\":\"Monaco Tribune\",\"description\":\"Monaco : actualit\u00e9s \u00e9conomiques, politiques, culturelles et sportives de Monaco et de la French Riviera.\",\"publisher\":{\"@id\":\"https:\\\/\\\/www.monaco-tribune.com\\\/it\\\/#organization\"},\"potentialAction\":[{\"@type\":\"SearchAction\",\"target\":{\"@type\":\"EntryPoint\",\"urlTemplate\":\"https:\\\/\\\/www.monaco-tribune.com\\\/it\\\/?s={search_term_string}\"},\"query-input\":{\"@type\":\"PropertyValueSpecification\",\"valueRequired\":true,\"valueName\":\"search_term_string\"}}],\"inLanguage\":\"it-IT\"},{\"@type\":\"Organization\",\"@id\":\"https:\\\/\\\/www.monaco-tribune.com\\\/it\\\/#organization\",\"name\":\"Monaco Tribune\",\"url\":\"https:\\\/\\\/www.monaco-tribune.com\\\/it\\\/\",\"logo\":{\"@type\":\"ImageObject\",\"inLanguage\":\"it-IT\",\"@id\":\"https:\\\/\\\/www.monaco-tribune.com\\\/it\\\/#\\\/schema\\\/logo\\\/image\\\/\",\"url\":\"https:\\\/\\\/www.monaco-tribune.com\\\/wp-content\\\/uploads\\\/2022\\\/11\\\/logo-monaco-tribune.png\",\"contentUrl\":\"https:\\\/\\\/www.monaco-tribune.com\\\/wp-content\\\/uploads\\\/2022\\\/11\\\/logo-monaco-tribune.png\",\"width\":1548,\"height\":600,\"caption\":\"Monaco Tribune\"},\"image\":{\"@id\":\"https:\\\/\\\/www.monaco-tribune.com\\\/it\\\/#\\\/schema\\\/logo\\\/image\\\/\"},\"sameAs\":[\"https:\\\/\\\/www.facebook.com\\\/MonacoTribune\",\"https:\\\/\\\/x.com\\\/MonacoTribune\",\"https:\\\/\\\/www.instagram.com\\\/monacotribune\\\/\",\"https:\\\/\\\/www.linkedin.com\\\/company\\\/monaco-tribune\",\"https:\\\/\\\/www.youtube.com\\\/channel\\\/UCHle1MnG6hw1y4lWKijVbMA\"]}]}<\/script>\n<!-- \/ Yoast SEO Premium plugin. -->","yoast_head_json":{"title":"Ornella Muti - Monaco Tribune","robots":{"index":"index","follow":"follow","max-snippet":"max-snippet:-1","max-image-preview":"max-image-preview:large","max-video-preview":"max-video-preview:-1"},"canonical":"https:\/\/www.monaco-tribune.com\/it\/listing\/ornella-muti\/","og_locale":"it_IT","og_type":"article","og_title":"Ornella Muti","og_description":"Ornella Muti \u00e8 nata nel 1955 a Roma. Attrice italiana, \u00e8 stata eletta &#8220;Donna pi\u00f9 bella del mondo&#8221; dai lettori della rivista Class. Volendo diventare una ballerina, Ornella comincia come modella all&#8217;et\u00e0 di 14 anni e viene notata dal regista [&hellip;]","og_url":"https:\/\/www.monaco-tribune.com\/it\/listing\/ornella-muti\/","og_site_name":"Monaco Tribune","article_publisher":"https:\/\/www.facebook.com\/MonacoTribune","article_modified_time":"2021-01-28T11:42:59+00:00","og_image":[{"width":1200,"height":899,"url":"https:\/\/www.monaco-tribune.com\/wp-content\/uploads\/2020\/11\/ornella-muti-min.jpeg","type":"image\/jpeg"}],"twitter_card":"summary_large_image","twitter_site":"@MonacoTribune","schema":{"@context":"https:\/\/schema.org","@graph":[{"@type":"WebPage","@id":"https:\/\/www.monaco-tribune.com\/it\/listing\/ornella-muti\/","url":"https:\/\/www.monaco-tribune.com\/it\/listing\/ornella-muti\/","name":"Ornella Muti - Monaco Tribune","isPartOf":{"@id":"https:\/\/www.monaco-tribune.com\/it\/#website"},"primaryImageOfPage":{"@id":"https:\/\/www.monaco-tribune.com\/it\/listing\/ornella-muti\/#primaryimage"},"image":{"@id":"https:\/\/www.monaco-tribune.com\/it\/listing\/ornella-muti\/#primaryimage"},"thumbnailUrl":"https:\/\/www.monaco-tribune.com\/wp-content\/uploads\/2020\/11\/ornella-muti-min.jpeg","datePublished":"2020-11-29T09:47:25+00:00","dateModified":"2021-01-28T11:42:59+00:00","breadcrumb":{"@id":"https:\/\/www.monaco-tribune.com\/it\/listing\/ornella-muti\/#breadcrumb"},"inLanguage":"it-IT","potentialAction":[{"@type":"ReadAction","target":["https:\/\/www.monaco-tribune.com\/it\/listing\/ornella-muti\/"]}]},{"@type":"ImageObject","inLanguage":"it-IT","@id":"https:\/\/www.monaco-tribune.com\/it\/listing\/ornella-muti\/#primaryimage","url":"https:\/\/www.monaco-tribune.com\/wp-content\/uploads\/2020\/11\/ornella-muti-min.jpeg","contentUrl":"https:\/\/www.monaco-tribune.com\/wp-content\/uploads\/2020\/11\/ornella-muti-min.jpeg","width":1200,"height":899,"caption":"Ornella Muti"},{"@type":"BreadcrumbList","@id":"https:\/\/www.monaco-tribune.com\/it\/listing\/ornella-muti\/#breadcrumb","itemListElement":[{"@type":"ListItem","position":1,"name":"Accueil","item":"https:\/\/www.monaco-tribune.com\/it\/"},{"@type":"ListItem","position":2,"name":"Ornella Muti"}]},{"@type":"WebSite","@id":"https:\/\/www.monaco-tribune.com\/it\/#website","url":"https:\/\/www.monaco-tribune.com\/it\/","name":"Monaco Tribune","description":"Monaco : actualit\u00e9s \u00e9conomiques, politiques, culturelles et sportives de Monaco et de la French Riviera.","publisher":{"@id":"https:\/\/www.monaco-tribune.com\/it\/#organization"},"potentialAction":[{"@type":"SearchAction","target":{"@type":"EntryPoint","urlTemplate":"https:\/\/www.monaco-tribune.com\/it\/?s={search_term_string}"},"query-input":{"@type":"PropertyValueSpecification","valueRequired":true,"valueName":"search_term_string"}}],"inLanguage":"it-IT"},{"@type":"Organization","@id":"https:\/\/www.monaco-tribune.com\/it\/#organization","name":"Monaco Tribune","url":"https:\/\/www.monaco-tribune.com\/it\/","logo":{"@type":"ImageObject","inLanguage":"it-IT","@id":"https:\/\/www.monaco-tribune.com\/it\/#\/schema\/logo\/image\/","url":"https:\/\/www.monaco-tribune.com\/wp-content\/uploads\/2022\/11\/logo-monaco-tribune.png","contentUrl":"https:\/\/www.monaco-tribune.com\/wp-content\/uploads\/2022\/11\/logo-monaco-tribune.png","width":1548,"height":600,"caption":"Monaco Tribune"},"image":{"@id":"https:\/\/www.monaco-tribune.com\/it\/#\/schema\/logo\/image\/"},"sameAs":["https:\/\/www.facebook.com\/MonacoTribune","https:\/\/x.com\/MonacoTribune","https:\/\/www.instagram.com\/monacotribune\/","https:\/\/www.linkedin.com\/company\/monaco-tribune","https:\/\/www.youtube.com\/channel\/UCHle1MnG6hw1y4lWKijVbMA"]}]}},"_links":{"self":[{"href":"https:\/\/www.monaco-tribune.com\/it\/wp-json\/wp\/v2\/listing\/51259","targetHints":{"allow":["GET"]}}],"collection":[{"href":"https:\/\/www.monaco-tribune.com\/it\/wp-json\/wp\/v2\/listing"}],"about":[{"href":"https:\/\/www.monaco-tribune.com\/it\/wp-json\/wp\/v2\/types\/listing"}],"wp:featuredmedia":[{"embeddable":true,"href":"https:\/\/www.monaco-tribune.com\/it\/wp-json\/wp\/v2\/media\/47559"}],"wp:attachment":[{"href":"https:\/\/www.monaco-tribune.com\/it\/wp-json\/wp\/v2\/media?parent=51259"}],"wp:term":[{"taxonomy":"listing-category","embeddable":true,"href":"https:\/\/www.monaco-tribune.com\/it\/wp-json\/wp\/v2\/listing-category?post=51259"}],"curies":[{"name":"wp","href":"https:\/\/api.w.org\/{rel}","templated":true}]}}