{"id":65558,"date":"2021-01-28T09:57:31","date_gmt":"2021-01-28T08:57:31","guid":{"rendered":"https:\/\/www.monaco-tribune.com\/listing\/arthur-leclerc\/"},"modified":"2021-01-28T09:57:32","modified_gmt":"2021-01-28T08:57:32","slug":"arthur-leclerc","status":"publish","type":"listing","link":"https:\/\/www.monaco-tribune.com\/it\/listing\/arthur-leclerc\/","title":{"rendered":"Arthur Leclerc"},"content":{"rendered":"\n<p>Arthur Leclerc, nato il 14 ottobre 2000, \u00e8 un pilota di Monaco. \u00c8 il fratello minore del pilota della Scuderia Ferrari di Formula 1 Charles Leclerc. \u00c8 membro della Ferrari Driver Academy e prender\u00e0 parte al FIA F3 World Championship nel 2021 con la squadra Prema. <\/p>\n\n<p>Leclerc ha vinto il campionato Kart Racing Academy nel 2014. Nel 2018 ha partecipato al campionato francese F4. Ha finito il campionato in quinto posto con due vittorie. <\/p>\n\n<blockquote class=\"wp-block-quote is-layout-flow wp-block-quote-is-layout-flow\"><p>All&#8217;et\u00e0 di otto anni, mio padre non aveva pi\u00f9 le risorse per far correre sia io che Charles<\/p><p><\/p><\/blockquote>\n\n<p>Arthur Leclerc \u00e8 stato un pilota di sviluppo nel campionato FIA Formula E durante la stagione 2017-2018 al Venturi Racing. Il monegasco ha eseguito il suo primo test pubblico per Venturi durante il 2019 Formula E Rookie Test sul circuito di Marrakech, in Marocco. Per la stagione 2019-2020 di Formula E, Venturi ha annunciato Leclerc come suo pilota collaudatore. <\/p>\n\n<figure class=\"wp-block-gallery columns-2 is-cropped wp-block-gallery-1 is-layout-flex wp-block-gallery-is-layout-flex\"><ul class=\"blocks-gallery-grid\"><li class=\"blocks-gallery-item\"><figure><img loading=\"lazy\" decoding=\"async\" width=\"800\" height=\"448\" src=\"https:\/\/www.monaco-tribune.com\/wp-content\/uploads\/2020\/11\/arthur-leclerc-jeune.jpg\" alt=\"\" data-id=\"44823\" data-full-url=\"https:\/\/www.monaco-tribune.com\/wp-content\/uploads\/2020\/11\/arthur-leclerc-jeune.jpg\" data-link=\"https:\/\/www.monaco-tribune.com\/listing\/arthur-leclerc\/arthur-leclerc-jeune\/\" class=\"wp-image-44825\" srcset=\"https:\/\/www.monaco-tribune.com\/wp-content\/uploads\/2020\/11\/arthur-leclerc-jeune.jpg 800w, https:\/\/www.monaco-tribune.com\/wp-content\/uploads\/2020\/11\/arthur-leclerc-jeune-536x300.jpg 536w\" sizes=\"auto, (max-width: 800px) 100vw, 800px\" \/><\/figure><\/li><li class=\"blocks-gallery-item\"><figure><img loading=\"lazy\" decoding=\"async\" width=\"1024\" height=\"683\" src=\"https:\/\/www.monaco-tribune.com\/wp-content\/uploads\/2020\/12\/arthur-leclerc-prema-f3-min.jpg\" alt=\"Arthur-Leclerc-Prema-F3-min\" data-id=\"58345\" data-full-url=\"https:\/\/www.monaco-tribune.com\/wp-content\/uploads\/2020\/12\/arthur-leclerc-prema-f3-min.jpg\" data-link=\"https:\/\/www.monaco-tribune.com\/2020\/12\/fia-f3-arthur-leclerc-promu-chez-prema-en-2021\/arthur-leclerc-prema-f3-min\/\" class=\"wp-image-58347\" srcset=\"https:\/\/www.monaco-tribune.com\/wp-content\/uploads\/2020\/12\/arthur-leclerc-prema-f3-min.jpg 1024w, https:\/\/www.monaco-tribune.com\/wp-content\/uploads\/2020\/12\/arthur-leclerc-prema-f3-min-450x300.jpg 450w, https:\/\/www.monaco-tribune.com\/wp-content\/uploads\/2020\/12\/arthur-leclerc-prema-f3-min-225x150.jpg 225w, https:\/\/www.monaco-tribune.com\/wp-content\/uploads\/2020\/12\/arthur-leclerc-prema-f3-min-768x512.jpg 768w, https:\/\/www.monaco-tribune.com\/wp-content\/uploads\/2020\/12\/arthur-leclerc-prema-f3-min-175x117.jpg 175w\" sizes=\"auto, (max-width: 1024px) 100vw, 1024px\" \/><\/figure><\/li><\/ul><\/figure>\n<p>Membro della Ferrari Drive Academy, Leclerc ha anche partecipato al campionato ADAC Formula 4 2019 per US Racing-CHRS grazie al programma Sauber junior. \u00c8 arrivato terzo con una vittoria e otto podi.<\/p>\n\n<blockquote class=\"wp-block-quote is-layout-flow wp-block-quote-is-layout-flow\"><p>Non ho mai veramente pensato a un piano B o a un futuro diverso. Posso immaginarmi per\u00f2 di passare ad altre discipline. Ma oggi non ci penso. I miei occhi sono sulla F1<\/p><\/blockquote>\n\n<p>Nel 2020, Leclerc \u00e8 stato ingaggiato dalla Scuderia Ferrari per il suo programma junior e ha corso nel Campionato Europeo Regionale F3 per Prema, insieme a Oliver Rasmussen. Arthur Leclerc \u00e8 arrivato secondo con 343 punti e 6 vittorie, alle spalle del compagno di squadra Gianluca Petecof.<\/p>\n\n<p> <strong>&gt;&gt;LEGGI ANCHE:<\/strong><a href=\"https:\/\/www.monaco-tribune.com\/it\/2020\/05\/alla-scoperta-di-arthur-leclerc-ferrari-driver-accademy\/\"> Alla scoperta di Arthur Leclerc (Ferrari Driver Academy)<\/a><\/p>\n","protected":false},"featured_media":27884,"template":"","meta":{"_acf_changed":false},"listing-category":[2183,2185],"class_list":["post-65558","listing","type-listing","status-publish","has-post-thumbnail","hentry","listing-category-personaggi","listing-category-sportivi"],"acf":[],"yoast_head":"<!-- This site is optimized with the Yoast SEO Premium plugin v26.8 (Yoast SEO v27.4) - https:\/\/yoast.com\/product\/yoast-seo-premium-wordpress\/ -->\n<title>Arthur Leclerc - Monaco Tribune<\/title>\n<meta name=\"robots\" content=\"index, follow, max-snippet:-1, max-image-preview:large, max-video-preview:-1\" \/>\n<link rel=\"canonical\" href=\"https:\/\/www.monaco-tribune.com\/it\/listing\/arthur-leclerc\/\" \/>\n<meta property=\"og:locale\" content=\"it_IT\" \/>\n<meta property=\"og:type\" content=\"article\" \/>\n<meta property=\"og:title\" content=\"Arthur Leclerc\" \/>\n<meta property=\"og:description\" content=\"Arthur Leclerc, nato il 14 ottobre 2000, \u00e8 un pilota di Monaco. \u00c8 il fratello minore del pilota della Scuderia Ferrari di Formula 1 Charles Leclerc. \u00c8 membro della Ferrari Driver Academy e prender\u00e0 parte al FIA F3 World Championship [&hellip;]\" \/>\n<meta property=\"og:url\" content=\"https:\/\/www.monaco-tribune.com\/it\/listing\/arthur-leclerc\/\" \/>\n<meta property=\"og:site_name\" content=\"Monaco Tribune\" \/>\n<meta property=\"article:publisher\" content=\"https:\/\/www.facebook.com\/MonacoTribune\" \/>\n<meta property=\"article:modified_time\" content=\"2021-01-28T08:57:32+00:00\" \/>\n<meta property=\"og:image\" content=\"https:\/\/www.monaco-tribune.com\/wp-content\/uploads\/2020\/05\/dwkstcmwkae5pu6.jpeg\" \/>\n\t<meta property=\"og:image:width\" content=\"750\" \/>\n\t<meta property=\"og:image:height\" content=\"500\" \/>\n\t<meta property=\"og:image:type\" content=\"image\/jpeg\" \/>\n<meta name=\"twitter:card\" content=\"summary_large_image\" \/>\n<meta name=\"twitter:site\" content=\"@MonacoTribune\" \/>\n<script type=\"application\/ld+json\" class=\"yoast-schema-graph\">{\"@context\":\"https:\\\/\\\/schema.org\",\"@graph\":[{\"@type\":\"WebPage\",\"@id\":\"https:\\\/\\\/www.monaco-tribune.com\\\/it\\\/listing\\\/arthur-leclerc\\\/\",\"url\":\"https:\\\/\\\/www.monaco-tribune.com\\\/it\\\/listing\\\/arthur-leclerc\\\/\",\"name\":\"Arthur Leclerc - Monaco Tribune\",\"isPartOf\":{\"@id\":\"https:\\\/\\\/www.monaco-tribune.com\\\/it\\\/#website\"},\"primaryImageOfPage\":{\"@id\":\"https:\\\/\\\/www.monaco-tribune.com\\\/it\\\/listing\\\/arthur-leclerc\\\/#primaryimage\"},\"image\":{\"@id\":\"https:\\\/\\\/www.monaco-tribune.com\\\/it\\\/listing\\\/arthur-leclerc\\\/#primaryimage\"},\"thumbnailUrl\":\"https:\\\/\\\/www.monaco-tribune.com\\\/wp-content\\\/uploads\\\/2020\\\/05\\\/dwkstcmwkae5pu6.jpeg\",\"datePublished\":\"2021-01-28T08:57:31+00:00\",\"dateModified\":\"2021-01-28T08:57:32+00:00\",\"breadcrumb\":{\"@id\":\"https:\\\/\\\/www.monaco-tribune.com\\\/it\\\/listing\\\/arthur-leclerc\\\/#breadcrumb\"},\"inLanguage\":\"it-IT\",\"potentialAction\":[{\"@type\":\"ReadAction\",\"target\":[\"https:\\\/\\\/www.monaco-tribune.com\\\/it\\\/listing\\\/arthur-leclerc\\\/\"]}]},{\"@type\":\"ImageObject\",\"inLanguage\":\"it-IT\",\"@id\":\"https:\\\/\\\/www.monaco-tribune.com\\\/it\\\/listing\\\/arthur-leclerc\\\/#primaryimage\",\"url\":\"https:\\\/\\\/www.monaco-tribune.com\\\/wp-content\\\/uploads\\\/2020\\\/05\\\/dwkstcmwkae5pu6.jpeg\",\"contentUrl\":\"https:\\\/\\\/www.monaco-tribune.com\\\/wp-content\\\/uploads\\\/2020\\\/05\\\/dwkstcmwkae5pu6.jpeg\",\"width\":750,\"height\":500,\"caption\":\"Arthur Leclerc\"},{\"@type\":\"BreadcrumbList\",\"@id\":\"https:\\\/\\\/www.monaco-tribune.com\\\/it\\\/listing\\\/arthur-leclerc\\\/#breadcrumb\",\"itemListElement\":[{\"@type\":\"ListItem\",\"position\":1,\"name\":\"Accueil\",\"item\":\"https:\\\/\\\/www.monaco-tribune.com\\\/it\\\/\"},{\"@type\":\"ListItem\",\"position\":2,\"name\":\"Arthur Leclerc\"}]},{\"@type\":\"WebSite\",\"@id\":\"https:\\\/\\\/www.monaco-tribune.com\\\/it\\\/#website\",\"url\":\"https:\\\/\\\/www.monaco-tribune.com\\\/it\\\/\",\"name\":\"Monaco Tribune\",\"description\":\"Monaco : actualit\u00e9s \u00e9conomiques, politiques, culturelles et sportives de Monaco et de la French Riviera.\",\"publisher\":{\"@id\":\"https:\\\/\\\/www.monaco-tribune.com\\\/it\\\/#organization\"},\"potentialAction\":[{\"@type\":\"SearchAction\",\"target\":{\"@type\":\"EntryPoint\",\"urlTemplate\":\"https:\\\/\\\/www.monaco-tribune.com\\\/it\\\/?s={search_term_string}\"},\"query-input\":{\"@type\":\"PropertyValueSpecification\",\"valueRequired\":true,\"valueName\":\"search_term_string\"}}],\"inLanguage\":\"it-IT\"},{\"@type\":\"Organization\",\"@id\":\"https:\\\/\\\/www.monaco-tribune.com\\\/it\\\/#organization\",\"name\":\"Monaco Tribune\",\"url\":\"https:\\\/\\\/www.monaco-tribune.com\\\/it\\\/\",\"logo\":{\"@type\":\"ImageObject\",\"inLanguage\":\"it-IT\",\"@id\":\"https:\\\/\\\/www.monaco-tribune.com\\\/it\\\/#\\\/schema\\\/logo\\\/image\\\/\",\"url\":\"https:\\\/\\\/www.monaco-tribune.com\\\/wp-content\\\/uploads\\\/2022\\\/11\\\/logo-monaco-tribune.png\",\"contentUrl\":\"https:\\\/\\\/www.monaco-tribune.com\\\/wp-content\\\/uploads\\\/2022\\\/11\\\/logo-monaco-tribune.png\",\"width\":1548,\"height\":600,\"caption\":\"Monaco Tribune\"},\"image\":{\"@id\":\"https:\\\/\\\/www.monaco-tribune.com\\\/it\\\/#\\\/schema\\\/logo\\\/image\\\/\"},\"sameAs\":[\"https:\\\/\\\/www.facebook.com\\\/MonacoTribune\",\"https:\\\/\\\/x.com\\\/MonacoTribune\",\"https:\\\/\\\/www.instagram.com\\\/monacotribune\\\/\",\"https:\\\/\\\/www.linkedin.com\\\/company\\\/monaco-tribune\",\"https:\\\/\\\/www.youtube.com\\\/channel\\\/UCHle1MnG6hw1y4lWKijVbMA\"]}]}<\/script>\n<!-- \/ Yoast SEO Premium plugin. -->","yoast_head_json":{"title":"Arthur Leclerc - Monaco Tribune","robots":{"index":"index","follow":"follow","max-snippet":"max-snippet:-1","max-image-preview":"max-image-preview:large","max-video-preview":"max-video-preview:-1"},"canonical":"https:\/\/www.monaco-tribune.com\/it\/listing\/arthur-leclerc\/","og_locale":"it_IT","og_type":"article","og_title":"Arthur Leclerc","og_description":"Arthur Leclerc, nato il 14 ottobre 2000, \u00e8 un pilota di Monaco. \u00c8 il fratello minore del pilota della Scuderia Ferrari di Formula 1 Charles Leclerc. \u00c8 membro della Ferrari Driver Academy e prender\u00e0 parte al FIA F3 World Championship [&hellip;]","og_url":"https:\/\/www.monaco-tribune.com\/it\/listing\/arthur-leclerc\/","og_site_name":"Monaco Tribune","article_publisher":"https:\/\/www.facebook.com\/MonacoTribune","article_modified_time":"2021-01-28T08:57:32+00:00","og_image":[{"width":750,"height":500,"url":"https:\/\/www.monaco-tribune.com\/wp-content\/uploads\/2020\/05\/dwkstcmwkae5pu6.jpeg","type":"image\/jpeg"}],"twitter_card":"summary_large_image","twitter_site":"@MonacoTribune","schema":{"@context":"https:\/\/schema.org","@graph":[{"@type":"WebPage","@id":"https:\/\/www.monaco-tribune.com\/it\/listing\/arthur-leclerc\/","url":"https:\/\/www.monaco-tribune.com\/it\/listing\/arthur-leclerc\/","name":"Arthur Leclerc - Monaco Tribune","isPartOf":{"@id":"https:\/\/www.monaco-tribune.com\/it\/#website"},"primaryImageOfPage":{"@id":"https:\/\/www.monaco-tribune.com\/it\/listing\/arthur-leclerc\/#primaryimage"},"image":{"@id":"https:\/\/www.monaco-tribune.com\/it\/listing\/arthur-leclerc\/#primaryimage"},"thumbnailUrl":"https:\/\/www.monaco-tribune.com\/wp-content\/uploads\/2020\/05\/dwkstcmwkae5pu6.jpeg","datePublished":"2021-01-28T08:57:31+00:00","dateModified":"2021-01-28T08:57:32+00:00","breadcrumb":{"@id":"https:\/\/www.monaco-tribune.com\/it\/listing\/arthur-leclerc\/#breadcrumb"},"inLanguage":"it-IT","potentialAction":[{"@type":"ReadAction","target":["https:\/\/www.monaco-tribune.com\/it\/listing\/arthur-leclerc\/"]}]},{"@type":"ImageObject","inLanguage":"it-IT","@id":"https:\/\/www.monaco-tribune.com\/it\/listing\/arthur-leclerc\/#primaryimage","url":"https:\/\/www.monaco-tribune.com\/wp-content\/uploads\/2020\/05\/dwkstcmwkae5pu6.jpeg","contentUrl":"https:\/\/www.monaco-tribune.com\/wp-content\/uploads\/2020\/05\/dwkstcmwkae5pu6.jpeg","width":750,"height":500,"caption":"Arthur Leclerc"},{"@type":"BreadcrumbList","@id":"https:\/\/www.monaco-tribune.com\/it\/listing\/arthur-leclerc\/#breadcrumb","itemListElement":[{"@type":"ListItem","position":1,"name":"Accueil","item":"https:\/\/www.monaco-tribune.com\/it\/"},{"@type":"ListItem","position":2,"name":"Arthur Leclerc"}]},{"@type":"WebSite","@id":"https:\/\/www.monaco-tribune.com\/it\/#website","url":"https:\/\/www.monaco-tribune.com\/it\/","name":"Monaco Tribune","description":"Monaco : actualit\u00e9s \u00e9conomiques, politiques, culturelles et sportives de Monaco et de la French Riviera.","publisher":{"@id":"https:\/\/www.monaco-tribune.com\/it\/#organization"},"potentialAction":[{"@type":"SearchAction","target":{"@type":"EntryPoint","urlTemplate":"https:\/\/www.monaco-tribune.com\/it\/?s={search_term_string}"},"query-input":{"@type":"PropertyValueSpecification","valueRequired":true,"valueName":"search_term_string"}}],"inLanguage":"it-IT"},{"@type":"Organization","@id":"https:\/\/www.monaco-tribune.com\/it\/#organization","name":"Monaco Tribune","url":"https:\/\/www.monaco-tribune.com\/it\/","logo":{"@type":"ImageObject","inLanguage":"it-IT","@id":"https:\/\/www.monaco-tribune.com\/it\/#\/schema\/logo\/image\/","url":"https:\/\/www.monaco-tribune.com\/wp-content\/uploads\/2022\/11\/logo-monaco-tribune.png","contentUrl":"https:\/\/www.monaco-tribune.com\/wp-content\/uploads\/2022\/11\/logo-monaco-tribune.png","width":1548,"height":600,"caption":"Monaco Tribune"},"image":{"@id":"https:\/\/www.monaco-tribune.com\/it\/#\/schema\/logo\/image\/"},"sameAs":["https:\/\/www.facebook.com\/MonacoTribune","https:\/\/x.com\/MonacoTribune","https:\/\/www.instagram.com\/monacotribune\/","https:\/\/www.linkedin.com\/company\/monaco-tribune","https:\/\/www.youtube.com\/channel\/UCHle1MnG6hw1y4lWKijVbMA"]}]}},"_links":{"self":[{"href":"https:\/\/www.monaco-tribune.com\/it\/wp-json\/wp\/v2\/listing\/65558","targetHints":{"allow":["GET"]}}],"collection":[{"href":"https:\/\/www.monaco-tribune.com\/it\/wp-json\/wp\/v2\/listing"}],"about":[{"href":"https:\/\/www.monaco-tribune.com\/it\/wp-json\/wp\/v2\/types\/listing"}],"wp:featuredmedia":[{"embeddable":true,"href":"https:\/\/www.monaco-tribune.com\/it\/wp-json\/wp\/v2\/media\/27884"}],"wp:attachment":[{"href":"https:\/\/www.monaco-tribune.com\/it\/wp-json\/wp\/v2\/media?parent=65558"}],"wp:term":[{"taxonomy":"listing-category","embeddable":true,"href":"https:\/\/www.monaco-tribune.com\/it\/wp-json\/wp\/v2\/listing-category?post=65558"}],"curies":[{"name":"wp","href":"https:\/\/api.w.org\/{rel}","templated":true}]}}